{"id":397,"date":"2025-08-27T10:54:19","date_gmt":"2025-08-27T08:54:19","guid":{"rendered":"http:\/\/odyssart.org\/?page_id=397"},"modified":"2025-09-22T10:57:32","modified_gmt":"2025-09-22T08:57:32","slug":"laureats-odyssart-2023","status":"publish","type":"page","link":"http:\/\/odyssart.org\/en\/laureats-odyssart-2023\/","title":{"rendered":"2023 Grant recipients"},"content":{"rendered":"<p><\/p>\n\n\n\n<div class=\"wp-block-uagb-container uagb-block-9e1cf1c1 alignwide uagb-is-root-container\">\n<div class=\"wp-block-uagb-container uagb-block-5d95591b\">\n<div class=\"wp-block-uagb-advanced-heading uagb-block-152a8fd5\"><h2 class=\"uagb-heading-text\">8 grant-winning projects<\/h2><\/div>\n\n\n\n<p>The first edition of Odyssart honored 8 projects. The list of grant recipients was announced on Thursday, February 21, 2023.<\/p>\n<\/div>\n\n\n\n<div class=\"wp-block-uagb-container uagb-block-1c29ea86\">\n<figure class=\"wp-block-image size-large\"><img loading=\"lazy\" decoding=\"async\" width=\"1024\" height=\"682\" src=\"http:\/\/odyssart.org\/wp-content\/uploads\/2025\/08\/2024-04-24-OFQJ-Odyssart-036-1024x682.jpg\" alt=\"Laur\u00e9ats 2023\" class=\"wp-image-444\" srcset=\"https:\/\/odyssart.org\/wp-content\/uploads\/2025\/08\/2024-04-24-OFQJ-Odyssart-036-1024x682.jpg 1024w, https:\/\/odyssart.org\/wp-content\/uploads\/2025\/08\/2024-04-24-OFQJ-Odyssart-036-300x200.jpg 300w, https:\/\/odyssart.org\/wp-content\/uploads\/2025\/08\/2024-04-24-OFQJ-Odyssart-036-768x512.jpg 768w, https:\/\/odyssart.org\/wp-content\/uploads\/2025\/08\/2024-04-24-OFQJ-Odyssart-036-1536x1024.jpg 1536w, https:\/\/odyssart.org\/wp-content\/uploads\/2025\/08\/2024-04-24-OFQJ-Odyssart-036-18x12.jpg 18w, https:\/\/odyssart.org\/wp-content\/uploads\/2025\/08\/2024-04-24-OFQJ-Odyssart-036.jpg 2000w\" sizes=\"auto, (max-width: 1024px) 100vw, 1024px\" \/><\/figure>\n<\/div>\n<\/div>\n\n\n\n<div class=\"wp-block-uagb-container uagb-block-0b92183e alignfull uagb-is-root-container\"><div class=\"uagb-container-inner-blocks-wrap\">\n<div class=\"wp-block-uagb-container uagb-block-8dd8df3f\">\n<figure class=\"wp-block-image size-full has-custom-border\"><img loading=\"lazy\" decoding=\"async\" width=\"2560\" height=\"1440\" src=\"http:\/\/odyssart.org\/wp-content\/uploads\/2025\/08\/manitou-2023-scaled.jpeg\" alt=\"Manitou - Cie Banana Creations - Hublo\" class=\"wp-image-418\" style=\"border-radius:10px\" srcset=\"https:\/\/odyssart.org\/wp-content\/uploads\/2025\/08\/manitou-2023-scaled.jpeg 2560w, https:\/\/odyssart.org\/wp-content\/uploads\/2025\/08\/manitou-2023-300x169.jpeg 300w, https:\/\/odyssart.org\/wp-content\/uploads\/2025\/08\/manitou-2023-1024x576.jpeg 1024w, https:\/\/odyssart.org\/wp-content\/uploads\/2025\/08\/manitou-2023-768x432.jpeg 768w, https:\/\/odyssart.org\/wp-content\/uploads\/2025\/08\/manitou-2023-1536x864.jpeg 1536w, https:\/\/odyssart.org\/wp-content\/uploads\/2025\/08\/manitou-2023-2048x1152.jpeg 2048w, https:\/\/odyssart.org\/wp-content\/uploads\/2025\/08\/manitou-2023-18x10.jpeg 18w\" sizes=\"auto, (max-width: 2560px) 100vw, 2560px\" \/><\/figure>\n<\/div>\n\n\n\n<div class=\"wp-block-uagb-container uagb-block-49afe54e\">\n<div class=\"wp-block-uagb-advanced-heading uagb-block-712ddecf\"><h3 class=\"uagb-heading-text\">MANITOU<\/h3><\/div>\n\n\n\n<p style=\"margin-top:0;margin-right:0;margin-bottom:0;margin-left:0;padding-top:0;padding-right:0;padding-bottom:0;padding-left:0\"><strong>Adaptation d&rsquo;un spectacle jeune public m\u00ealant vid\u00e9o-projection, musique \u00e9lectronique et arts du r\u00e9cit, au format full D\u00f4me 360\u00b0.<\/strong><\/p>\n\n\n\n<p class=\"has-secondary-bg-background-color has-background\" style=\"border-radius:5px;margin-top:0;margin-bottom:0\"><a href=\"https:\/\/www.bananatragedie.com\">Association Banana Cr\u00e9ations<\/a>&nbsp;(France), en partenariat avec <a href=\"https:\/\/hubblo.ca\/\">Hubblo<\/a> (Canada)<\/p>\n\n\n\n<div class=\"wp-block-buttons is-content-justification-center is-layout-flex wp-container-core-buttons-is-layout-a89b3969 wp-block-buttons-is-layout-flex\">\n<div class=\"wp-block-button\"><a class=\"wp-block-button__link wp-element-button\" href=\"https:\/\/bananatragedie.com\/Productions\" target=\"_blank\" rel=\"noreferrer noopener\">Learn more<\/a><\/div>\n<\/div>\n\n\n\n<div class=\"wp-block-essential-blocks-social  root-eb-social-links-knr4p\"><div class=\"eb-parent-wrapper eb-parent-eb-social-links-knr4p\"><div class=\"eb-social-links-knr4p eb-social-links-wrapper\"><ul class=\"eb-socials\"><li><a class=\"facebook-f-original\" href=\"https:\/\/www.facebook.com\/bananatragedie\/\" target=\"_blank\" rel=\"noopener\" aria-label=\"social link\"><i class=\"hvr-icon eb-social-icon fab fa-facebook-f\"><\/i><\/a><\/li><li><a class=\"instagram-original\" href=\"https:\/\/www.instagram.com\/bananatragedie\/?hl=fr\" target=\"_blank\" rel=\"noopener\" aria-label=\"social link\"><i class=\"hvr-icon eb-social-icon fab fa-instagram\"><\/i><\/a><\/li><\/ul><\/div><\/div><\/div>\n<\/div>\n<\/div><\/div>\n\n\n\n<div class=\"wp-block-uagb-container uagb-block-eaf71268 alignfull uagb-is-root-container\"><div class=\"uagb-container-inner-blocks-wrap\">\n<div class=\"wp-block-uagb-container uagb-block-002f0020\">\n<div class=\"wp-block-uagb-advanced-heading uagb-block-12eebfaf\"><h3 class=\"uagb-heading-text\">Hudu<\/h3><\/div>\n\n\n\n<p style=\"margin-top:0;margin-right:0;margin-bottom:0;margin-left:0;padding-top:0;padding-right:0;padding-bottom:0;padding-left:0\"><strong>Cr\u00e9ation d\u2019un spectacle destin\u00e9 \u00e0 un jeune public ayant un trouble du spectre de l\u2019autisme ou une diff\u00e9rence intellectuelle, dans lequel musique live, danse et marionnettes se m\u00ealent pour que chaque sens soit stimul\u00e9.<\/strong><\/p>\n\n\n\n<p class=\"has-secondary-bg-background-color has-background\" style=\"border-radius:5px;margin-top:0;margin-bottom:0\"><a href=\"https:\/\/cie-aluma.com\/\">Compagnie Aluma<\/a> (Canada), en partenariat avec <a href=\"https:\/\/lelieudelautre.com\/\">Anis Gras &#8211; Le lieu de l&rsquo;Autre<\/a> (France)<\/p>\n\n\n\n<div class=\"wp-block-buttons is-content-justification-center is-layout-flex wp-container-core-buttons-is-layout-a89b3969 wp-block-buttons-is-layout-flex\">\n<div class=\"wp-block-button\"><a class=\"wp-block-button__link wp-element-button\" href=\"https:\/\/cie-aluma.com\/hudu\/\">Learn more<\/a><\/div>\n<\/div>\n\n\n\n<div class=\"wp-block-essential-blocks-social  root-eb-social-links-sf3qp\"><div class=\"eb-parent-wrapper eb-parent-eb-social-links-sf3qp\"><div class=\"eb-social-links-sf3qp eb-social-links-wrapper\"><ul class=\"eb-socials\"><li><a class=\"facebook-f-original\" href=\"https:\/\/www.facebook.com\/ciealuma\/\" target=\"_blank\" rel=\"noopener\" aria-label=\"social link\"><i class=\"hvr-icon eb-social-icon fab fa-facebook-f\"><\/i><\/a><\/li><li><a class=\"instagram-original\" href=\"https:\/\/www.instagram.com\/cie_aluma\/?hl=fr\" target=\"_blank\" rel=\"noopener\" aria-label=\"social link\"><i class=\"hvr-icon eb-social-icon fab fa-instagram\"><\/i><\/a><\/li><\/ul><\/div><\/div><\/div>\n<\/div>\n\n\n\n<div class=\"wp-block-uagb-container uagb-block-4b66f960\">\n<figure class=\"wp-block-image size-full has-custom-border\"><img loading=\"lazy\" decoding=\"async\" width=\"1429\" height=\"806\" src=\"http:\/\/odyssart.org\/wp-content\/uploads\/2025\/08\/hudu-2023.jpeg\" alt=\"Hudu - Cie Aluma - Anis gras, le lieu de l'Autre\" class=\"wp-image-421\" style=\"border-radius:10px\" srcset=\"https:\/\/odyssart.org\/wp-content\/uploads\/2025\/08\/hudu-2023.jpeg 1429w, https:\/\/odyssart.org\/wp-content\/uploads\/2025\/08\/hudu-2023-300x169.jpeg 300w, https:\/\/odyssart.org\/wp-content\/uploads\/2025\/08\/hudu-2023-1024x578.jpeg 1024w, https:\/\/odyssart.org\/wp-content\/uploads\/2025\/08\/hudu-2023-768x433.jpeg 768w, https:\/\/odyssart.org\/wp-content\/uploads\/2025\/08\/hudu-2023-18x10.jpeg 18w\" sizes=\"auto, (max-width: 1429px) 100vw, 1429px\" \/><\/figure>\n<\/div>\n<\/div><\/div>\n\n\n\n<div class=\"wp-block-uagb-container uagb-block-f166248d alignfull uagb-is-root-container\"><div class=\"uagb-container-inner-blocks-wrap\">\n<div class=\"wp-block-uagb-container uagb-block-ced64000\">\n<figure class=\"wp-block-image size-large has-custom-border\"><img loading=\"lazy\" decoding=\"async\" width=\"1024\" height=\"576\" src=\"http:\/\/odyssart.org\/wp-content\/uploads\/2025\/08\/rencontre-meduses-2023-1024x576.jpeg\" alt=\"A la rencontre des m\u00e9duses - Cie Sospeso, Association Infini d'Arts, Bigico\" class=\"wp-image-440\" style=\"border-radius:10px\" srcset=\"https:\/\/odyssart.org\/wp-content\/uploads\/2025\/08\/rencontre-meduses-2023-1024x576.jpeg 1024w, https:\/\/odyssart.org\/wp-content\/uploads\/2025\/08\/rencontre-meduses-2023-300x169.jpeg 300w, https:\/\/odyssart.org\/wp-content\/uploads\/2025\/08\/rencontre-meduses-2023-768x432.jpeg 768w, https:\/\/odyssart.org\/wp-content\/uploads\/2025\/08\/rencontre-meduses-2023-18x10.jpeg 18w, https:\/\/odyssart.org\/wp-content\/uploads\/2025\/08\/rencontre-meduses-2023.jpeg 1440w\" sizes=\"auto, (max-width: 1024px) 100vw, 1024px\" \/><\/figure>\n<\/div>\n\n\n\n<div class=\"wp-block-uagb-container uagb-block-db8c5f42\">\n<div class=\"wp-block-uagb-advanced-heading uagb-block-64285dc9\"><h3 class=\"uagb-heading-text\">\u00c0 la rencontre des M\u00e9duses<\/h3><\/div>\n\n\n\n<p style=\"margin-top:0;margin-right:0;margin-bottom:0;margin-left:0;padding-top:0;padding-right:0;padding-bottom:0;padding-left:0\"><strong>Ce projet documentaire est une intrusion dans le processus de cr\u00e9ation d&rsquo;un duo de danse rythmique et percussive, alliant danse contemporaine et gigue qu\u00e9b\u00e9coise. <\/strong><\/p>\n\n\n\n<p class=\"has-secondary-bg-background-color has-background\" style=\"border-radius:5px;margin-top:0;margin-bottom:0\"><a href=\"https:\/\/www.compagniesospeso.fr\">Association Infini d\u2019Arts \u2013 Compagnie Sospeso<\/a> (France), en partenariat avec <a href=\"https:\/\/bigico.ca\/\" data-type=\"link\" data-id=\"https:\/\/bigico.ca\/\">BIGICO<\/a> (Canada).<\/p>\n\n\n\n<div class=\"wp-block-buttons is-content-justification-center is-layout-flex wp-container-core-buttons-is-layout-a89b3969 wp-block-buttons-is-layout-flex\">\n<div class=\"wp-block-button\"><a class=\"wp-block-button__link wp-element-button\" href=\"https:\/\/www.compagniesospeso.fr\/meduses\/\" target=\"_blank\" rel=\"noreferrer noopener\">Learn more<\/a><\/div>\n<\/div>\n\n\n\n<div class=\"wp-block-essential-blocks-social  root-eb-social-links-4k2i1\"><div class=\"eb-parent-wrapper eb-parent-eb-social-links-4k2i1\"><div class=\"eb-social-links-4k2i1 eb-social-links-wrapper\"><ul class=\"eb-socials\"><li><a class=\"facebook-f-original\" href=\"https:\/\/www.facebook.com\/compagniesospeso\" target=\"_blank\" rel=\"noopener\" aria-label=\"social link\"><i class=\"hvr-icon eb-social-icon fab fa-facebook-f\"><\/i><\/a><\/li><li><a class=\"instagram-original\" href=\"https:\/\/www.instagram.com\/compagniesospeso\/\" target=\"_blank\" rel=\"noopener\" aria-label=\"social link\"><i class=\"hvr-icon eb-social-icon fab fa-instagram\"><\/i><\/a><\/li><li><a class=\"youtube-original\" href=\"https:\/\/www.youtube.com\/@CompagnieSospeso\" target=\"_blank\" rel=\"noopener\" aria-label=\"social link\"><i class=\"hvr-icon eb-social-icon fab fa-youtube\"><\/i><\/a><\/li><\/ul><\/div><\/div><\/div>\n<\/div>\n<\/div><\/div>\n\n\n\n<div class=\"wp-block-uagb-container uagb-block-a7fc6aaa alignfull uagb-is-root-container\"><div class=\"uagb-container-inner-blocks-wrap\">\n<div class=\"wp-block-uagb-container uagb-block-82685570\">\n<div class=\"wp-block-uagb-advanced-heading uagb-block-00f00bc6\"><h3 class=\"uagb-heading-text\">Cr\u00e9ation de l\u2019album \u00ab\u00a0briller\u00a0\u00bb<\/h3><\/div>\n\n\n\n<p style=\"margin-top:0;margin-right:0;margin-bottom:0;margin-left:0;padding-top:0;padding-right:0;padding-bottom:0;padding-left:0\"><strong>Cr\u00e9ation du 1er album de Cyrious, aux textes francophones et compos\u00e9 par des musiciens des deux territoires, le tout inspir\u00e9 et r\u00e9alis\u00e9 au Qu\u00e9bec.<\/strong><\/p>\n\n\n\n<p class=\"has-secondary-bg-background-color has-background\" style=\"border-radius:5px;margin-top:0;margin-bottom:0\"><a href=\"https:\/\/www.instagram.com\/p\/DFptoREtMRX\/\">Association Le Fourneau Music<\/a> (France), en partenariat avec le studio <a href=\"https:\/\/www.instagram.com\/hydrophonikrecords\/\" data-type=\"link\" data-id=\"https:\/\/www.instagram.com\/hydrophonikrecords\/\">Hydrophonik<\/a> (Canada)<\/p>\n\n\n\n<div class=\"wp-block-buttons is-content-justification-center is-layout-flex wp-container-core-buttons-is-layout-a89b3969 wp-block-buttons-is-layout-flex\">\n<div class=\"wp-block-button\"><a class=\"wp-block-button__link wp-element-button\" href=\"https:\/\/cyrious.fr\/\" target=\"_blank\" rel=\"noreferrer noopener\">Learn more<\/a><\/div>\n<\/div>\n\n\n\n<div class=\"wp-block-essential-blocks-social  root-eb-social-links-0v3lx\"><div class=\"eb-parent-wrapper eb-parent-eb-social-links-0v3lx\"><div class=\"eb-social-links-0v3lx eb-social-links-wrapper\"><ul class=\"eb-socials\"><li><a class=\"facebook-f-original\" href=\"https:\/\/www.facebook.com\/CYRIOUSOFFICIEL\/?locale=fr_FR\" target=\"_blank\" rel=\"noopener\" aria-label=\"social link\"><i class=\"hvr-icon eb-social-icon fab fa-facebook-f\"><\/i><\/a><\/li><li><a class=\"instagram-original\" href=\"https:\/\/www.instagram.com\/cyrious.ly\/\" target=\"_blank\" rel=\"noopener\" aria-label=\"social link\"><i class=\"hvr-icon eb-social-icon fab fa-instagram\"><\/i><\/a><\/li><li><a class=\"youtube-original\" href=\"https:\/\/www.youtube.com\/channel\/UCCkX_h4OkUxz91slzeRd5dQ\" target=\"_blank\" rel=\"noopener\" aria-label=\"social link\"><i class=\"hvr-icon eb-social-icon fab fa-youtube\"><\/i><\/a><\/li><li><a class=\"spotify-original\" href=\"https:\/\/open.spotify.com\/intl-fr\/artist\/10R8HhoKD4eaUdAI53gdlm\" target=\"_blank\" rel=\"noopener\" aria-label=\"social link\"><i class=\"hvr-icon eb-social-icon fab fa-spotify\"><\/i><\/a><\/li><\/ul><\/div><\/div><\/div>\n<\/div>\n\n\n\n<div class=\"wp-block-uagb-container uagb-block-3ecfd1db\">\n<figure class=\"wp-block-image size-full has-custom-border\"><img loading=\"lazy\" decoding=\"async\" width=\"2000\" height=\"1125\" src=\"http:\/\/odyssart.org\/wp-content\/uploads\/2025\/08\/briller-cyrious-1.jpg\" alt=\"Association Le Fourneau\" class=\"wp-image-419\" style=\"border-radius:10px\" srcset=\"https:\/\/odyssart.org\/wp-content\/uploads\/2025\/08\/briller-cyrious-1.jpg 2000w, https:\/\/odyssart.org\/wp-content\/uploads\/2025\/08\/briller-cyrious-1-300x169.jpg 300w, https:\/\/odyssart.org\/wp-content\/uploads\/2025\/08\/briller-cyrious-1-1024x576.jpg 1024w, https:\/\/odyssart.org\/wp-content\/uploads\/2025\/08\/briller-cyrious-1-768x432.jpg 768w, https:\/\/odyssart.org\/wp-content\/uploads\/2025\/08\/briller-cyrious-1-1536x864.jpg 1536w, https:\/\/odyssart.org\/wp-content\/uploads\/2025\/08\/briller-cyrious-1-18x10.jpg 18w\" sizes=\"auto, (max-width: 2000px) 100vw, 2000px\" \/><\/figure>\n<\/div>\n<\/div><\/div>\n\n\n\n<div class=\"wp-block-uagb-container uagb-block-1ed168c6 alignfull uagb-is-root-container\"><div class=\"uagb-container-inner-blocks-wrap\">\n<div class=\"wp-block-uagb-container uagb-block-9bc90a2d\">\n<figure class=\"wp-block-image size-large has-custom-border\"><img loading=\"lazy\" decoding=\"async\" width=\"1024\" height=\"576\" src=\"http:\/\/odyssart.org\/wp-content\/uploads\/2025\/08\/ohisse-2023-1024x576.jpg\" alt=\"\" class=\"wp-image-425\" style=\"border-radius:10px\" srcset=\"https:\/\/odyssart.org\/wp-content\/uploads\/2025\/08\/ohisse-2023-1024x576.jpg 1024w, https:\/\/odyssart.org\/wp-content\/uploads\/2025\/08\/ohisse-2023-300x169.jpg 300w, https:\/\/odyssart.org\/wp-content\/uploads\/2025\/08\/ohisse-2023-768x432.jpg 768w, https:\/\/odyssart.org\/wp-content\/uploads\/2025\/08\/ohisse-2023-1536x864.jpg 1536w, https:\/\/odyssart.org\/wp-content\/uploads\/2025\/08\/ohisse-2023-2048x1152.jpg 2048w, https:\/\/odyssart.org\/wp-content\/uploads\/2025\/08\/ohisse-2023-18x10.jpg 18w\" sizes=\"auto, (max-width: 1024px) 100vw, 1024px\" \/><\/figure>\n<\/div>\n\n\n\n<div class=\"wp-block-uagb-container uagb-block-37b94f9a\">\n<div class=\"wp-block-uagb-advanced-heading uagb-block-b4022368\"><h3 class=\"uagb-heading-text\">La Fabrique des 35 jours<\/h3><\/div>\n\n\n\n<p style=\"margin-top:0;margin-right:0;margin-bottom:0;margin-left:0;padding-top:0;padding-right:0;padding-bottom:0;padding-left:0\"><strong>R\u00e9sidence de cr\u00e9ation en design participatif, \u00e0 la fronti\u00e8re entre installations in situ en nature, studio d\u2019exp\u00e9rimentation et espace de m\u00e9diation culturelle.<\/strong><\/p>\n\n\n\n<p class=\"has-secondary-bg-background-color has-background\" style=\"border-radius:5px;margin-top:0;margin-bottom:0\"><a href=\"https:\/\/www.ohisse.ca\">Atelier Ohisse<\/a> (Canada), en partenariat avec <a href=\"http:\/\/hermitagelab.com\/\">Hermitage Lab<\/a> (France)<\/p>\n\n\n\n<div class=\"wp-block-buttons is-content-justification-center is-layout-flex wp-container-core-buttons-is-layout-a89b3969 wp-block-buttons-is-layout-flex\">\n<div class=\"wp-block-button\"><a class=\"wp-block-button__link wp-element-button\" href=\"https:\/\/www.ohisse.ca\/projet\/odyssart\" target=\"_blank\" rel=\"noreferrer noopener\">Learn more<\/a><\/div>\n<\/div>\n\n\n\n<div class=\"wp-block-essential-blocks-social  root-eb-social-links-w7wxe\"><div class=\"eb-parent-wrapper eb-parent-eb-social-links-w7wxe\"><div class=\"eb-social-links-w7wxe eb-social-links-wrapper\"><ul class=\"eb-socials\"><li><a class=\"instagram-original\" href=\"https:\/\/www.instagram.com\/ohisse_\/\" target=\"_blank\" rel=\"noopener\" aria-label=\"social link\"><i class=\"hvr-icon eb-social-icon fab fa-instagram\"><\/i><\/a><\/li><li><a class=\"linkedin-original\" href=\"https:\/\/www.linkedin.com\/company\/ohisse\/posts\/?feedView=all\" target=\"_blank\" rel=\"noopener\" aria-label=\"social link\"><i class=\"hvr-icon eb-social-icon fab fa-linkedin\"><\/i><\/a><\/li><\/ul><\/div><\/div><\/div>\n<\/div>\n<\/div><\/div>\n\n\n\n<div class=\"wp-block-uagb-container uagb-block-1b4668ed alignfull uagb-is-root-container\"><div class=\"uagb-container-inner-blocks-wrap\">\n<div class=\"wp-block-uagb-container uagb-block-c0f248d9\">\n<div class=\"wp-block-uagb-advanced-heading uagb-block-24922153\"><h3 class=\"uagb-heading-text\">Flemme !<\/h3><\/div>\n\n\n\n<p style=\"margin-top:0;margin-right:0;margin-bottom:0;margin-left:0;padding-top:0;padding-right:0;padding-bottom:0;padding-left:0\"><strong>Cr\u00e9ation d\u2019un diptyque autour du th\u00e8me de la flemme, aux c\u00f4t\u00e9s d\u2019adolescents qu\u00e9becois et fran\u00e7ais.<\/strong><\/p>\n\n\n\n<p class=\"has-secondary-bg-background-color has-background\" style=\"border-radius:5px;margin-top:0;margin-bottom:0\"><a href=\"https:\/\/institout.org\/\" data-type=\"link\" data-id=\"https:\/\/institout.org\/\">Compagnie Institout<\/a> (France), en partenariat avec <a href=\"https:\/\/rtados.qc.ca\/\" data-type=\"link\" data-id=\"https:\/\/rtados.qc.ca\/\">Rencontre Th\u00e9\u00e2tre Ados<\/a> (Canada)<\/p>\n\n\n\n<div class=\"wp-block-buttons is-content-justification-center is-layout-flex wp-container-core-buttons-is-layout-a89b3969 wp-block-buttons-is-layout-flex\">\n<div class=\"wp-block-button\"><a class=\"wp-block-button__link wp-element-button\" href=\"https:\/\/institout.org\/spectacles\/flemme\/\" target=\"_blank\" rel=\"noreferrer noopener\">Learn more<\/a><\/div>\n<\/div>\n\n\n\n<div class=\"wp-block-essential-blocks-social  root-eb-social-links-dckt5\"><div class=\"eb-parent-wrapper eb-parent-eb-social-links-dckt5\"><div class=\"eb-social-links-dckt5 eb-social-links-wrapper\"><ul class=\"eb-socials\"><li><a class=\"instagram-original\" href=\"https:\/\/www.instagram.com\/cie_institout\/\" target=\"_blank\" rel=\"noopener\" aria-label=\"social link\"><i class=\"hvr-icon eb-social-icon fab fa-instagram\"><\/i><\/a><\/li><li><a class=\"square-facebook-original\" href=\"https:\/\/www.facebook.com\/www.cieinstitout.org\/\" target=\"_blank\" rel=\"noopener\" aria-label=\"social link\"><i class=\"hvr-icon eb-social-icon fab fa-square-facebook\"><\/i><\/a><\/li><\/ul><\/div><\/div><\/div>\n<\/div>\n\n\n\n<div class=\"wp-block-uagb-container uagb-block-2f8d3d19\">\n<figure class=\"wp-block-image size-full has-custom-border\"><img loading=\"lazy\" decoding=\"async\" width=\"828\" height=\"466\" src=\"http:\/\/odyssart.org\/wp-content\/uploads\/2025\/08\/institout-2023.jpeg\" alt=\"\" class=\"wp-image-422\" style=\"border-radius:10px\" srcset=\"https:\/\/odyssart.org\/wp-content\/uploads\/2025\/08\/institout-2023.jpeg 828w, https:\/\/odyssart.org\/wp-content\/uploads\/2025\/08\/institout-2023-300x169.jpeg 300w, https:\/\/odyssart.org\/wp-content\/uploads\/2025\/08\/institout-2023-768x432.jpeg 768w, https:\/\/odyssart.org\/wp-content\/uploads\/2025\/08\/institout-2023-18x10.jpeg 18w\" sizes=\"auto, (max-width: 828px) 100vw, 828px\" \/><\/figure>\n<\/div>\n<\/div><\/div>\n\n\n\n<div class=\"wp-block-uagb-container uagb-block-395f5bb6 alignfull uagb-is-root-container\"><div class=\"uagb-container-inner-blocks-wrap\">\n<div class=\"wp-block-uagb-container uagb-block-90208b9a\">\n<figure class=\"wp-block-image size-full has-custom-border\"><img loading=\"lazy\" decoding=\"async\" width=\"2560\" height=\"1439\" src=\"http:\/\/odyssart.org\/wp-content\/uploads\/2025\/08\/gravir-2023-scaled.jpeg\" alt=\"\" class=\"wp-image-420\" style=\"border-radius:10px\" srcset=\"https:\/\/odyssart.org\/wp-content\/uploads\/2025\/08\/gravir-2023-scaled.jpeg 2560w, https:\/\/odyssart.org\/wp-content\/uploads\/2025\/08\/gravir-2023-300x169.jpeg 300w, https:\/\/odyssart.org\/wp-content\/uploads\/2025\/08\/gravir-2023-1024x576.jpeg 1024w, https:\/\/odyssart.org\/wp-content\/uploads\/2025\/08\/gravir-2023-768x432.jpeg 768w, https:\/\/odyssart.org\/wp-content\/uploads\/2025\/08\/gravir-2023-1536x863.jpeg 1536w, https:\/\/odyssart.org\/wp-content\/uploads\/2025\/08\/gravir-2023-2048x1151.jpeg 2048w, https:\/\/odyssart.org\/wp-content\/uploads\/2025\/08\/gravir-2023-18x10.jpeg 18w\" sizes=\"auto, (max-width: 2560px) 100vw, 2560px\" \/><\/figure>\n<\/div>\n\n\n\n<div class=\"wp-block-uagb-container uagb-block-98c9a308\">\n<div class=\"wp-block-uagb-advanced-heading uagb-block-1b854ae0\"><h3 class=\"uagb-heading-text\">gravir<\/h3><\/div>\n\n\n\n<p style=\"margin-top:0;margin-right:0;margin-bottom:0;margin-left:0;padding-top:0;padding-right:0;padding-bottom:0;padding-left:0\"><strong>Diffusion au Canada d&rsquo;un spectacle de cadre a\u00e9rien au caract\u00e8re comique.<\/strong><\/p>\n\n\n\n<p class=\"has-secondary-bg-background-color has-background\" style=\"border-radius:5px;margin-top:0;margin-bottom:0\"><a href=\"https:\/\/www.quatfers.com\/\">Les quat&rsquo;fers en l&rsquo;air<\/a> (France), en partenariat avec <a href=\"https:\/\/lefestif.ca\/\" data-type=\"link\" data-id=\"https:\/\/lefestif.ca\/\">Le Festif! de Baie-Saint-Paul<\/a> (Canada)<\/p>\n\n\n\n<div class=\"wp-block-buttons is-content-justification-center is-layout-flex wp-container-core-buttons-is-layout-a89b3969 wp-block-buttons-is-layout-flex\">\n<div class=\"wp-block-button\"><a class=\"wp-block-button__link wp-element-button\" href=\"https:\/\/www.quatfers.com\/gravir\">Learn more<\/a><\/div>\n<\/div>\n\n\n\n<div class=\"wp-block-essential-blocks-social  root-eb-social-links-26hsw\"><div class=\"eb-parent-wrapper eb-parent-eb-social-links-26hsw\"><div class=\"eb-social-links-26hsw eb-social-links-wrapper\"><ul class=\"eb-socials\"><li><a class=\"instagram-original\" href=\"https:\/\/www.instagram.com\/lesquatfers\/?hl=fr\" target=\"_blank\" rel=\"noopener\" aria-label=\"social link\"><i class=\"hvr-icon eb-social-icon fab fa-instagram\"><\/i><\/a><\/li><li><a class=\"square-facebook-original\" href=\"https:\/\/www.facebook.com\/people\/Les-Quat-fers-en-lair\/100063855664402\/\" target=\"_blank\" rel=\"noopener\" aria-label=\"social link\"><i class=\"hvr-icon eb-social-icon fab fa-square-facebook\"><\/i><\/a><\/li><\/ul><\/div><\/div><\/div>\n<\/div>\n<\/div><\/div>\n\n\n\n<div class=\"wp-block-uagb-container uagb-block-59245f0c alignfull uagb-is-root-container\"><div class=\"uagb-container-inner-blocks-wrap\">\n<div class=\"wp-block-uagb-container uagb-block-a737f148\">\n<div class=\"wp-block-uagb-advanced-heading uagb-block-733c234d\"><h3 class=\"uagb-heading-text\">\u00c0 la recherche du Petit Prince<\/h3><\/div>\n\n\n\n<p style=\"margin-top:0;margin-right:0;margin-bottom:0;margin-left:0;padding-top:0;padding-right:0;padding-bottom:0;padding-left:0\"><strong>Projet de recherche photographique sur les traces d\u2019Antoine de Saint-Exup\u00e9ry, par la collecte d\u2019archives et la rencontre avec les lecteurs.<\/strong><\/p>\n\n\n\n<p class=\"has-secondary-bg-background-color has-background\" style=\"border-radius:5px;margin-top:0;margin-bottom:0\"><a href=\"https:\/\/www.leondubois.fr\/\"><a href=\"https:\/\/www.leondubois.fr\/\">L\u00e9on Dubois<\/a><\/a> (France), en partenariat avec <a href=\"https:\/\/www.facebook.com\/consulfranceatlantiques\/?locale=fr_FR\">Consulat G\u00e9n\u00e9ral de France \u00e0 Moncton et Halifax<\/a> (Canada)<\/p>\n\n\n\n<div class=\"wp-block-buttons is-content-justification-center is-layout-flex wp-container-core-buttons-is-layout-a89b3969 wp-block-buttons-is-layout-flex\">\n<div class=\"wp-block-button\"><a class=\"wp-block-button__link wp-element-button\" href=\"https:\/\/www.leondubois.fr\/petitprince\" target=\"_blank\" rel=\"noreferrer noopener\">Learn more<\/a><\/div>\n<\/div>\n\n\n\n<div class=\"wp-block-essential-blocks-social  root-eb-social-links-8hrds\"><div class=\"eb-parent-wrapper eb-parent-eb-social-links-8hrds\"><div class=\"eb-social-links-8hrds eb-social-links-wrapper\"><ul class=\"eb-socials\"><li><a class=\"instagram-original\" href=\"https:\/\/www.instagram.com\/leondubois\/\" target=\"_blank\" rel=\"noopener\" aria-label=\"social link\"><i class=\"hvr-icon eb-social-icon fab fa-instagram\"><\/i><\/a><\/li><\/ul><\/div><\/div><\/div>\n<\/div>\n\n\n\n<div class=\"wp-block-uagb-container uagb-block-7d061386\">\n<figure class=\"wp-block-image size-full has-custom-border\"><img loading=\"lazy\" decoding=\"async\" width=\"960\" height=\"540\" src=\"http:\/\/odyssart.org\/wp-content\/uploads\/2025\/08\/leon-dubois-petit-prince-2023.jpeg\" alt=\"\" class=\"wp-image-424\" style=\"border-radius:10px\" srcset=\"https:\/\/odyssart.org\/wp-content\/uploads\/2025\/08\/leon-dubois-petit-prince-2023.jpeg 960w, https:\/\/odyssart.org\/wp-content\/uploads\/2025\/08\/leon-dubois-petit-prince-2023-300x169.jpeg 300w, https:\/\/odyssart.org\/wp-content\/uploads\/2025\/08\/leon-dubois-petit-prince-2023-768x432.jpeg 768w, https:\/\/odyssart.org\/wp-content\/uploads\/2025\/08\/leon-dubois-petit-prince-2023-18x10.jpeg 18w\" sizes=\"auto, (max-width: 960px) 100vw, 960px\" \/><\/figure>\n<\/div>\n<\/div><\/div>\n\n\n\n<p><\/p>","protected":false},"excerpt":{"rendered":"<p>8 projets laur\u00e9ats La premi\u00e8re \u00e9dition d&rsquo;Odyssart a r\u00e9compens\u00e9 8 projets. La liste des laur\u00e9ats a \u00e9t\u00e9 d\u00e9voil\u00e9e le jeudi 21 f\u00e9vrier 2023. MANITOU Adaptation d&rsquo;un spectacle jeune public m\u00ealant [&hellip;]<\/p>\n","protected":false},"author":3,"featured_media":683,"parent":0,"menu_order":0,"comment_status":"closed","ping_status":"closed","template":"","meta":{"_eb_attr":"","_uag_custom_page_level_css":"","advanced_seo_description":"","jetpack_seo_html_title":"","jetpack_seo_noindex":false,"_EventAllDay":false,"_EventTimezone":"","_EventStartDate":"","_EventEndDate":"","_EventStartDateUTC":"","_EventEndDateUTC":"","_EventShowMap":false,"_EventShowMapLink":false,"_EventURL":"","_EventCost":"","_EventCostDescription":"","_EventCurrencySymbol":"","_EventCurrencyCode":"","_EventCurrencyPosition":"","_EventDateTimeSeparator":"","_EventTimeRangeSeparator":"","_EventOrganizerID":[],"_EventVenueID":[],"_OrganizerEmail":"","_OrganizerPhone":"","_OrganizerWebsite":"","_VenueAddress":"","_VenueCity":"","_VenueCountry":"","_VenueProvince":"","_VenueState":"","_VenueZip":"","_VenuePhone":"","_VenueURL":"","_VenueStateProvince":"","_VenueLat":"","_VenueLng":"","_VenueShowMap":false,"_VenueShowMapLink":false,"footnotes":""},"class_list":["post-397","page","type-page","status-publish","has-post-thumbnail","hentry"],"uagb_featured_image_src":{"full":["https:\/\/odyssart.org\/wp-content\/uploads\/2025\/09\/ODYSSART_ROUGE_BLEU_-scaled.jpg",2560,1089,false],"thumbnail":["https:\/\/odyssart.org\/wp-content\/uploads\/2025\/09\/ODYSSART_ROUGE_BLEU_-150x150.jpg",150,150,true],"medium":["https:\/\/odyssart.org\/wp-content\/uploads\/2025\/09\/ODYSSART_ROUGE_BLEU_-300x128.jpg",300,128,true],"medium_large":["https:\/\/odyssart.org\/wp-content\/uploads\/2025\/09\/ODYSSART_ROUGE_BLEU_-768x327.jpg",768,327,true],"large":["https:\/\/odyssart.org\/wp-content\/uploads\/2025\/09\/ODYSSART_ROUGE_BLEU_-1024x436.jpg",1024,436,true],"1536x1536":["https:\/\/odyssart.org\/wp-content\/uploads\/2025\/09\/ODYSSART_ROUGE_BLEU_-1536x653.jpg",1536,653,true],"2048x2048":["https:\/\/odyssart.org\/wp-content\/uploads\/2025\/09\/ODYSSART_ROUGE_BLEU_-2048x871.jpg",2048,871,true],"trp-custom-language-flag":["https:\/\/odyssart.org\/wp-content\/uploads\/2025\/09\/ODYSSART_ROUGE_BLEU_-18x8.jpg",18,8,true]},"uagb_author_info":{"display_name":"C\u00e9line Lespagnol","author_link":"http:\/\/odyssart.org\/en\/author\/celine\/"},"uagb_comment_info":0,"uagb_excerpt":"8 projets laur\u00e9ats La premi\u00e8re \u00e9dition d&rsquo;Odyssart a r\u00e9compens\u00e9 8 projets. La liste des laur\u00e9ats a \u00e9t\u00e9 d\u00e9voil\u00e9e le jeudi 21 f\u00e9vrier 2023. MANITOU Adaptation d&rsquo;un spectacle jeune public m\u00ealant [&hellip;]","jetpack_sharing_enabled":true,"jetpack-related-posts":[{"id":339,"url":"http:\/\/odyssart.org\/en\/laureats-odyssart-2024\/","url_meta":{"origin":397,"position":0},"title":"2024 Grant recipients","author":"C\u00e9line Lespagnol","date":"26\/08\/2025","format":false,"excerpt":"11 projets laur\u00e9ats Pour sa deuxi\u00e8me \u00e9dition, Odyssart a r\u00e9compens\u00e9 11 projets d\u2019une grande diversit\u00e9, choisis pour leur qualit\u00e9 artistique et leur originalit\u00e9. La liste des 11 laur\u00e9ats a \u00e9t\u00e9 d\u00e9voil\u00e9e le jeudi 18 janvier 2024. L\u2019harmonie de notre absence Cr\u00e9ation originale de l'artiste Paul Vivien alliant dioramas, d\u00e9croissance technologique\u2026","rel":"","context":"Similar post","block_context":{"text":"Similar post","link":""},"img":{"alt_text":"Odussart 2024","src":"https:\/\/i0.wp.com\/odyssart.org\/wp-content\/uploads\/2025\/09\/Partage-Odyssart.png?resize=350%2C200&ssl=1","width":350,"height":200,"srcset":"https:\/\/i0.wp.com\/odyssart.org\/wp-content\/uploads\/2025\/09\/Partage-Odyssart.png?resize=350%2C200&ssl=1 1x, https:\/\/i0.wp.com\/odyssart.org\/wp-content\/uploads\/2025\/09\/Partage-Odyssart.png?resize=525%2C300&ssl=1 1.5x, https:\/\/i0.wp.com\/odyssart.org\/wp-content\/uploads\/2025\/09\/Partage-Odyssart.png?resize=700%2C400&ssl=1 2x, https:\/\/i0.wp.com\/odyssart.org\/wp-content\/uploads\/2025\/09\/Partage-Odyssart.png?resize=1050%2C600&ssl=1 3x"},"classes":[]},{"id":30,"url":"http:\/\/odyssart.org\/en\/laureats-odyssart-2025\/","url_meta":{"origin":397,"position":1},"title":"2025 Grant recipients","author":"admin3046","date":"18\/08\/2025","format":false,"excerpt":"12 projets laur\u00e9ats La troisi\u00e8me \u00e9dition de l\u2019appel \u00e0 projets Odyssart a rendu son verdict pour l\u2019ann\u00e9e 2025. Douze projets ont \u00e9t\u00e9 s\u00e9lectionn\u00e9s pour leur qualit\u00e9 artistique, leur originalit\u00e9 et leur diversit\u00e9. La liste des laur\u00e9ats a \u00e9t\u00e9 d\u00e9voil\u00e9e le 9 janvier 2025. Ce que je sais de toi R\u00e9sidences\u2026","rel":"","context":"Similar post","block_context":{"text":"Similar post","link":""},"img":{"alt_text":"Odyssart 2025","src":"https:\/\/i0.wp.com\/odyssart.org\/wp-content\/uploads\/2025\/09\/Logo-Odyssart-2025.png?resize=350%2C200&ssl=1","width":350,"height":200,"srcset":"https:\/\/i0.wp.com\/odyssart.org\/wp-content\/uploads\/2025\/09\/Logo-Odyssart-2025.png?resize=350%2C200&ssl=1 1x, https:\/\/i0.wp.com\/odyssart.org\/wp-content\/uploads\/2025\/09\/Logo-Odyssart-2025.png?resize=525%2C300&ssl=1 1.5x, https:\/\/i0.wp.com\/odyssart.org\/wp-content\/uploads\/2025\/09\/Logo-Odyssart-2025.png?resize=700%2C400&ssl=1 2x"},"classes":[]},{"id":737,"url":"http:\/\/odyssart.org\/en\/laureats-2026\/","url_meta":{"origin":397,"position":2},"title":"Laur\u00e9ats 2026","author":"admin3046","date":"16\/12\/2025","format":false,"excerpt":"12 projets laur\u00e9ats La quatri\u00e8me \u00e9dition de l\u2019appel \u00e0 projets Odyssart a rendu son verdict ! Douze projets ont \u00e9t\u00e9 s\u00e9lectionn\u00e9s pour leur qualit\u00e9 artistique, leur originalit\u00e9 et leur diversit\u00e9. La liste des laur\u00e9ats a \u00e9t\u00e9 d\u00e9voil\u00e9e le 16 d\u00e9cembre 2025. Atelier \u00c9cluse (Canada), en partenariat avec l'\u00c9cole Estienne (France)\u2026","rel":"","context":"Similar post","block_context":{"text":"Similar post","link":""},"img":{"alt_text":"Logo Odyssart 2026","src":"https:\/\/i0.wp.com\/odyssart.org\/wp-content\/uploads\/2025\/12\/Logo-Odyssart-2026.png?resize=350%2C200&ssl=1","width":350,"height":200,"srcset":"https:\/\/i0.wp.com\/odyssart.org\/wp-content\/uploads\/2025\/12\/Logo-Odyssart-2026.png?resize=350%2C200&ssl=1 1x, https:\/\/i0.wp.com\/odyssart.org\/wp-content\/uploads\/2025\/12\/Logo-Odyssart-2026.png?resize=525%2C300&ssl=1 1.5x, https:\/\/i0.wp.com\/odyssart.org\/wp-content\/uploads\/2025\/12\/Logo-Odyssart-2026.png?resize=700%2C400&ssl=1 2x"},"classes":[]},{"id":21,"url":"http:\/\/odyssart.org\/en\/soumettre-un-projet\/","url_meta":{"origin":397,"position":3},"title":"Submit a project","author":"admin3046","date":"11\/08\/2025","format":false,"excerpt":"Acting for Climate Change Montr\u00e9al (Canada), en partenariat avec La Maison des Jonglages (France)Atelier Ohisse (Canada), en partenariat avec Hermitage Lab (France)Ensemble \u00c9clat (Canada), en partenariat avec l\u2019IRCAM (France)TAAC \u2013 Terrain d\u2019Action Artistique et Citoyen (France), en partenariat avec La Lumi\u00e8re Collective (Canada)Compagnie Ga\u00efus (France), en partenariat avec La Tohu\u2026","rel":"","context":"Similar post","block_context":{"text":"Similar post","link":""},"img":{"alt_text":"Logo Odyssart 2026","src":"https:\/\/i0.wp.com\/odyssart.org\/wp-content\/uploads\/2025\/09\/Logo-Odyssart-2026.ai_.png?resize=350%2C200&ssl=1","width":350,"height":200,"srcset":"https:\/\/i0.wp.com\/odyssart.org\/wp-content\/uploads\/2025\/09\/Logo-Odyssart-2026.ai_.png?resize=350%2C200&ssl=1 1x, https:\/\/i0.wp.com\/odyssart.org\/wp-content\/uploads\/2025\/09\/Logo-Odyssart-2026.ai_.png?resize=525%2C300&ssl=1 1.5x, https:\/\/i0.wp.com\/odyssart.org\/wp-content\/uploads\/2025\/09\/Logo-Odyssart-2026.ai_.png?resize=700%2C400&ssl=1 2x, https:\/\/i0.wp.com\/odyssart.org\/wp-content\/uploads\/2025\/09\/Logo-Odyssart-2026.ai_.png?resize=1050%2C600&ssl=1 3x, https:\/\/i0.wp.com\/odyssart.org\/wp-content\/uploads\/2025\/09\/Logo-Odyssart-2026.ai_.png?resize=1400%2C800&ssl=1 4x"},"classes":[]},{"id":137,"url":"http:\/\/odyssart.org\/en\/faq\/","url_meta":{"origin":397,"position":4},"title":"Frequently Asked Questions","author":"admin3046","date":"21\/08\/2025","format":false,"excerpt":"G\u00e9n\u00e9ral Qu'est-ce que le programme Odyssart ? L\u2019objectif du programme Odyssart est de soutenir les \u00e9changes culturels entre la France et le Canada\/Qu\u00e9bec pour les jeunes de 18 \u00e0 35 ans.\u00a0 Cet appel \u00e0 projets s\u2019adresse aux artistes affili\u00e9s \u00e0 une structure souhaitant r\u00e9aliser un projet professionnel incluant de la\u2026","rel":"","context":"Similar post","block_context":{"text":"Similar post","link":""},"img":{"alt_text":"","src":"https:\/\/i0.wp.com\/img.youtube.com\/vi\/Z-3Mvxh0qBI\/0.jpg?resize=350%2C200","width":350,"height":200},"classes":[]},{"id":510,"url":"http:\/\/odyssart.org\/en\/reglement-odyssart-2026\/","url_meta":{"origin":397,"position":5},"title":"Odyssart 2026 Guidelines","author":"C\u00e9line Lespagnol","date":"27\/08\/2025","format":false,"excerpt":"L\u2019Office franco-qu\u00e9b\u00e9cois pour la jeunesse (OFQJ) renouvelle son appel \u00e0 projets Odyssart avec le soutien de la Fondation DRG, programme d\u2019\u00e9changes culturels entre la France et le Canada\/Qu\u00e9bec pour les jeunes artistes et professionnels des arts et de la culture de 18 \u00e0 35 ans. Cet appel \u00e0 projets s\u2019adresse\u2026","rel":"","context":"Similar post","block_context":{"text":"Similar post","link":""},"img":{"alt_text":"","src":"","width":0,"height":0},"classes":[]}],"_links":{"self":[{"href":"http:\/\/odyssart.org\/en\/wp-json\/wp\/v2\/pages\/397","targetHints":{"allow":["GET"]}}],"collection":[{"href":"http:\/\/odyssart.org\/en\/wp-json\/wp\/v2\/pages"}],"about":[{"href":"http:\/\/odyssart.org\/en\/wp-json\/wp\/v2\/types\/page"}],"author":[{"embeddable":true,"href":"http:\/\/odyssart.org\/en\/wp-json\/wp\/v2\/users\/3"}],"replies":[{"embeddable":true,"href":"http:\/\/odyssart.org\/en\/wp-json\/wp\/v2\/comments?post=397"}],"version-history":[{"count":15,"href":"http:\/\/odyssart.org\/en\/wp-json\/wp\/v2\/pages\/397\/revisions"}],"predecessor-version":[{"id":572,"href":"http:\/\/odyssart.org\/en\/wp-json\/wp\/v2\/pages\/397\/revisions\/572"}],"wp:featuredmedia":[{"embeddable":true,"href":"http:\/\/odyssart.org\/en\/wp-json\/wp\/v2\/media\/683"}],"wp:attachment":[{"href":"http:\/\/odyssart.org\/en\/wp-json\/wp\/v2\/media?parent=397"}],"curies":[{"name":"wp","href":"https:\/\/api.w.org\/{rel}","templated":true}]}}