{"id":137,"date":"2025-08-21T12:21:46","date_gmt":"2025-08-21T12:21:46","guid":{"rendered":"http:\/\/odyssart.org\/?page_id=137"},"modified":"2025-10-03T16:20:04","modified_gmt":"2025-10-03T14:20:04","slug":"faq","status":"publish","type":"page","link":"https:\/\/odyssart.org\/en\/faq\/","title":{"rendered":"Frequently Asked Questions"},"content":{"rendered":"\t\t\t\t<div class=\"wp-block-uagb-table-of-contents uagb-toc__align-left uagb-toc__columns-1  uagb-block-bc25ca07      \"\n\t\t\t\t\tdata-scroll= \"1\"\n\t\t\t\t\tdata-offset= \"30\"\n\t\t\t\t\tstyle=\"\"\n\t\t\t\t>\n\t\t\t\t<div class=\"uagb-toc__wrap\">\n\t\t\t\t\t\t<div class=\"uagb-toc__title\">\n\t\t\t\t\t\t\tCat\u00e9gories\t\t\t\t\t\t<\/div>\n\t\t\t\t\t\t\t\t\t\t\t\t\t\t\t\t\t\t\t\t\t\t<div class=\"uagb-toc__list-wrap \">\n\t\t\t\t\t\t<ol class=\"uagb-toc__list\"><li class=\"uagb-toc__list\"><a href=\"#g\u00e9n\u00e9ral\" class=\"uagb-toc-link__trigger\">G\u00e9n\u00e9ral<\/a><li class=\"uagb-toc__list\"><a href=\"#budget-d\u00e9penses\" class=\"uagb-toc-link__trigger\">Budget \/ d\u00e9penses<\/a><li class=\"uagb-toc__list\"><a href=\"#eligibilit\u00e9\" class=\"uagb-toc-link__trigger\">Eligibilit\u00e9<\/a><li class=\"uagb-toc__list\"><a href=\"#en-savoir-plus\" class=\"uagb-toc-link__trigger\">En savoir plus<\/a><\/ol>\t\t\t\t\t<\/div>\n\t\t\t\t\t\t\t\t\t<\/div>\n\t\t\t\t<\/div>\n\t\t\t\n\n\n<h2 class=\"wp-block-heading\">G\u00e9n\u00e9ral<\/h2>\n\n\n\n<details class=\"wp-block-details is-layout-flow wp-block-details-is-layout-flow\"><summary><strong>Qu&rsquo;est-ce que le programme Odyssart ?<\/strong><\/summary>\n<p>L\u2019objectif du programme Odyssart est de soutenir les \u00e9changes culturels entre la France et le Canada\/Qu\u00e9bec pour les jeunes de 18 \u00e0 35 ans.&nbsp;<\/p>\n\n\n\n<p>Cet appel \u00e0 projets s\u2019adresse aux artistes affili\u00e9s \u00e0 une structure souhaitant r\u00e9aliser un projet professionnel incluant de la mobilit\u00e9 entre la France et le Canada\/Qu\u00e9bec.<\/p>\n\n\n\n<p>L\u2019appel \u00e0 projets se renouvelle tous les ans, durant 5 ann\u00e9es calendaires (2023, 2024, 2025, 2026, 2027). Le formulaire de candidature est ouvert \u00e0 l\u2019automne pour les projets se d\u00e9roulant au cours de l\u2019ann\u00e9e suivante.<\/p>\n<\/details>\n\n\n\n<details class=\"wp-block-details is-layout-flow wp-block-details-is-layout-flow\"><summary><strong>Peut-on soumettre sa candidature Odyssart plusieurs fois ?<\/strong><\/summary>\n<p>Si votre projet a \u00e9t\u00e9 soumis et non retenu dans le pass\u00e9, il est possible de le soumettre \u00e0 nouveau. Nous vous invitons toutefois \u00e0 le retravailler pour am\u00e9liorer votre candidature.<\/p>\n\n\n\n<p>Les projets ayant d\u00e9j\u00e0 b\u00e9n\u00e9fici\u00e9 d\u2019un soutien Odyssart les ann\u00e9es pr\u00e9c\u00e9dentes ne pourront pas \u00eatre laur\u00e9ates \u00e0 nouveau<\/p>\n<\/details>\n\n\n\n<details class=\"wp-block-details is-layout-flow wp-block-details-is-layout-flow\"><summary><strong>Que d\u00e9signe le terme \u00ab structure \u00bb ? Un autoentrepreneur ou un travailleur autonome enregistr\u00e9 au registre des entreprises du Canada\/Qu\u00e9bec peuvent-ils soumettre un dossier ?<\/strong><\/summary>\n<p>Oui, les autoentreprises et les travailleurs autonomes peuvent soumettre un dossier.<\/p>\n\n\n\n<p>Les artistes doivent \u00eatre affili\u00e9s \u00e0 une structure.<\/p>\n\n\n\n<p>Les universit\u00e9s peuvent \u00eatre structures porteuses, mais les \u00e9tudiants ne peuvent pas postuler pour un projet au cours de leur cursus ou pour un stage.<\/p>\n<\/details>\n\n\n\n<details class=\"wp-block-details is-layout-flow wp-block-details-is-layout-flow\"><summary><strong>Notre projet n\u2019a pas encore abouti, pourrons-nous postuler l\u2019an prochain ?<\/strong><\/summary>\n<p>L\u2019appel \u00e0 projets Odyssart est reconduit chaque ann\u00e9e pendant 5 ans. Il sera possible de proposer votre projet pour Odyssart 2027.<\/p>\n<\/details>\n\n\n\n<details class=\"wp-block-details is-layout-flow wp-block-details-is-layout-flow\"><summary><strong>Comment trouver une structure partenaire en France ou au Canada\/Qu\u00e9bec ?<\/strong><\/summary>\n<p>L\u2019OFQJ n\u2019aide pas au rep\u00e9rage de structures partenaires, ni \u00e0 la construction directe du projet. Chaque porteur de projet est responsable de ses propres d\u00e9marches pour rep\u00e9rer et contacter les structures pertinentes.<\/p>\n<\/details>\n\n\n\n<details class=\"wp-block-details is-layout-flow wp-block-details-is-layout-flow\"><summary><strong>Quelles questions figurent dans le formulaire de demande de subvention ?<\/strong><\/summary>\n<p><strong>IDENTIFICATION DE LA STRUCTURE PORTEUSE DE PROJET<\/strong><\/p>\n\n\n\n<ul class=\"wp-block-list\">\n<li>Repr\u00e9sentant l\u00e9gal de la structure (nom, pr\u00e9nom, fonction)<\/li>\n\n\n\n<li>Structure porteuse du projet (nom de la structure, adresse, pays, site internet, description des activit\u00e9s, N\u00b0 SIRET, NE ou \u00e9quivalent)<\/li>\n\n\n\n<li>Personne r\u00e9f\u00e9rente du projet (nom, pr\u00e9nom, fonction, t\u00e9l\u00e9phone, courriel, nationalit\u00e9, date de naissance)<\/li>\n<\/ul>\n\n\n\n<p><strong>PARTENAIRE(S) DU PROJET SUR L\u2019AUTRE TERRITOIRE<\/strong>&nbsp;<\/p>\n\n\n\n<ul class=\"wp-block-list\">\n<li>Structure partenaire principale sur l\u2019autre territoire (nom de la structure, adresse, pays, pr\u00e9sentation de la structure)&nbsp;<\/li>\n\n\n\n<li>Responsable du projet dans la structure partenaire principale (nom, pr\u00e9nom, fonction)&nbsp;<\/li>\n\n\n\n<li>Autre(s) partenaire(s) impliqu\u00e9s dans le projet sur l\u2019autre territoire&nbsp;<\/li>\n<\/ul>\n\n\n\n<p><strong>PR\u00c9SENTATION DU PROJET<\/strong><\/p>\n\n\n\n<ul class=\"wp-block-list\">\n<li>Destination du projet<\/li>\n\n\n\n<li>Titre du projet<\/li>\n\n\n\n<li>Discipline du projet (architecture \/ arts visuels, arts plastiques, arts num\u00e9riques \/ audiovisuel \/ cirque \/ danse \/ design, m\u00e9tiers d\u2019art \/ litt\u00e9rature, \u00e9dition \/ musique \/ th\u00e9\u00e2tre \/ autre)&nbsp;<\/li>\n\n\n\n<li>Type de projet (coop\u00e9ration culturelle \/ r\u00e9alisation d\u2019un projet sur l\u2019autre territoire)<\/li>\n\n\n\n<li>Descriptif en 15 lignes maximum<\/li>\n\n\n\n<li>Objectifs (qualitatifs et\/ou quantitatifs) attendus en 5 lignes maximum<\/li>\n\n\n\n<li>\u00c9valuation : indicateurs propos\u00e9s au regard des objectifs attendus<\/li>\n\n\n\n<li>Contexte et enjeux justifiant l\u2019int\u00e9r\u00eat du projet<\/li>\n\n\n\n<li>En quoi ce projet est-il pertinent pour le d\u00e9veloppement de votre structure ?<\/li>\n\n\n\n<li>En quoi ce projet favorise-t-il l\u2019\u00e9mergence (renouvellement d\u2019une discipline, nouvelle discipline, renouvellement de la relation au public, nouveaux artistes ou collectifs, etc.) ?<\/li>\n\n\n\n<li>Nombre de personnes participant \u00e0 la mobilit\u00e9 \u00e2g\u00e9es entre 18 et 35 ans r\u00e9volus \u00e0 la date du 31 d\u00e9cembre 2025 (fran\u00e7ais et canadiens\/qu\u00e9b\u00e9cois)&nbsp;<\/li>\n\n\n\n<li>Nombre de personnes participant \u00e0 la mobilit\u00e9 \u00e2g\u00e9es de plus de 35 ans apr\u00e8s le 1er janvier 2026 (fran\u00e7ais et canadiens\/qu\u00e9b\u00e9cois)<\/li>\n\n\n\n<li>Date de d\u00e9but du projet (en 2026)<\/li>\n\n\n\n<li>Date de fin du projet (avant le 31\/12\/2026)<\/li>\n\n\n\n<li>Calendrier du projet (conception et mise en \u0153uvre)&nbsp;<\/li>\n\n\n\n<li>Nombre de d\u00e9placements pr\u00e9vus entre la France et le Canada \/ Qu\u00e9bec en 2026<\/li>\n\n\n\n<li>Territoire(s) et date(s) de r\u00e9alisation du (ou des) d\u00e9placement(s) international(aux) pr\u00e9vu(s) en 2026<\/li>\n\n\n\n<li>Ant\u00e9c\u00e9dents de coop\u00e9ration avec la France ou le Canada \/ Qu\u00e9bec (structure ou projet)<\/li>\n\n\n\n<li>Avez-vous d\u00e9j\u00e0 b\u00e9n\u00e9fici\u00e9 d\u2019un financement de l\u2019OFQJ ?&nbsp;<\/li>\n\n\n\n<li>Strat\u00e9gie de diffusion pour toucher le(s) public(s) vis\u00e9(s) (ex : r\u00e9seaux sociaux, repr\u00e9sentations, vid\u00e9os, etc.)<\/li>\n\n\n\n<li>Autres renseignements<\/li>\n\n\n\n<li>Comment avez-vous connu l\u2019appel \u00e0 projets Odyssart ?<\/li>\n<\/ul>\n\n\n\n<p><strong>BUDGET PR\u00c9VISIONNEL<\/strong><\/p>\n\n\n\n<ul class=\"wp-block-list\">\n<li>Budget pr\u00e9visionnel (en euros) en pi\u00e8ce jointe<\/li>\n\n\n\n<li>Montant de la subvention demand\u00e9e (montant en euros)<\/li>\n\n\n\n<li>Montant du budget total (montant en euros)<\/li>\n<\/ul>\n\n\n\n<p><strong>PI\u00c8CES JOINTES<\/strong><\/p>\n\n\n\n<ul class=\"wp-block-list\">\n<li>Document(s) de pr\u00e9sentation du projet et\/ou de la structure porteuse (en format pdf \u2013 5Mo max, mp3 \u2013 5Mo max, ou mp4 \u2013 500Mo max)<\/li>\n\n\n\n<li>Lettre d\u2019engagement d\u2019un ou plusieurs partenaires (en format pdf)<\/li>\n\n\n\n<li>RIB, IBAN, sp\u00e9cimen de ch\u00e8que de la structure (en format pdf)<\/li>\n\n\n\n<li>Autre(s) document(s) (en format pdf \u2013 5Mo max, mp3 \u2013 5Mo max, ou mp4 \u2013 500Mo max)<\/li>\n<\/ul>\n\n\n\n<p><strong>ATTESTATION \u00c0 SIGNER<\/strong><\/p>\n<\/details>\n\n\n\n<h2 class=\"wp-block-heading\">Budget \/ d\u00e9penses<\/h2>\n\n\n\n<details class=\"wp-block-details is-layout-flow wp-block-details-is-layout-flow\"><summary><strong>Est-il possible de cumuler d\u2019autres aides en plus de celle de l\u2019OFQJ ?<\/strong><\/summary>\n<p>Le financement Odyssart ne pouvant pas d\u00e9passer 70% de votre budget, vous pouvez tout \u00e0 fait trouver d\u2019autres financeurs pour les 30% restants.<\/p>\n<\/details>\n\n\n\n<details class=\"wp-block-details is-layout-flow wp-block-details-is-layout-flow\"><summary><strong>J\u2019ai d\u00e9j\u00e0 engag\u00e9 des frais sur mon projet, peuvent-ils \u00eatre inscrits au budget ?<\/strong><\/summary>\n<p>Oui, uniquement si les frais sont li\u00e9s \u00e0 des d\u00e9penses qui interviendraient apr\u00e8s l\u2019annonce des laur\u00e9ats en janvier 2026.&nbsp; <strong>Il n\u2019y a aucun financement r\u00e9troactif.<\/strong><\/p>\n<\/details>\n\n\n\n<details class=\"wp-block-details is-layout-flow wp-block-details-is-layout-flow\"><summary><strong>Outre les billets d\u2019avion, quels types de d\u00e9penses sont admissibles ?<\/strong><\/summary>\n<p>Les frais admissibles comprennent notamment :<\/p>\n\n\n\n<ul class=\"wp-block-list\">\n<li>les frais de transport internationaux et locaux compris (location de v\u00e9hicules compris)<\/li>\n\n\n\n<li>les frais de restauration<\/li>\n\n\n\n<li>les frais d\u2019h\u00e9bergement<\/li>\n\n\n\n<li>les frais de production du projet<\/li>\n<\/ul>\n\n\n\n<p>Pour une liste plus exhaustive, reportez-vous au r\u00e8glement !<\/p>\n<\/details>\n\n\n\n<details class=\"wp-block-details is-layout-flow wp-block-details-is-layout-flow\"><summary><strong>Quel est le montant du soutien ?<\/strong><\/summary>\n<p>Le montant du soutien accord\u00e9 par projet est fix\u00e9 \u00e0 20 000 euros minimum et \u00e0 30 000 euros maximum.&nbsp;&nbsp;<\/p>\n\n\n\n<p>Le montant du soutien accord\u00e9 par l\u2019OFQJ ne repr\u00e9sentera pas plus de 70% maximum du financement du projet.&nbsp;<\/p>\n<\/details>\n\n\n\n\n\n<p><\/p>\n\n\n\n<h2 class=\"wp-block-heading\">Eligibilit\u00e9<\/h2>\n\n\n\n<details class=\"wp-block-details is-layout-flow wp-block-details-is-layout-flow\"><summary><strong>Les porteurs de projets canadiens r\u00e9sidant en France \/ fran\u00e7ais r\u00e9sidant au Canada peuvent-ils d\u00e9poser un projet ?<\/strong><\/summary>\n<p>Vous pouvez tout \u00e0 fait d\u00e9poser un dossier si vous \u00eates un Fran\u00e7ais, avec le statut de r\u00e9sident permanent au Canada ou un Canadien, r\u00e9sidant en France depuis plus d\u2019un an. Votre structure porteuse et votre structure partenaire doivent \u00eatre situ\u00e9s sur ces territoires. Les structures bas\u00e9es dans d\u2019autres pays ne seront pas recevables.<\/p>\n<\/details>\n\n\n\n<details class=\"wp-block-details is-layout-flow wp-block-details-is-layout-flow\"><summary><strong>Les projets doivent-ils uniquement avoir lieu en 2026 ?<\/strong><\/summary>\n<p><strong>La ou les mobilit\u00e9s doivent avoir lieu en 2026.<\/strong> Les projets pluriannuels ne sont pas accept\u00e9s, car l\u2019appel \u00e0 projets est annuel et renouvel\u00e9 pendant 5 ans.<\/p>\n<\/details>\n\n\n\n<details class=\"wp-block-details is-layout-flow wp-block-details-is-layout-flow\"><summary><strong>Mon projet est-il valable si une ou plusieurs personnes a plus de 35 ans ou moins de 18 ans ?<\/strong><\/summary>\n<p>Dans le cas de projets de groupes, nous accepterons les projets si au minimum 80% des participants ont entre 18 et 35 ans r\u00e9volus \u00e0 la date du 31 d\u00e9cembre 2025.<\/p>\n\n\n\n<p>Il est possible que des personnes de moins de 18 ans ou de plus de 35 ans participent au projet. En revanche, les frais de leur mobilit\u00e9 ne pourront pas \u00eatre inclus dans le financement demand\u00e9.<\/p>\n<\/details>\n\n\n\n<details class=\"wp-block-details is-layout-flow wp-block-details-is-layout-flow\"><summary><strong>Quels sont les projets \u00e9ligibles ?<\/strong><\/summary>\n<p>Les projets \u00e9ligibles sont les projets incluant une mobilit\u00e9 internationale entre la France et le Canada\/Qu\u00e9bec, et prenant l\u2019une des formes suivantes\u202f:&nbsp;<\/p>\n\n\n\n<ul class=\"wp-block-list\">\n<li>la coop\u00e9ration culturelle (collaboration, co-cr\u00e9ation) ;\u202f<\/li>\n\n\n\n<li>la r\u00e9alisation d\u2019un projet artistique sur l\u2019autre territoire (programme de r\u00e9sidence, tournage, enregistrement, etc.).<\/li>\n<\/ul>\n\n\n\n<p>Les projets peuvent concerner tous les champs culturels\u202f: architecture, arts visuels, arts plastiques, arts num\u00e9riques, audiovisuel, cirque, danse, design, m\u00e9tiers d\u2019art, litt\u00e9rature, \u00e9dition, musique, th\u00e9\u00e2tre, etc.&nbsp;&nbsp;<\/p>\n\n\n\n<p><strong>Les projets de diffusion simple, les voyages d\u2019\u00e9tudes et les projets d\u2019insertion ne sont pas recevables.&nbsp;<\/strong><\/p>\n<\/details>\n\n\n\n<details class=\"wp-block-details is-layout-flow wp-block-details-is-layout-flow\"><summary><strong>Quels sont les crit\u00e8res de recevabilit\u00e9 des personnes participant au projet ?<\/strong><\/summary>\n<p>Pour les projets France &gt; Canada\/Qu\u00e9bec\u202f:&nbsp;<\/p>\n\n\n\n<ul class=\"wp-block-list\">\n<li>avoir entre 18 et 35 ans r\u00e9volus \u00e0 la date du 31 d\u00e9cembre 2025<\/li>\n\n\n\n<li>\u00eatre de nationalit\u00e9 fran\u00e7aise ou r\u00e9sidant en France depuis plus d\u2019un an&nbsp;<\/li>\n<\/ul>\n\n\n\n<p>Pour les projets Canada\/Qu\u00e9bec &gt; France\u202f:&nbsp;<\/p>\n\n\n\n<ul class=\"wp-block-list\">\n<li>\u00eatre de nationalit\u00e9 canadienne ou d\u00e9tenteur du statut de r\u00e9sident permanent&nbsp;<\/li>\n\n\n\n<li>avoir entre 18 et 35 ans r\u00e9volus \u00e0 la date du 31 d\u00e9cembre 2025<\/li>\n<\/ul>\n<\/details>\n\n\n\n<h2 class=\"wp-block-heading\">En savoir plus<\/h2>\n\n\n\n<div class=\"wp-block-columns is-layout-flex wp-container-core-columns-is-layout-28f84493 wp-block-columns-is-layout-flex\">\n<div class=\"wp-block-column is-layout-flow wp-block-column-is-layout-flow\">\n<p>Le mardi 30 septembre 2025, C\u00e9line Lespagnol, charg\u00e9e de projets coop\u00e9ration culturelle de l&rsquo;OFQJ, a anim\u00e9 un webinaire d&rsquo;information sur l&rsquo;appel \u00e0 projets 2026. La rediffusion de ce webinaire est d\u00e9sormais disponible et permettra de r\u00e9pondre \u00e0 d&rsquo;\u00e9ventuelles questions suppl\u00e9mentaires.<\/p>\n\n\n\n<p>Contact et renseignements sur l&rsquo;appel \u00e0 projets : clespagnol[@]ofqj.org<\/p>\n<\/div>\n\n\n\n<div class=\"wp-block-column is-layout-flow wp-block-column-is-layout-flow\">\n<figure class=\"wp-block-embed is-type-video is-provider-youtube wp-block-embed-youtube wp-embed-aspect-16-9 wp-has-aspect-ratio\"><div class=\"wp-block-embed__wrapper\">\n<iframe loading=\"lazy\" title=\"Webinaire d&#039;information odyssart 2026\" width=\"500\" height=\"281\" src=\"https:\/\/www.youtube.com\/embed\/Z-3Mvxh0qBI?feature=oembed\" frameborder=\"0\" allow=\"accelerometer; autoplay; clipboard-write; encrypted-media; gyroscope; picture-in-picture; web-share\" referrerpolicy=\"strict-origin-when-cross-origin\" allowfullscreen><\/iframe>\n<\/div><\/figure>\n<\/div>\n<\/div>\n","protected":false},"excerpt":{"rendered":"<p>G\u00e9n\u00e9ral Budget \/ d\u00e9penses Eligibilit\u00e9 En savoir plus Le mardi 30 septembre 2025, C\u00e9line Lespagnol, charg\u00e9e de projets coop\u00e9ration culturelle de l&rsquo;OFQJ, a anim\u00e9 un webinaire d&rsquo;information sur l&rsquo;appel \u00e0 [&hellip;]<\/p>\n","protected":false},"author":1,"featured_media":0,"parent":0,"menu_order":0,"comment_status":"closed","ping_status":"closed","template":"","meta":{"_eb_attr":"","_uag_custom_page_level_css":"","advanced_seo_description":"","jetpack_seo_html_title":"","jetpack_seo_noindex":false,"_EventAllDay":false,"_EventTimezone":"","_EventStartDate":"","_EventEndDate":"","_EventStartDateUTC":"","_EventEndDateUTC":"","_EventShowMap":false,"_EventShowMapLink":false,"_EventURL":"","_EventCost":"","_EventCostDescription":"","_EventCurrencySymbol":"","_EventCurrencyCode":"","_EventCurrencyPosition":"","_EventDateTimeSeparator":"","_EventTimeRangeSeparator":"","_EventOrganizerID":[],"_EventVenueID":[],"_OrganizerEmail":"","_OrganizerPhone":"","_OrganizerWebsite":"","_VenueAddress":"","_VenueCity":"","_VenueCountry":"","_VenueProvince":"","_VenueState":"","_VenueZip":"","_VenuePhone":"","_VenueURL":"","_VenueStateProvince":"","_VenueLat":"","_VenueLng":"","_VenueShowMap":false,"_VenueShowMapLink":false,"footnotes":""},"class_list":["post-137","page","type-page","status-publish","hentry"],"uagb_featured_image_src":{"full":false,"thumbnail":false,"medium":false,"medium_large":false,"large":false,"1536x1536":false,"2048x2048":false,"trp-custom-language-flag":false},"uagb_author_info":{"display_name":"admin3046","author_link":"https:\/\/odyssart.org\/en\/author\/admin3046\/"},"uagb_comment_info":0,"uagb_excerpt":"G\u00e9n\u00e9ral Budget \/ d\u00e9penses Eligibilit\u00e9 En savoir plus Le mardi 30 septembre 2025, C\u00e9line Lespagnol, charg\u00e9e de projets coop\u00e9ration culturelle de l&rsquo;OFQJ, a anim\u00e9 un webinaire d&rsquo;information sur l&rsquo;appel \u00e0 [&hellip;]","jetpack_sharing_enabled":true,"jetpack-related-posts":[{"id":277,"url":"https:\/\/odyssart.org\/en\/odyssart-ofqj\/","url_meta":{"origin":137,"position":0},"title":"Odyssart &#8211; OFQJ","author":"admin3046","date":"22\/08\/2025","format":false,"excerpt":"L\u2019Office franco-qu\u00e9b\u00e9cois pour la jeunesse (OFQJ) organise l\u2019appel \u00e0 projets Odyssart avec le soutien de la Fondation DRG, un programme d\u2019\u00e9changes culturels annuel entre la France et le Canada\/Qu\u00e9bec pour les jeunes artistes de 18 \u00e0 35 ans. Cet appel \u00e0 projets s\u2019adresse aux artistes affili\u00e9s \u00e0 une structure souhaitant\u2026","rel":"","context":"Similar post","block_context":{"text":"Similar post","link":""},"img":{"alt_text":"Logo Odyssart 2026","src":"https:\/\/i0.wp.com\/odyssart.org\/wp-content\/uploads\/2025\/09\/Logo-Odyssart-2026.ai_.png?resize=350%2C200&ssl=1","width":350,"height":200,"srcset":"https:\/\/i0.wp.com\/odyssart.org\/wp-content\/uploads\/2025\/09\/Logo-Odyssart-2026.ai_.png?resize=350%2C200&ssl=1 1x, https:\/\/i0.wp.com\/odyssart.org\/wp-content\/uploads\/2025\/09\/Logo-Odyssart-2026.ai_.png?resize=525%2C300&ssl=1 1.5x, https:\/\/i0.wp.com\/odyssart.org\/wp-content\/uploads\/2025\/09\/Logo-Odyssart-2026.ai_.png?resize=700%2C400&ssl=1 2x, https:\/\/i0.wp.com\/odyssart.org\/wp-content\/uploads\/2025\/09\/Logo-Odyssart-2026.ai_.png?resize=1050%2C600&ssl=1 3x, https:\/\/i0.wp.com\/odyssart.org\/wp-content\/uploads\/2025\/09\/Logo-Odyssart-2026.ai_.png?resize=1400%2C800&ssl=1 4x"},"classes":[]},{"id":21,"url":"https:\/\/odyssart.org\/en\/soumettre-un-projet\/","url_meta":{"origin":137,"position":1},"title":"Submit a project","author":"admin3046","date":"11\/08\/2025","format":false,"excerpt":"Acting for Climate Change Montr\u00e9al (Canada), en partenariat avec La Maison des Jonglages (France)Atelier Ohisse (Canada), en partenariat avec Hermitage Lab (France)Ensemble \u00c9clat (Canada), en partenariat avec l\u2019IRCAM (France)TAAC \u2013 Terrain d\u2019Action Artistique et Citoyen (France), en partenariat avec La Lumi\u00e8re Collective (Canada)Compagnie Ga\u00efus (France), en partenariat avec La Tohu\u2026","rel":"","context":"Similar post","block_context":{"text":"Similar post","link":""},"img":{"alt_text":"Logo Odyssart 2026","src":"https:\/\/i0.wp.com\/odyssart.org\/wp-content\/uploads\/2025\/09\/Logo-Odyssart-2026.ai_.png?resize=350%2C200&ssl=1","width":350,"height":200,"srcset":"https:\/\/i0.wp.com\/odyssart.org\/wp-content\/uploads\/2025\/09\/Logo-Odyssart-2026.ai_.png?resize=350%2C200&ssl=1 1x, https:\/\/i0.wp.com\/odyssart.org\/wp-content\/uploads\/2025\/09\/Logo-Odyssart-2026.ai_.png?resize=525%2C300&ssl=1 1.5x, https:\/\/i0.wp.com\/odyssart.org\/wp-content\/uploads\/2025\/09\/Logo-Odyssart-2026.ai_.png?resize=700%2C400&ssl=1 2x, https:\/\/i0.wp.com\/odyssart.org\/wp-content\/uploads\/2025\/09\/Logo-Odyssart-2026.ai_.png?resize=1050%2C600&ssl=1 3x, https:\/\/i0.wp.com\/odyssart.org\/wp-content\/uploads\/2025\/09\/Logo-Odyssart-2026.ai_.png?resize=1400%2C800&ssl=1 4x"},"classes":[]},{"id":510,"url":"https:\/\/odyssart.org\/en\/reglement-odyssart-2026\/","url_meta":{"origin":137,"position":2},"title":"Odyssart 2026 Guidelines","author":"C\u00e9line Lespagnol","date":"27\/08\/2025","format":false,"excerpt":"L\u2019Office franco-qu\u00e9b\u00e9cois pour la jeunesse (OFQJ) renouvelle son appel \u00e0 projets Odyssart avec le soutien de la Fondation DRG, programme d\u2019\u00e9changes culturels entre la France et le Canada\/Qu\u00e9bec pour les jeunes artistes et professionnels des arts et de la culture de 18 \u00e0 35 ans. Cet appel \u00e0 projets s\u2019adresse\u2026","rel":"","context":"Similar post","block_context":{"text":"Similar post","link":""},"img":{"alt_text":"","src":"","width":0,"height":0},"classes":[]},{"id":397,"url":"https:\/\/odyssart.org\/en\/laureats-odyssart-2023\/","url_meta":{"origin":137,"position":3},"title":"2023 Grant recipients","author":"C\u00e9line Lespagnol","date":"27\/08\/2025","format":false,"excerpt":"8 projets laur\u00e9ats La premi\u00e8re \u00e9dition d'Odyssart a r\u00e9compens\u00e9 8 projets. La liste des laur\u00e9ats a \u00e9t\u00e9 d\u00e9voil\u00e9e le jeudi 21 f\u00e9vrier 2023. MANITOU Adaptation d'un spectacle jeune public m\u00ealant vid\u00e9o-projection, musique \u00e9lectronique et arts du r\u00e9cit, au format full D\u00f4me 360\u00b0. Association Banana Cr\u00e9ations\u00a0(France), en partenariat avec Hubblo (Canada)\u2026","rel":"","context":"Similar post","block_context":{"text":"Similar post","link":""},"img":{"alt_text":"Odyssart 2023","src":"https:\/\/i0.wp.com\/odyssart.org\/wp-content\/uploads\/2025\/09\/ODYSSART_ROUGE_BLEU_-scaled.jpg?resize=350%2C200&ssl=1","width":350,"height":200,"srcset":"https:\/\/i0.wp.com\/odyssart.org\/wp-content\/uploads\/2025\/09\/ODYSSART_ROUGE_BLEU_-scaled.jpg?resize=350%2C200&ssl=1 1x, https:\/\/i0.wp.com\/odyssart.org\/wp-content\/uploads\/2025\/09\/ODYSSART_ROUGE_BLEU_-scaled.jpg?resize=525%2C300&ssl=1 1.5x, https:\/\/i0.wp.com\/odyssart.org\/wp-content\/uploads\/2025\/09\/ODYSSART_ROUGE_BLEU_-scaled.jpg?resize=700%2C400&ssl=1 2x, https:\/\/i0.wp.com\/odyssart.org\/wp-content\/uploads\/2025\/09\/ODYSSART_ROUGE_BLEU_-scaled.jpg?resize=1050%2C600&ssl=1 3x, https:\/\/i0.wp.com\/odyssart.org\/wp-content\/uploads\/2025\/09\/ODYSSART_ROUGE_BLEU_-scaled.jpg?resize=1400%2C800&ssl=1 4x"},"classes":[]},{"id":314,"url":"https:\/\/odyssart.org\/en\/alerte-mail-odyssart-validation\/","url_meta":{"origin":137,"position":4},"title":"Votre inscription \u00e0 l&rsquo;alerte mail Odyssart","author":"admin3046","date":"26\/08\/2025","format":false,"excerpt":"\u00c9tape 1 : merci de confirmer votre inscription Merci pour votre inscription \u00e0 l'alerte email Odyssart qui vous tiendra inform\u00e9 des actualit\u00e9s de l'appel \u00e0 projets. Un mail vient de vous \u00eatre envoy\u00e9. Merci de confirmer votre adresse email en cliquant sur le lien qui vous a \u00e9t\u00e9 envoy\u00e9. Cela\u2026","rel":"","context":"Similar post","block_context":{"text":"Similar post","link":""},"img":{"alt_text":"","src":"https:\/\/i0.wp.com\/odyssart.org\/wp-content\/uploads\/2025\/08\/relation-sylvestre-2024-1024x576.png?resize=350%2C200","width":350,"height":200,"srcset":"https:\/\/i0.wp.com\/odyssart.org\/wp-content\/uploads\/2025\/08\/relation-sylvestre-2024-1024x576.png?resize=350%2C200 1x, https:\/\/i0.wp.com\/odyssart.org\/wp-content\/uploads\/2025\/08\/relation-sylvestre-2024-1024x576.png?resize=525%2C300 1.5x, https:\/\/i0.wp.com\/odyssart.org\/wp-content\/uploads\/2025\/08\/relation-sylvestre-2024-1024x576.png?resize=700%2C400 2x"},"classes":[]},{"id":339,"url":"https:\/\/odyssart.org\/en\/laureats-odyssart-2024\/","url_meta":{"origin":137,"position":5},"title":"2024 Grant recipients","author":"C\u00e9line Lespagnol","date":"26\/08\/2025","format":false,"excerpt":"11 projets laur\u00e9ats Pour sa deuxi\u00e8me \u00e9dition, Odyssart a r\u00e9compens\u00e9 11 projets d\u2019une grande diversit\u00e9, choisis pour leur qualit\u00e9 artistique et leur originalit\u00e9. La liste des 11 laur\u00e9ats a \u00e9t\u00e9 d\u00e9voil\u00e9e le jeudi 18 janvier 2024. L\u2019harmonie de notre absence Cr\u00e9ation originale de l'artiste Paul Vivien alliant dioramas, d\u00e9croissance technologique\u2026","rel":"","context":"Similar post","block_context":{"text":"Similar post","link":""},"img":{"alt_text":"Odussart 2024","src":"https:\/\/i0.wp.com\/odyssart.org\/wp-content\/uploads\/2025\/09\/Partage-Odyssart.png?resize=350%2C200&ssl=1","width":350,"height":200,"srcset":"https:\/\/i0.wp.com\/odyssart.org\/wp-content\/uploads\/2025\/09\/Partage-Odyssart.png?resize=350%2C200&ssl=1 1x, https:\/\/i0.wp.com\/odyssart.org\/wp-content\/uploads\/2025\/09\/Partage-Odyssart.png?resize=525%2C300&ssl=1 1.5x, https:\/\/i0.wp.com\/odyssart.org\/wp-content\/uploads\/2025\/09\/Partage-Odyssart.png?resize=700%2C400&ssl=1 2x, https:\/\/i0.wp.com\/odyssart.org\/wp-content\/uploads\/2025\/09\/Partage-Odyssart.png?resize=1050%2C600&ssl=1 3x"},"classes":[]}],"_links":{"self":[{"href":"https:\/\/odyssart.org\/en\/wp-json\/wp\/v2\/pages\/137","targetHints":{"allow":["GET"]}}],"collection":[{"href":"https:\/\/odyssart.org\/en\/wp-json\/wp\/v2\/pages"}],"about":[{"href":"https:\/\/odyssart.org\/en\/wp-json\/wp\/v2\/types\/page"}],"author":[{"embeddable":true,"href":"https:\/\/odyssart.org\/en\/wp-json\/wp\/v2\/users\/1"}],"replies":[{"embeddable":true,"href":"https:\/\/odyssart.org\/en\/wp-json\/wp\/v2\/comments?post=137"}],"version-history":[{"count":29,"href":"https:\/\/odyssart.org\/en\/wp-json\/wp\/v2\/pages\/137\/revisions"}],"predecessor-version":[{"id":721,"href":"https:\/\/odyssart.org\/en\/wp-json\/wp\/v2\/pages\/137\/revisions\/721"}],"wp:attachment":[{"href":"https:\/\/odyssart.org\/en\/wp-json\/wp\/v2\/media?parent=137"}],"curies":[{"name":"wp","href":"https:\/\/api.w.org\/{rel}","templated":true}]}}