{"id":277,"date":"2025-08-22T14:13:01","date_gmt":"2025-08-22T12:13:01","guid":{"rendered":"http:\/\/odyssart.org\/?page_id=277"},"modified":"2025-09-22T10:53:05","modified_gmt":"2025-09-22T08:53:05","slug":"odyssart-ofqj","status":"publish","type":"page","link":"https:\/\/odyssart.org\/en\/odyssart-ofqj\/","title":{"rendered":"Odyssart &#8211; OFQJ"},"content":{"rendered":"<p>The OFQJ (France-Qu\u00e9bec Youth Office), with the support of the DRG Foundation, organizes Odyssart, an annual cultural exchange program between France and Canada\/Qu\u00e9bec for young artists aged 18 to 35.<\/p>\n\n\n\n<p>This call for projects is aimed at artists affiliated with an organisation wishing to carry out a professional project including mobility between France and Canada\/Qu\u00e9bec.<\/p>\n\n\n\n<p>The call for projects is renewed each year for five calendar years (2023, 2024, 2025, 2026, 2027). The application form opens in the fall for projects taking place the following year.<\/p>\n\n\n\n<p><\/p>\n\n\n\n<div id=\"gutentools-container-block-5a575665-b4ff-409b-80c7-dd1e9adf97b7\" class=\"gutentools-container-wrapper\"><div class=\"gutentools-container-content-wrapper is-content-justify-center is-align-center\">\n<h2 class=\"wp-block-heading\">The OFQJ (France-Qu\u00e9bec Youth Office)<\/h2>\n\n\n\n<div class=\"wp-block-uagb-container uagb-block-e252af9e alignfull uagb-is-root-container\"><div class=\"uagb-container-inner-blocks-wrap\">\n<div class=\"wp-block-uagb-container uagb-block-427322b3\">\n<figure class=\"wp-block-image size-large\"><img loading=\"lazy\" decoding=\"async\" width=\"1024\" height=\"681\" src=\"http:\/\/odyssart.org\/wp-content\/uploads\/2025\/09\/2025-06-30-OFQJ-Conference-001-1024x681.jpg\" alt=\"Mission Entreprendre dans la culture 2025\" class=\"wp-image-583\" srcset=\"https:\/\/odyssart.org\/wp-content\/uploads\/2025\/09\/2025-06-30-OFQJ-Conference-001-1024x681.jpg 1024w, https:\/\/odyssart.org\/wp-content\/uploads\/2025\/09\/2025-06-30-OFQJ-Conference-001-300x200.jpg 300w, https:\/\/odyssart.org\/wp-content\/uploads\/2025\/09\/2025-06-30-OFQJ-Conference-001-768x511.jpg 768w, https:\/\/odyssart.org\/wp-content\/uploads\/2025\/09\/2025-06-30-OFQJ-Conference-001-1536x1022.jpg 1536w, https:\/\/odyssart.org\/wp-content\/uploads\/2025\/09\/2025-06-30-OFQJ-Conference-001-18x12.jpg 18w, https:\/\/odyssart.org\/wp-content\/uploads\/2025\/09\/2025-06-30-OFQJ-Conference-001.jpg 2000w\" sizes=\"auto, (max-width: 1024px) 100vw, 1024px\" \/><\/figure>\n<\/div>\n\n\n\n<div class=\"wp-block-uagb-container uagb-block-07f8a9f2\">\n<p>The OFQJ is a bi-governmental organization based in France and Qu\u00e9bec that supports professional mobility projects for young people aged 18 to 35.<\/p>\n\n\n\n<p>Based in France and Qu\u00e9bec, the OFQJ advises and supports nearly 10,000 young adults aged 18 to 35 each year in their professional mobility projects across the Atlantic (internships, participation in events, trade missions, training programs, thematic delegations, etc.).<\/p>\n<\/div>\n<\/div><\/div>\n<\/div><\/div>\n\n\n\n<h2 class=\"wp-block-heading\">The OFQJ Cultural Cooperation Program<\/h2>\n\n\n\n<p>Odyssart is part of the OFQJ\u2019s Cultural Cooperation Program. Through this program, the OFQJ supports young professionals in culture, the arts, and the cultural and creative industries by offering calls for applications and financial assistance for professional mobility projects in Qu\u00e9bec.<\/p>\n\n\n\n<figure class=\"wp-block-gallery has-nested-images columns-default is-cropped wp-block-gallery-1 is-layout-flex wp-block-gallery-is-layout-flex\">\n<figure class=\"wp-block-image size-large\"><img loading=\"lazy\" decoding=\"async\" width=\"1024\" height=\"771\" data-id=\"588\" src=\"http:\/\/odyssart.org\/wp-content\/uploads\/2025\/09\/photo-groupe-regard-2025-1024x771.jpg\" alt=\"\" class=\"wp-image-588\" srcset=\"https:\/\/odyssart.org\/wp-content\/uploads\/2025\/09\/photo-groupe-regard-2025-1024x771.jpg 1024w, https:\/\/odyssart.org\/wp-content\/uploads\/2025\/09\/photo-groupe-regard-2025-300x226.jpg 300w, https:\/\/odyssart.org\/wp-content\/uploads\/2025\/09\/photo-groupe-regard-2025-768x578.jpg 768w, https:\/\/odyssart.org\/wp-content\/uploads\/2025\/09\/photo-groupe-regard-2025-1536x1156.jpg 1536w, https:\/\/odyssart.org\/wp-content\/uploads\/2025\/09\/photo-groupe-regard-2025-16x12.jpg 16w, https:\/\/odyssart.org\/wp-content\/uploads\/2025\/09\/photo-groupe-regard-2025.jpg 1600w\" sizes=\"auto, (max-width: 1024px) 100vw, 1024px\" \/><\/figure>\n\n\n\n<figure class=\"wp-block-image size-large\"><img loading=\"lazy\" decoding=\"async\" width=\"1024\" height=\"683\" data-id=\"590\" src=\"http:\/\/odyssart.org\/wp-content\/uploads\/2025\/09\/097A9684-1024x683.jpg\" alt=\"Entreprendre dans la culture 2022\" class=\"wp-image-590\" srcset=\"https:\/\/odyssart.org\/wp-content\/uploads\/2025\/09\/097A9684-1024x683.jpg 1024w, https:\/\/odyssart.org\/wp-content\/uploads\/2025\/09\/097A9684-300x200.jpg 300w, https:\/\/odyssart.org\/wp-content\/uploads\/2025\/09\/097A9684-768x512.jpg 768w, https:\/\/odyssart.org\/wp-content\/uploads\/2025\/09\/097A9684-1536x1024.jpg 1536w, https:\/\/odyssart.org\/wp-content\/uploads\/2025\/09\/097A9684-18x12.jpg 18w, https:\/\/odyssart.org\/wp-content\/uploads\/2025\/09\/097A9684.jpg 1701w\" sizes=\"auto, (max-width: 1024px) 100vw, 1024px\" \/><\/figure>\n\n\n\n<figure class=\"wp-block-image size-large\"><img loading=\"lazy\" decoding=\"async\" width=\"1024\" height=\"683\" data-id=\"593\" src=\"http:\/\/odyssart.org\/wp-content\/uploads\/2025\/09\/097A9850-1024x683.jpg\" alt=\"\" class=\"wp-image-593\" srcset=\"https:\/\/odyssart.org\/wp-content\/uploads\/2025\/09\/097A9850-1024x683.jpg 1024w, https:\/\/odyssart.org\/wp-content\/uploads\/2025\/09\/097A9850-300x200.jpg 300w, https:\/\/odyssart.org\/wp-content\/uploads\/2025\/09\/097A9850-768x512.jpg 768w, https:\/\/odyssart.org\/wp-content\/uploads\/2025\/09\/097A9850-1536x1024.jpg 1536w, https:\/\/odyssart.org\/wp-content\/uploads\/2025\/09\/097A9850-18x12.jpg 18w, https:\/\/odyssart.org\/wp-content\/uploads\/2025\/09\/097A9850.jpg 1701w\" sizes=\"auto, (max-width: 1024px) 100vw, 1024px\" \/><\/figure>\n<\/figure>\n\n\n\n<p>Support for individual or group projects aims to assist all types of mobility initiatives: professional meetings, exploratory trips, creations and co-creations, training or skill-development workshops, participation in events, performance tours, exhibitions, artist residencies, and exchanges between organizations...<\/p>\n\n\n\n<div class=\"wp-block-buttons is-content-justification-center is-layout-flex wp-container-core-buttons-is-layout-a89b3969 wp-block-buttons-is-layout-flex\">\n<div class=\"wp-block-button\"><a class=\"wp-block-button__link wp-element-button\">Learn more<\/a><\/div>\n<\/div>\n\n\n\n<div style=\"height:100px\" aria-hidden=\"true\" class=\"wp-block-spacer\"><\/div>","protected":false},"excerpt":{"rendered":"<p>L\u2019Office franco-qu\u00e9b\u00e9cois pour la jeunesse (OFQJ) organise l\u2019appel \u00e0 projets Odyssart avec le soutien de la Fondation DRG, un programme d\u2019\u00e9changes culturels annuel entre la France et le Canada\/Qu\u00e9bec pour [&hellip;]<\/p>\n","protected":false},"author":1,"featured_media":679,"parent":0,"menu_order":0,"comment_status":"closed","ping_status":"closed","template":"","meta":{"_eb_attr":"","_uag_custom_page_level_css":"","advanced_seo_description":"","jetpack_seo_html_title":"","jetpack_seo_noindex":false,"_EventAllDay":false,"_EventTimezone":"","_EventStartDate":"","_EventEndDate":"","_EventStartDateUTC":"","_EventEndDateUTC":"","_EventShowMap":false,"_EventShowMapLink":false,"_EventURL":"","_EventCost":"","_EventCostDescription":"","_EventCurrencySymbol":"","_EventCurrencyCode":"","_EventCurrencyPosition":"","_EventDateTimeSeparator":"","_EventTimeRangeSeparator":"","_EventOrganizerID":[],"_EventVenueID":[],"_OrganizerEmail":"","_OrganizerPhone":"","_OrganizerWebsite":"","_VenueAddress":"","_VenueCity":"","_VenueCountry":"","_VenueProvince":"","_VenueState":"","_VenueZip":"","_VenuePhone":"","_VenueURL":"","_VenueStateProvince":"","_VenueLat":"","_VenueLng":"","_VenueShowMap":false,"_VenueShowMapLink":false,"footnotes":""},"class_list":["post-277","page","type-page","status-publish","has-post-thumbnail","hentry"],"uagb_featured_image_src":{"full":["https:\/\/odyssart.org\/wp-content\/uploads\/2025\/09\/Logo-Odyssart-2026.ai_.png",2000,1127,false],"thumbnail":["https:\/\/odyssart.org\/wp-content\/uploads\/2025\/09\/Logo-Odyssart-2026.ai_-150x150.png",150,150,true],"medium":["https:\/\/odyssart.org\/wp-content\/uploads\/2025\/09\/Logo-Odyssart-2026.ai_-300x169.png",300,169,true],"medium_large":["https:\/\/odyssart.org\/wp-content\/uploads\/2025\/09\/Logo-Odyssart-2026.ai_-768x433.png",768,433,true],"large":["https:\/\/odyssart.org\/wp-content\/uploads\/2025\/09\/Logo-Odyssart-2026.ai_-1024x577.png",1024,577,true],"1536x1536":["https:\/\/odyssart.org\/wp-content\/uploads\/2025\/09\/Logo-Odyssart-2026.ai_.png",1536,866,false],"2048x2048":["https:\/\/odyssart.org\/wp-content\/uploads\/2025\/09\/Logo-Odyssart-2026.ai_.png",2000,1127,false],"trp-custom-language-flag":["https:\/\/odyssart.org\/wp-content\/uploads\/2025\/09\/Logo-Odyssart-2026.ai_.png",18,10,false]},"uagb_author_info":{"display_name":"admin3046","author_link":"https:\/\/odyssart.org\/en\/author\/admin3046\/"},"uagb_comment_info":0,"uagb_excerpt":"L\u2019Office franco-qu\u00e9b\u00e9cois pour la jeunesse (OFQJ) organise l\u2019appel \u00e0 projets Odyssart avec le soutien de la Fondation DRG, un programme d\u2019\u00e9changes culturels annuel entre la France et le Canada\/Qu\u00e9bec pour [&hellip;]","jetpack_sharing_enabled":true,"jetpack-related-posts":[{"id":510,"url":"https:\/\/odyssart.org\/en\/reglement-odyssart-2026\/","url_meta":{"origin":277,"position":0},"title":"Odyssart 2026 Guidelines","author":"C\u00e9line Lespagnol","date":"27\/08\/2025","format":false,"excerpt":"L\u2019Office franco-qu\u00e9b\u00e9cois pour la jeunesse (OFQJ) renouvelle son appel \u00e0 projets Odyssart avec le soutien de la Fondation DRG, programme d\u2019\u00e9changes culturels entre la France et le Canada\/Qu\u00e9bec pour les jeunes artistes et professionnels des arts et de la culture de 18 \u00e0 35 ans. Cet appel \u00e0 projets s\u2019adresse\u2026","rel":"","context":"Similar post","block_context":{"text":"Similar post","link":""},"img":{"alt_text":"","src":"","width":0,"height":0},"classes":[]},{"id":21,"url":"https:\/\/odyssart.org\/en\/soumettre-un-projet\/","url_meta":{"origin":277,"position":1},"title":"Submit a project","author":"admin3046","date":"11\/08\/2025","format":false,"excerpt":"Acting for Climate Change Montr\u00e9al (Canada), en partenariat avec La Maison des Jonglages (France)Atelier Ohisse (Canada), en partenariat avec Hermitage Lab (France)Ensemble \u00c9clat (Canada), en partenariat avec l\u2019IRCAM (France)TAAC \u2013 Terrain d\u2019Action Artistique et Citoyen (France), en partenariat avec La Lumi\u00e8re Collective (Canada)Compagnie Ga\u00efus (France), en partenariat avec La Tohu\u2026","rel":"","context":"Similar post","block_context":{"text":"Similar post","link":""},"img":{"alt_text":"Logo Odyssart 2026","src":"https:\/\/i0.wp.com\/odyssart.org\/wp-content\/uploads\/2025\/09\/Logo-Odyssart-2026.ai_.png?resize=350%2C200&ssl=1","width":350,"height":200,"srcset":"https:\/\/i0.wp.com\/odyssart.org\/wp-content\/uploads\/2025\/09\/Logo-Odyssart-2026.ai_.png?resize=350%2C200&ssl=1 1x, https:\/\/i0.wp.com\/odyssart.org\/wp-content\/uploads\/2025\/09\/Logo-Odyssart-2026.ai_.png?resize=525%2C300&ssl=1 1.5x, https:\/\/i0.wp.com\/odyssart.org\/wp-content\/uploads\/2025\/09\/Logo-Odyssart-2026.ai_.png?resize=700%2C400&ssl=1 2x, https:\/\/i0.wp.com\/odyssart.org\/wp-content\/uploads\/2025\/09\/Logo-Odyssart-2026.ai_.png?resize=1050%2C600&ssl=1 3x, https:\/\/i0.wp.com\/odyssart.org\/wp-content\/uploads\/2025\/09\/Logo-Odyssart-2026.ai_.png?resize=1400%2C800&ssl=1 4x"},"classes":[]},{"id":137,"url":"https:\/\/odyssart.org\/en\/faq\/","url_meta":{"origin":277,"position":2},"title":"Frequently Asked Questions","author":"admin3046","date":"21\/08\/2025","format":false,"excerpt":"G\u00e9n\u00e9ral Qu'est-ce que le programme Odyssart ? L\u2019objectif du programme Odyssart est de soutenir les \u00e9changes culturels entre la France et le Canada\/Qu\u00e9bec pour les jeunes de 18 \u00e0 35 ans.\u00a0 Cet appel \u00e0 projets s\u2019adresse aux artistes affili\u00e9s \u00e0 une structure souhaitant r\u00e9aliser un projet professionnel incluant de la\u2026","rel":"","context":"Similar post","block_context":{"text":"Similar post","link":""},"img":{"alt_text":"","src":"https:\/\/i0.wp.com\/img.youtube.com\/vi\/Z-3Mvxh0qBI\/0.jpg?resize=350%2C200","width":350,"height":200},"classes":[]},{"id":737,"url":"https:\/\/odyssart.org\/en\/laureats-2026\/","url_meta":{"origin":277,"position":3},"title":"Laur\u00e9ats 2026","author":"admin3046","date":"16\/12\/2025","format":false,"excerpt":"12 projets laur\u00e9ats La quatri\u00e8me \u00e9dition de l\u2019appel \u00e0 projets Odyssart a rendu son verdict ! Douze projets ont \u00e9t\u00e9 s\u00e9lectionn\u00e9s pour leur qualit\u00e9 artistique, leur originalit\u00e9 et leur diversit\u00e9. La liste des laur\u00e9ats a \u00e9t\u00e9 d\u00e9voil\u00e9e le 16 d\u00e9cembre 2025. Atelier \u00c9cluse (Canada), en partenariat avec l'\u00c9cole Estienne (France)\u2026","rel":"","context":"Similar post","block_context":{"text":"Similar post","link":""},"img":{"alt_text":"Logo Odyssart 2026","src":"https:\/\/i0.wp.com\/odyssart.org\/wp-content\/uploads\/2025\/12\/Logo-Odyssart-2026.png?resize=350%2C200&ssl=1","width":350,"height":200,"srcset":"https:\/\/i0.wp.com\/odyssart.org\/wp-content\/uploads\/2025\/12\/Logo-Odyssart-2026.png?resize=350%2C200&ssl=1 1x, https:\/\/i0.wp.com\/odyssart.org\/wp-content\/uploads\/2025\/12\/Logo-Odyssart-2026.png?resize=525%2C300&ssl=1 1.5x, https:\/\/i0.wp.com\/odyssart.org\/wp-content\/uploads\/2025\/12\/Logo-Odyssart-2026.png?resize=700%2C400&ssl=1 2x"},"classes":[]},{"id":30,"url":"https:\/\/odyssart.org\/en\/laureats-odyssart-2025\/","url_meta":{"origin":277,"position":4},"title":"2025 Grant recipients","author":"admin3046","date":"18\/08\/2025","format":false,"excerpt":"12 projets laur\u00e9ats La troisi\u00e8me \u00e9dition de l\u2019appel \u00e0 projets Odyssart a rendu son verdict pour l\u2019ann\u00e9e 2025. Douze projets ont \u00e9t\u00e9 s\u00e9lectionn\u00e9s pour leur qualit\u00e9 artistique, leur originalit\u00e9 et leur diversit\u00e9. La liste des laur\u00e9ats a \u00e9t\u00e9 d\u00e9voil\u00e9e le 9 janvier 2025. Ce que je sais de toi R\u00e9sidences\u2026","rel":"","context":"Similar post","block_context":{"text":"Similar post","link":""},"img":{"alt_text":"Odyssart 2025","src":"https:\/\/i0.wp.com\/odyssart.org\/wp-content\/uploads\/2025\/09\/Logo-Odyssart-2025.png?resize=350%2C200&ssl=1","width":350,"height":200,"srcset":"https:\/\/i0.wp.com\/odyssart.org\/wp-content\/uploads\/2025\/09\/Logo-Odyssart-2025.png?resize=350%2C200&ssl=1 1x, https:\/\/i0.wp.com\/odyssart.org\/wp-content\/uploads\/2025\/09\/Logo-Odyssart-2025.png?resize=525%2C300&ssl=1 1.5x, https:\/\/i0.wp.com\/odyssart.org\/wp-content\/uploads\/2025\/09\/Logo-Odyssart-2025.png?resize=700%2C400&ssl=1 2x"},"classes":[]},{"id":339,"url":"https:\/\/odyssart.org\/en\/laureats-odyssart-2024\/","url_meta":{"origin":277,"position":5},"title":"2024 Grant recipients","author":"C\u00e9line Lespagnol","date":"26\/08\/2025","format":false,"excerpt":"11 projets laur\u00e9ats Pour sa deuxi\u00e8me \u00e9dition, Odyssart a r\u00e9compens\u00e9 11 projets d\u2019une grande diversit\u00e9, choisis pour leur qualit\u00e9 artistique et leur originalit\u00e9. La liste des 11 laur\u00e9ats a \u00e9t\u00e9 d\u00e9voil\u00e9e le jeudi 18 janvier 2024. L\u2019harmonie de notre absence Cr\u00e9ation originale de l'artiste Paul Vivien alliant dioramas, d\u00e9croissance technologique\u2026","rel":"","context":"Similar post","block_context":{"text":"Similar post","link":""},"img":{"alt_text":"Odussart 2024","src":"https:\/\/i0.wp.com\/odyssart.org\/wp-content\/uploads\/2025\/09\/Partage-Odyssart.png?resize=350%2C200&ssl=1","width":350,"height":200,"srcset":"https:\/\/i0.wp.com\/odyssart.org\/wp-content\/uploads\/2025\/09\/Partage-Odyssart.png?resize=350%2C200&ssl=1 1x, https:\/\/i0.wp.com\/odyssart.org\/wp-content\/uploads\/2025\/09\/Partage-Odyssart.png?resize=525%2C300&ssl=1 1.5x, https:\/\/i0.wp.com\/odyssart.org\/wp-content\/uploads\/2025\/09\/Partage-Odyssart.png?resize=700%2C400&ssl=1 2x, https:\/\/i0.wp.com\/odyssart.org\/wp-content\/uploads\/2025\/09\/Partage-Odyssart.png?resize=1050%2C600&ssl=1 3x"},"classes":[]}],"_links":{"self":[{"href":"https:\/\/odyssart.org\/en\/wp-json\/wp\/v2\/pages\/277","targetHints":{"allow":["GET"]}}],"collection":[{"href":"https:\/\/odyssart.org\/en\/wp-json\/wp\/v2\/pages"}],"about":[{"href":"https:\/\/odyssart.org\/en\/wp-json\/wp\/v2\/types\/page"}],"author":[{"embeddable":true,"href":"https:\/\/odyssart.org\/en\/wp-json\/wp\/v2\/users\/1"}],"replies":[{"embeddable":true,"href":"https:\/\/odyssart.org\/en\/wp-json\/wp\/v2\/comments?post=277"}],"version-history":[{"count":12,"href":"https:\/\/odyssart.org\/en\/wp-json\/wp\/v2\/pages\/277\/revisions"}],"predecessor-version":[{"id":767,"href":"https:\/\/odyssart.org\/en\/wp-json\/wp\/v2\/pages\/277\/revisions\/767"}],"wp:featuredmedia":[{"embeddable":true,"href":"https:\/\/odyssart.org\/en\/wp-json\/wp\/v2\/media\/679"}],"wp:attachment":[{"href":"https:\/\/odyssart.org\/en\/wp-json\/wp\/v2\/media?parent=277"}],"curies":[{"name":"wp","href":"https:\/\/api.w.org\/{rel}","templated":true}]}}