{"id":3,"date":"2025-08-11T09:39:38","date_gmt":"2025-08-11T09:39:38","guid":{"rendered":"http:\/\/odyssart.org\/?page_id=3"},"modified":"2025-08-27T15:11:17","modified_gmt":"2025-08-27T13:11:17","slug":"privacy-policy","status":"publish","type":"page","link":"https:\/\/odyssart.org\/en\/privacy-policy\/","title":{"rendered":"Politique de confidentialit\u00e9"},"content":{"rendered":"\n<p><strong>L\u2019Office franco-qu\u00e9b\u00e9cois pour la Jeunesse (OFQJ) est un organisme bi-gouvernemental, promoteur des relations entre la France, le Qu\u00e9bec et la Francophonie. Il accompagne, depuis 1968, les 18 \u2013 35 ans dans leur projet de mobilit\u00e9 ou de participation \u00e0 un \u00e9v\u00e9nement \u00e0 l\u2019international.<\/strong><\/p>\n\n\n\n<h2 class=\"wp-block-heading\">1) Pourquoi l\u2019OFQJ collecte vos donn\u00e9es ?<\/h2>\n\n\n\n<p>Pour vous conseiller et vous accompagner au mieux, la section fran\u00e7aise de l\u2019OFQJ a besoin de recueillir certaines donn\u00e9es vous concernant, dans le strict cadre de nos activit\u00e9s et suivant 3 stades \u00e9volutifs :<\/p>\n\n\n\n<ul class=\"wp-block-list\">\n<li><strong>Vous \u00eates \u00ab contact \u00bb<\/strong> quand vous souhaitez des informations basiques, avant m\u00eame de savoir si vous allez d\u00e9poser un projet ou r\u00e9pondre \u00e0 l\u2019une de nos offres. \u00c0 ce stade, la section fran\u00e7aise de l\u2019OFQJ collecte uniquement votre adresse courriel (il est n\u00e9anmoins recommand\u00e9 de compl\u00e9ter la rubrique Mon compte car ces informations nous permettront de vous apporter la r\u00e9ponse la plus appropri\u00e9e).<\/li>\n\n\n\n<li><strong>Vous passez \u00ab candidat \u00bb <\/strong>quand vous avez d\u00e9pos\u00e9 un projet ou r\u00e9pondu \u00e0 l\u2019une de nos offres. \u00c0 ce stade, la section fran\u00e7aise de l\u2019OFQJ vous demande de compl\u00e9ter ou d\u2019actualiser les donn\u00e9es de la rubrique Mon compte et de fournir certaines donn\u00e9es relatives \u00e0 votre candidature pour pouvoir rendre une d\u00e9cision sur votre dossier.<\/li>\n\n\n\n<li><strong>Vous devenez \u00ab participant \u00bb<\/strong> quand votre projet ou votre candidature ont \u00e9t\u00e9 accept\u00e9s. \u00c0 ce stade, la section fran\u00e7aise de l\u2019OFQJ vous demande un dernier compl\u00e9ment de donn\u00e9es, en rapport direct avec la r\u00e9alisation prochaine de votre projet.<\/li>\n<\/ul>\n\n\n\n<p>Acteur institutionnel, l\u2019OFQJ ne vend, ni ne loue vos donn\u00e9es personnelles ainsi collect\u00e9es. En pratique, la section fran\u00e7aise de l\u2019OFQJ recueille, stocke et traite vos donn\u00e9es dans la stricte application du R\u00e8glement (UE) 2016\/679, dit R\u00e8glement g\u00e9n\u00e9ral sur la Protection des Donn\u00e9es (RGPD).<\/p>\n\n\n\n<h2 class=\"wp-block-heading\">2) Comment l\u2019OFQJ mat\u00e9rialise votre consentement ?<\/h2>\n\n\n\n<p>Pour suivre notre proc\u00e9dure d\u2019admission et de traitement de votre projet ou candidature, vous devez cr\u00e9er un compte dans notre base de gestion \u00ab Totem \u00bb, que la section fran\u00e7aise de l\u2019OFQJ a d\u00e9velopp\u00e9e pour optimiser le suivi des dossiers de ses participants.<\/p>\n\n\n\n<p>Lors de votre premi\u00e8re connexion, vous devrez d\u2019abord lire et accepter ce document avant de transmettre les donn\u00e9es souhait\u00e9es pour la cr\u00e9ation de votre compte.<\/p>\n\n\n\n<p>Le fait de lire et d\u2019accepter ce document, ainsi que de proc\u00e9der \u00e0 la cr\u00e9ation de votre compte marque votre consentement \u00e0 l\u2019utilisation de vos donn\u00e9es par la section fran\u00e7aise de l\u2019OFQJ.<\/p>\n\n\n\n<h2 class=\"wp-block-heading\">3) Comment l\u2019OFQJ utilise vos donn\u00e9es ?<\/h2>\n\n\n\n<p>En termes d\u2019utilisation, vos donn\u00e9es sont ainsi collect\u00e9es par la section fran\u00e7aise de l\u2019OFQJ pour assurer le traitement et le suivi des dossiers de nos participants.<\/p>\n\n\n\n<p>En pratique, certaines de vos donn\u00e9es seront transmises aux partenaires suivants, dans le cadre de nos obligations de fonctionnement :<\/p>\n\n\n\n<ul class=\"wp-block-list\">\n<li>\u00e0 notre section qu\u00e9b\u00e9coise : lors de certaines op\u00e9rations r\u00e9alis\u00e9es en commun[1] ;<\/li>\n\n\n\n<li>\u00e0 notre Minist\u00e8re de tutelle : pour un contr\u00f4le g\u00e9n\u00e9ral de l\u2019activit\u00e9 et de la performance de l\u2019OFQJ, ainsi que pour une exploitation statistique g\u00e9n\u00e9rale portant sur la mobilit\u00e9 \u00e0 l\u2019international ;<\/li>\n\n\n\n<li>\u00e0 nos partenaires territoriaux : pour un contr\u00f4le des cofinancements accord\u00e9s ;<\/li>\n\n\n\n<li>\u00e0 nos partenaires logistiques : dans le cadre de l\u2019ex\u00e9cution de certaines prestations (a\u00e9rien, h\u00e9bergement, assurance).<\/li>\n<\/ul>\n\n\n\n<p>[1] En 2001, l\u2019UE a reconnu que la \u00ab Loi sur la protection des renseignements personnels et les documents \u00e9lectroniques \u00bb (LPRPDE) du Canada offrait un niveau de protection en ad\u00e9quation partielle.<br>Actuellement, le RGPD maintient la continuit\u00e9 des d\u00e9cisions d\u2019ad\u00e9quation existantes de l\u2019UE, y compris celle concernant le Canada.<\/p>\n\n\n\n<h2 class=\"wp-block-heading\">4) Comment l\u2019OFQJ prot\u00e8ge vos donn\u00e9es ?<\/h2>\n\n\n\n<p>En termes de protection, la section fran\u00e7aise de l\u2019OFQJ a travaill\u00e9 avec ses prestataires informatiques quant \u00e0 la s\u00e9curisation de la base de donn\u00e9es et de vos donn\u00e9es.<\/p>\n\n\n\n<p>Ainsi, toute donn\u00e9e personnelle transmise en dehors de la base de gestion des donn\u00e9es ne saurait engager la responsabilit\u00e9 de la section fran\u00e7aise de l\u2019OFQJ quant \u00e0 son traitement.<\/p>\n\n\n\n<p>Si vous devez transmettre les donn\u00e9es d\u2019une tierce personne, notamment dans le cadre d\u2019un projet collectif port\u00e9 par une structure organisatrice, il vous incombe d\u2019en informer la personne et de recueillir son consentement.<\/p>\n\n\n\n<p>Outre les moyens techniques, la section fran\u00e7aise de l\u2019OFQJ a mis en \u0153uvre tous les moyens organisationnels n\u00e9cessaires \u00e0 la protection de vos donn\u00e9es.<\/p>\n\n\n\n<h2 class=\"wp-block-heading\">5) Combien de temps l\u2019OFQJ conservera vos donn\u00e9es ?<\/h2>\n\n\n\n<p>La section fran\u00e7aise de l\u2019OFQJ conservera vos donn\u00e9es pour la plus longue des dur\u00e9es autoris\u00e9es, compte tenu de ses contraintes op\u00e9rationnelles, soit 5 ans.<\/p>\n\n\n\n<p>En d\u2019autres termes, votre consentement est r\u00e9put\u00e9 acquis pour 5 ans.<\/p>\n\n\n\n<p>Pendant cette dur\u00e9e, et conform\u00e9ment \u00e0 l\u2019acceptation de nos conditions g\u00e9n\u00e9rales et aux engagements indiqu\u00e9s sur la \u00ab notification d\u2019engagement \u00bb dans la base de donn\u00e9es Totem, la section fran\u00e7aise de l\u2019OFQJ pourra vous solliciter pour t\u00e9moigner de votre exp\u00e9rience et\/ou participer \u00e0 nos op\u00e9rations de promotion.<\/p>\n\n\n\n<p>Pass\u00e9 5 ans, la section fran\u00e7aise de l\u2019OFQJ devra redemander votre consentement pour vous solliciter sur ce type d\u2019op\u00e9rations.<\/p>\n\n\n\n<h2 class=\"wp-block-heading\">6) De quels droits disposez-vous aupr\u00e8s de l\u2019OFQJ ?<\/h2>\n\n\n\n<p>Conform\u00e9ment \u00e0 la r\u00e9glementation applicable, et dans les limites des obligations op\u00e9rationnelles et de conservation des donn\u00e9es de la section fran\u00e7aise de l\u2019OFQJ, vous disposez des droits suivants :<\/p>\n\n\n\n<ul class=\"wp-block-list\">\n<li>Droit d\u2019acc\u00e8s, de rectification et de suppression de vos donn\u00e9es ; \u00e9tant entendu que la rectification et\/ou la suppression des donn\u00e9es, que vous avez volontairement fournies, peut \u00eatre de nature \u00e0 modifier la recevabilit\u00e9 de votre projet et la capacit\u00e9 de l\u2019OFQJ \u00e0 l\u2019accompagner ;<\/li>\n\n\n\n<li>Droit de limitation du traitement de vos donn\u00e9es ; \u00e9tant entendu que la limitation du traitement des donn\u00e9es peut modifier ou bloquer le traitement de votre dossier.<\/li>\n\n\n\n<li>Droit d\u2019opposition au traitement de vos donn\u00e9es ; dans la limite du non-traitement \u00e0 des fins de prospection commerciale.<\/li>\n\n\n\n<li>Droit de portabilit\u00e9 de vos donn\u00e9es ;<\/li>\n\n\n\n<li>Droit de r\u00e9voquer votre consentement ; \u00e9tant entendu que cette r\u00e9vocation peut amener l\u2019OFQJ \u00e0 revenir sur sa d\u00e9cision ou modifier sa capacit\u00e9 d\u2019accompagner votre projet, \u00e0 d\u00e9faut de pouvoir recueillir vos donn\u00e9es pour poursuivre le traitement de votre dossier.<\/li>\n\n\n\n<li>Droit de d\u00e9finir des directives aux droits susmentionn\u00e9s apr\u00e8s son d\u00e9c\u00e8s ; \u00e9tant entendu que le d\u00e9c\u00e8s d\u2019un participant entra\u00eene le gel de son dossier.<\/li>\n<\/ul>\n\n\n\n<h2 class=\"wp-block-heading\">7) Quelle est la politique de l\u2019OFQJ s\u2019agissant des cookies et de Google Analytics ?<\/h2>\n\n\n\n<p>La section fran\u00e7aise de l\u2019OFQJ peut utiliser des cookies dans le but d\u2019optimiser votre navigation sur nos pages et formulaires ; sachant que ces cookies ne pr\u00e9l\u00e8vent aucune donn\u00e9e permettant votre identification personnelle.<\/p>\n\n\n\n<p>Dans les param\u00e8tres de votre navigateur internet, vous pouvez d\u2019ailleurs choisir de ne pas autoriser l\u2019installation de ces cookies.<\/p>\n\n\n\n<p>La section fran\u00e7aise de l\u2019OFQJ peut utiliser Google Analytics dans le but d\u2019\u00e9tablir des statistiques sur la fr\u00e9quentation et l\u2019utilisation de nos pages.<br>Cet outil ne permet pas votre identification personnelle et son utilisation est bien limit\u00e9e \u00e0 un but statistique.<\/p>\n\n\n\n<h2 class=\"wp-block-heading\">8) Quid de l\u2019exercice de vos droits aupr\u00e8s de l\u2019OFQJ ?<\/h2>\n\n\n\n<p>Pour toute question sur vos droits ou sur le traitement de vos donn\u00e9es dans ce dispositif, vous pouvez contacter le D\u00e9l\u00e9gu\u00e9 \u00e0 la Protection des Donn\u00e9es de la section fran\u00e7aise de l\u2019OFQJ :<\/p>\n\n\n\n<p>Par courrier : OFQJ, section fran\u00e7aise, 11 passage de l\u2019Aqueduc, 93200 Saint-Denis\nPar mail : rgpd@ofqj.org<\/p>\n\n\n\n<h2 class=\"wp-block-heading\">9) Actualisation et modification de ces mentions l\u00e9gales<\/h2>\n\n\n\n<p>Cette charte a \u00e9t\u00e9 approuv\u00e9e le 27 septembre 2018, lors du Conseil de la section fran\u00e7aise. Elle est modifi\u00e9e en lien avec la mise en place de la nouvelle base de donn\u00e9es projets \u00ab Totem \u00bb de l\u2019OFQJ France au 1er janvier 2023.<\/p>\n\n\n\n<p>Ce document constitue pr\u00e9sentement la derni\u00e8re version des mentions l\u00e9gales relatives \u00e0 la protection des donn\u00e9es personnelles.<\/p>\n\n\n\n<p>La section fran\u00e7aise de l\u2019OFQJ s\u2019engage \u00e0 actualiser et \u00e0 modifier la pr\u00e9sente version suivant l\u2019\u00e9volution de la r\u00e9glementation applicable et \u00e0 notifier les utilisateurs de ces changements.<\/p>\n\n\n\n<p><\/p>\n","protected":false},"excerpt":{"rendered":"<p>L\u2019Office franco-qu\u00e9b\u00e9cois pour la Jeunesse (OFQJ) est un organisme bi-gouvernemental, promoteur des relations entre la France, le Qu\u00e9bec et la Francophonie. Il accompagne, depuis 1968, les 18 \u2013 35 ans [&hellip;]<\/p>\n","protected":false},"author":1,"featured_media":0,"parent":0,"menu_order":0,"comment_status":"closed","ping_status":"open","template":"","meta":{"_eb_attr":"","_uag_custom_page_level_css":"","advanced_seo_description":"","jetpack_seo_html_title":"","jetpack_seo_noindex":false,"_EventAllDay":false,"_EventTimezone":"","_EventStartDate":"","_EventEndDate":"","_EventStartDateUTC":"","_EventEndDateUTC":"","_EventShowMap":false,"_EventShowMapLink":false,"_EventURL":"","_EventCost":"","_EventCostDescription":"","_EventCurrencySymbol":"","_EventCurrencyCode":"","_EventCurrencyPosition":"","_EventDateTimeSeparator":"","_EventTimeRangeSeparator":"","_EventOrganizerID":[],"_EventVenueID":[],"_OrganizerEmail":"","_OrganizerPhone":"","_OrganizerWebsite":"","_VenueAddress":"","_VenueCity":"","_VenueCountry":"","_VenueProvince":"","_VenueState":"","_VenueZip":"","_VenuePhone":"","_VenueURL":"","_VenueStateProvince":"","_VenueLat":"","_VenueLng":"","_VenueShowMap":false,"_VenueShowMapLink":false,"footnotes":""},"class_list":["post-3","page","type-page","status-publish","hentry"],"uagb_featured_image_src":{"full":false,"thumbnail":false,"medium":false,"medium_large":false,"large":false,"1536x1536":false,"2048x2048":false,"trp-custom-language-flag":false},"uagb_author_info":{"display_name":"admin3046","author_link":"https:\/\/odyssart.org\/en\/author\/admin3046\/"},"uagb_comment_info":0,"uagb_excerpt":"L\u2019Office franco-qu\u00e9b\u00e9cois pour la Jeunesse (OFQJ) est un organisme bi-gouvernemental, promoteur des relations entre la France, le Qu\u00e9bec et la Francophonie. Il accompagne, depuis 1968, les 18 \u2013 35 ans [&hellip;]","jetpack_sharing_enabled":true,"jetpack-related-posts":[{"id":277,"url":"https:\/\/odyssart.org\/en\/odyssart-ofqj\/","url_meta":{"origin":3,"position":0},"title":"Odyssart &#8211; OFQJ","author":"admin3046","date":"22\/08\/2025","format":false,"excerpt":"L\u2019Office franco-qu\u00e9b\u00e9cois pour la jeunesse (OFQJ) organise l\u2019appel \u00e0 projets Odyssart avec le soutien de la Fondation DRG, un programme d\u2019\u00e9changes culturels annuel entre la France et le Canada\/Qu\u00e9bec pour les jeunes artistes de 18 \u00e0 35 ans. Cet appel \u00e0 projets s\u2019adresse aux artistes affili\u00e9s \u00e0 une structure souhaitant\u2026","rel":"","context":"Similar post","block_context":{"text":"Similar post","link":""},"img":{"alt_text":"Logo Odyssart 2026","src":"https:\/\/i0.wp.com\/odyssart.org\/wp-content\/uploads\/2025\/09\/Logo-Odyssart-2026.ai_.png?resize=350%2C200&ssl=1","width":350,"height":200,"srcset":"https:\/\/i0.wp.com\/odyssart.org\/wp-content\/uploads\/2025\/09\/Logo-Odyssart-2026.ai_.png?resize=350%2C200&ssl=1 1x, https:\/\/i0.wp.com\/odyssart.org\/wp-content\/uploads\/2025\/09\/Logo-Odyssart-2026.ai_.png?resize=525%2C300&ssl=1 1.5x, https:\/\/i0.wp.com\/odyssart.org\/wp-content\/uploads\/2025\/09\/Logo-Odyssart-2026.ai_.png?resize=700%2C400&ssl=1 2x, https:\/\/i0.wp.com\/odyssart.org\/wp-content\/uploads\/2025\/09\/Logo-Odyssart-2026.ai_.png?resize=1050%2C600&ssl=1 3x, https:\/\/i0.wp.com\/odyssart.org\/wp-content\/uploads\/2025\/09\/Logo-Odyssart-2026.ai_.png?resize=1400%2C800&ssl=1 4x"},"classes":[]},{"id":496,"url":"https:\/\/odyssart.org\/en\/mentions-legales\/","url_meta":{"origin":3,"position":1},"title":"Mentions l\u00e9gales","author":"admin3046","date":"27\/08\/2025","format":false,"excerpt":"Office franco-qu\u00e9b\u00e9cois pour la jeunesse11 passage de l\u2019Aqueduc93200 Saint-DenisFRANCE Directrice de la publication : Armelle DUGU\u00c9, Directrice G\u00e9n\u00e9rale Adjointe de l\u2019OFQJ en FranceWebmaster : Claire Favillier \u2013 communication@ofqj.org \u2013 Tel : 01 49 33 28 50H\u00e9bergement : OVH France Les mentions l\u00e9gales sont \u00e9galement valables pour les comptes suivants :\u2026","rel":"","context":"Similar post","block_context":{"text":"Similar post","link":""},"img":{"alt_text":"","src":"","width":0,"height":0},"classes":[]},{"id":510,"url":"https:\/\/odyssart.org\/en\/reglement-odyssart-2026\/","url_meta":{"origin":3,"position":2},"title":"Odyssart 2026 Guidelines","author":"C\u00e9line Lespagnol","date":"27\/08\/2025","format":false,"excerpt":"L\u2019Office franco-qu\u00e9b\u00e9cois pour la jeunesse (OFQJ) renouvelle son appel \u00e0 projets Odyssart avec le soutien de la Fondation DRG, programme d\u2019\u00e9changes culturels entre la France et le Canada\/Qu\u00e9bec pour les jeunes artistes et professionnels des arts et de la culture de 18 \u00e0 35 ans. Cet appel \u00e0 projets s\u2019adresse\u2026","rel":"","context":"Similar post","block_context":{"text":"Similar post","link":""},"img":{"alt_text":"","src":"","width":0,"height":0},"classes":[]},{"id":137,"url":"https:\/\/odyssart.org\/en\/faq\/","url_meta":{"origin":3,"position":3},"title":"Frequently Asked Questions","author":"admin3046","date":"21\/08\/2025","format":false,"excerpt":"G\u00e9n\u00e9ral Qu'est-ce que le programme Odyssart ? L\u2019objectif du programme Odyssart est de soutenir les \u00e9changes culturels entre la France et le Canada\/Qu\u00e9bec pour les jeunes de 18 \u00e0 35 ans.\u00a0 Cet appel \u00e0 projets s\u2019adresse aux artistes affili\u00e9s \u00e0 une structure souhaitant r\u00e9aliser un projet professionnel incluant de la\u2026","rel":"","context":"Similar post","block_context":{"text":"Similar post","link":""},"img":{"alt_text":"","src":"https:\/\/i0.wp.com\/img.youtube.com\/vi\/Z-3Mvxh0qBI\/0.jpg?resize=350%2C200","width":350,"height":200},"classes":[]},{"id":21,"url":"https:\/\/odyssart.org\/en\/soumettre-un-projet\/","url_meta":{"origin":3,"position":4},"title":"Submit a project","author":"admin3046","date":"11\/08\/2025","format":false,"excerpt":"Acting for Climate Change Montr\u00e9al (Canada), en partenariat avec La Maison des Jonglages (France)Atelier Ohisse (Canada), en partenariat avec Hermitage Lab (France)Ensemble \u00c9clat (Canada), en partenariat avec l\u2019IRCAM (France)TAAC \u2013 Terrain d\u2019Action Artistique et Citoyen (France), en partenariat avec La Lumi\u00e8re Collective (Canada)Compagnie Ga\u00efus (France), en partenariat avec La Tohu\u2026","rel":"","context":"Similar post","block_context":{"text":"Similar post","link":""},"img":{"alt_text":"Logo Odyssart 2026","src":"https:\/\/i0.wp.com\/odyssart.org\/wp-content\/uploads\/2025\/09\/Logo-Odyssart-2026.ai_.png?resize=350%2C200&ssl=1","width":350,"height":200,"srcset":"https:\/\/i0.wp.com\/odyssart.org\/wp-content\/uploads\/2025\/09\/Logo-Odyssart-2026.ai_.png?resize=350%2C200&ssl=1 1x, https:\/\/i0.wp.com\/odyssart.org\/wp-content\/uploads\/2025\/09\/Logo-Odyssart-2026.ai_.png?resize=525%2C300&ssl=1 1.5x, https:\/\/i0.wp.com\/odyssart.org\/wp-content\/uploads\/2025\/09\/Logo-Odyssart-2026.ai_.png?resize=700%2C400&ssl=1 2x, https:\/\/i0.wp.com\/odyssart.org\/wp-content\/uploads\/2025\/09\/Logo-Odyssart-2026.ai_.png?resize=1050%2C600&ssl=1 3x, https:\/\/i0.wp.com\/odyssart.org\/wp-content\/uploads\/2025\/09\/Logo-Odyssart-2026.ai_.png?resize=1400%2C800&ssl=1 4x"},"classes":[]},{"id":737,"url":"https:\/\/odyssart.org\/en\/laureats-2026\/","url_meta":{"origin":3,"position":5},"title":"Laur\u00e9ats 2026","author":"admin3046","date":"16\/12\/2025","format":false,"excerpt":"12 projets laur\u00e9ats La quatri\u00e8me \u00e9dition de l\u2019appel \u00e0 projets Odyssart a rendu son verdict ! Douze projets ont \u00e9t\u00e9 s\u00e9lectionn\u00e9s pour leur qualit\u00e9 artistique, leur originalit\u00e9 et leur diversit\u00e9. La liste des laur\u00e9ats a \u00e9t\u00e9 d\u00e9voil\u00e9e le 16 d\u00e9cembre 2025. Atelier \u00c9cluse (Canada), en partenariat avec l'\u00c9cole Estienne (France)\u2026","rel":"","context":"Similar post","block_context":{"text":"Similar post","link":""},"img":{"alt_text":"Logo Odyssart 2026","src":"https:\/\/i0.wp.com\/odyssart.org\/wp-content\/uploads\/2025\/12\/Logo-Odyssart-2026.png?resize=350%2C200&ssl=1","width":350,"height":200,"srcset":"https:\/\/i0.wp.com\/odyssart.org\/wp-content\/uploads\/2025\/12\/Logo-Odyssart-2026.png?resize=350%2C200&ssl=1 1x, https:\/\/i0.wp.com\/odyssart.org\/wp-content\/uploads\/2025\/12\/Logo-Odyssart-2026.png?resize=525%2C300&ssl=1 1.5x, https:\/\/i0.wp.com\/odyssart.org\/wp-content\/uploads\/2025\/12\/Logo-Odyssart-2026.png?resize=700%2C400&ssl=1 2x"},"classes":[]}],"_links":{"self":[{"href":"https:\/\/odyssart.org\/en\/wp-json\/wp\/v2\/pages\/3","targetHints":{"allow":["GET"]}}],"collection":[{"href":"https:\/\/odyssart.org\/en\/wp-json\/wp\/v2\/pages"}],"about":[{"href":"https:\/\/odyssart.org\/en\/wp-json\/wp\/v2\/types\/page"}],"author":[{"embeddable":true,"href":"https:\/\/odyssart.org\/en\/wp-json\/wp\/v2\/users\/1"}],"replies":[{"embeddable":true,"href":"https:\/\/odyssart.org\/en\/wp-json\/wp\/v2\/comments?post=3"}],"version-history":[{"count":2,"href":"https:\/\/odyssart.org\/en\/wp-json\/wp\/v2\/pages\/3\/revisions"}],"predecessor-version":[{"id":495,"href":"https:\/\/odyssart.org\/en\/wp-json\/wp\/v2\/pages\/3\/revisions\/495"}],"wp:attachment":[{"href":"https:\/\/odyssart.org\/en\/wp-json\/wp\/v2\/media?parent=3"}],"curies":[{"name":"wp","href":"https:\/\/api.w.org\/{rel}","templated":true}]}}