{"id":30,"date":"2025-08-18T16:01:19","date_gmt":"2025-08-18T16:01:19","guid":{"rendered":"http:\/\/odyssart.org\/?page_id=30"},"modified":"2025-09-22T10:58:54","modified_gmt":"2025-09-22T08:58:54","slug":"laureats-odyssart-2025","status":"publish","type":"page","link":"https:\/\/odyssart.org\/en\/laureats-odyssart-2025\/","title":{"rendered":"2025 Grant recipients"},"content":{"rendered":"<p><\/p>\n\n\n\n<div class=\"wp-block-uagb-container uagb-block-9e1cf1c1 alignwide uagb-is-root-container\">\n<div class=\"wp-block-uagb-container uagb-block-5d95591b\">\n<div class=\"wp-block-uagb-advanced-heading uagb-block-152a8fd5\"><h2 class=\"uagb-heading-text\">12 grant-winning projects<\/h2><\/div>\n\n\n\n<p>The third edition of the Odyssart call for projects has delivered its results for 2025. <strong>Twelve projects<\/strong> were selected for their artistic quality, originality, and diversity. The list of grant-winning projects was unveiled on January 9, 2025.<\/p>\n<\/div>\n\n\n\n<div class=\"wp-block-uagb-container uagb-block-1c29ea86\">\n<figure class=\"wp-block-image size-large\"><img loading=\"lazy\" decoding=\"async\" width=\"1024\" height=\"681\" src=\"http:\/\/odyssart.org\/wp-content\/uploads\/2025\/08\/2025-06-30-OFQJ-Conference-063-1024x681.jpg\" alt=\"Rencontre des laur\u00e9ats Odyssart 2025\" class=\"wp-image-448\" srcset=\"https:\/\/odyssart.org\/wp-content\/uploads\/2025\/08\/2025-06-30-OFQJ-Conference-063-1024x681.jpg 1024w, https:\/\/odyssart.org\/wp-content\/uploads\/2025\/08\/2025-06-30-OFQJ-Conference-063-300x200.jpg 300w, https:\/\/odyssart.org\/wp-content\/uploads\/2025\/08\/2025-06-30-OFQJ-Conference-063-768x511.jpg 768w, https:\/\/odyssart.org\/wp-content\/uploads\/2025\/08\/2025-06-30-OFQJ-Conference-063-1536x1022.jpg 1536w, https:\/\/odyssart.org\/wp-content\/uploads\/2025\/08\/2025-06-30-OFQJ-Conference-063-18x12.jpg 18w, https:\/\/odyssart.org\/wp-content\/uploads\/2025\/08\/2025-06-30-OFQJ-Conference-063.jpg 2000w\" sizes=\"auto, (max-width: 1024px) 100vw, 1024px\" \/><\/figure>\n<\/div>\n<\/div>\n\n\n\n<div class=\"wp-block-uagb-container uagb-block-f166248d alignfull uagb-is-root-container\"><div class=\"uagb-container-inner-blocks-wrap\">\n<div class=\"wp-block-uagb-container uagb-block-ced64000\">\n<figure class=\"wp-block-image size-full has-custom-border\"><img loading=\"lazy\" decoding=\"async\" width=\"410\" height=\"231\" src=\"http:\/\/odyssart.org\/wp-content\/uploads\/2025\/08\/web-trident.jpg\" alt=\"\" class=\"wp-image-453\" style=\"border-radius:10px\" srcset=\"https:\/\/odyssart.org\/wp-content\/uploads\/2025\/08\/web-trident.jpg 410w, https:\/\/odyssart.org\/wp-content\/uploads\/2025\/08\/web-trident-300x169.jpg 300w, https:\/\/odyssart.org\/wp-content\/uploads\/2025\/08\/web-trident-18x10.jpg 18w\" sizes=\"auto, (max-width: 410px) 100vw, 410px\" \/><\/figure>\n<\/div>\n\n\n\n<div class=\"wp-block-uagb-container uagb-block-db8c5f42\">\n<div class=\"wp-block-uagb-advanced-heading uagb-block-64285dc9\"><h3 class=\"uagb-heading-text\">Ce que je sais de toi<\/h3><\/div>\n\n\n\n<p style=\"margin-top:0;margin-right:0;margin-bottom:0;margin-left:0;padding-top:0;padding-right:0;padding-bottom:0;padding-left:0\"><strong>R\u00e9sidences de cr\u00e9ation pour l&rsquo;adaptation au th\u00e9\u00e2tre du roman <em>Ce que je sais de toi<\/em>, d&rsquo;Eric Chacour.<\/strong><\/p>\n\n\n\n<p class=\"has-secondary-bg-background-color has-background\" style=\"border-radius:5px;margin-top:0;margin-bottom:0\"><a href=\"https:\/\/www.letrident.com\/\" target=\"_blank\" rel=\"noreferrer noopener\">Th\u00e9\u00e2tre Le Trident<\/a> (Canada), en partenariat avec <a href=\"https:\/\/duceppe.com\/\" data-type=\"link\" data-id=\"https:\/\/duceppe.com\/\">Th\u00e9\u00e2tre Duceppe<\/a> (Canada) et <a href=\"https:\/\/www.colline.fr\/\" data-type=\"link\" data-id=\"https:\/\/www.colline.fr\/\">La Colline &#8211; Th\u00e9\u00e2tre national<\/a> (France).<\/p>\n\n\n\n<div class=\"wp-block-buttons is-content-justification-center is-layout-flex wp-container-core-buttons-is-layout-a89b3969 wp-block-buttons-is-layout-flex\">\n<div class=\"wp-block-button\"><a class=\"wp-block-button__link wp-element-button\" href=\"https:\/\/ici.radio-canada.ca\/nouvelle\/2132329\/roman-livre-scene-olivier-arteau\" target=\"_blank\" rel=\"noreferrer noopener\">Learn more<\/a><\/div>\n<\/div>\n\n\n\n<div class=\"wp-block-essential-blocks-social  root-eb-social-links-cb814\"><div class=\"eb-parent-wrapper eb-parent-eb-social-links-cb814\"><div class=\"eb-social-links-cb814 eb-social-links-wrapper\"><ul class=\"eb-socials\"><li><a class=\"instagram-original\" href=\"https:\/\/www.instagram.com\/oarteau\/?hl=fr\" target=\"_blank\" rel=\"noopener\" aria-label=\"social link\"><i class=\"hvr-icon eb-social-icon fab fa-instagram\"><\/i><\/a><\/li><li><a class=\"linkedin-in-original\" href=\"https:\/\/www.linkedin.com\/company\/theatre-du-trident\/\" target=\"_blank\" rel=\"noopener\" aria-label=\"social link\"><i class=\"hvr-icon eb-social-icon fab fa-linkedin-in\"><\/i><\/a><\/li><\/ul><\/div><\/div><\/div>\n<\/div>\n<\/div><\/div>\n\n\n\n<div class=\"wp-block-uagb-container uagb-block-a7fc6aaa alignfull uagb-is-root-container\"><div class=\"uagb-container-inner-blocks-wrap\">\n<div class=\"wp-block-uagb-container uagb-block-82685570\">\n<div class=\"wp-block-uagb-advanced-heading uagb-block-00f00bc6\"><h3 class=\"uagb-heading-text\">Voix nomades<\/h3><\/div>\n\n\n\n<p style=\"margin-top:0;margin-right:0;margin-bottom:0;margin-left:0;padding-top:0;padding-right:0;padding-bottom:0;padding-left:0\"><strong>Spectacle de contes en itin\u00e9rance, au pas des chevaux.<\/strong><\/p>\n\n\n\n<p class=\"has-secondary-bg-background-color has-background\" style=\"border-radius:5px;margin-top:0;margin-bottom:0\"><a href=\"https:\/\/nomadesdesterres.org\/\" target=\"_blank\" rel=\"noreferrer noopener\">Nomades des Terres<\/a> (France), en partenariat avec le <a href=\"https:\/\/www.facebook.com\/groups\/241830039185194\/?fref=ts\" target=\"_blank\" rel=\"noreferrer noopener\">Cercle des conteurs de Trois-Rivi\u00e8res<\/a> (Canada).<\/p>\n\n\n\n<div class=\"wp-block-buttons is-content-justification-center is-layout-flex wp-container-core-buttons-is-layout-a89b3969 wp-block-buttons-is-layout-flex\">\n<div class=\"wp-block-button\"><a class=\"wp-block-button__link wp-element-button\" href=\"https:\/\/nomadesdesterres.org\/\" target=\"_blank\" rel=\"noreferrer noopener\">Learn more<\/a><\/div>\n<\/div>\n\n\n\n<div class=\"wp-block-essential-blocks-social  root-eb-social-links-ewtdo\"><div class=\"eb-parent-wrapper eb-parent-eb-social-links-ewtdo\"><div class=\"eb-social-links-ewtdo eb-social-links-wrapper\"><ul class=\"eb-socials\"><li><a class=\"instagram-original\" href=\"https:\/\/www.instagram.com\/nomadesdesterres\/\" target=\"_blank\" rel=\"noopener\" aria-label=\"social link\"><i class=\"hvr-icon eb-social-icon fab fa-instagram\"><\/i><\/a><\/li><li><a class=\"linkedin-in-original\" href=\"https:\/\/www.linkedin.com\/company\/nomades-des-terres\/\" target=\"_blank\" rel=\"noopener\" aria-label=\"social link\"><i class=\"hvr-icon eb-social-icon fab fa-linkedin-in\"><\/i><\/a><\/li><li><a class=\"facebook-f-original\" href=\"https:\/\/www.facebook.com\/nomadesdesterres\" target=\"_blank\" rel=\"noopener\" aria-label=\"social link\"><i class=\"hvr-icon eb-social-icon fab fa-facebook-f\"><\/i><\/a><\/li><li><a class=\"youtube-original\" href=\"https:\/\/www.youtube.com\/c\/NomadesdesTerres\" target=\"_blank\" rel=\"noopener\" aria-label=\"social link\"><i class=\"hvr-icon eb-social-icon fab fa-youtube\"><\/i><\/a><\/li><\/ul><\/div><\/div><\/div>\n<\/div>\n\n\n\n<div class=\"wp-block-uagb-container uagb-block-3ecfd1db\">\n<figure class=\"wp-block-image size-large has-custom-border\"><img loading=\"lazy\" decoding=\"async\" width=\"1024\" height=\"576\" src=\"http:\/\/odyssart.org\/wp-content\/uploads\/2025\/08\/Voix-Nomades-2025-1024x576.jpg\" alt=\"Voix Nomades - Nomades des Terres\" class=\"wp-image-44\" style=\"border-radius:10px\" srcset=\"https:\/\/odyssart.org\/wp-content\/uploads\/2025\/08\/Voix-Nomades-2025-1024x576.jpg 1024w, https:\/\/odyssart.org\/wp-content\/uploads\/2025\/08\/Voix-Nomades-2025-300x169.jpg 300w, https:\/\/odyssart.org\/wp-content\/uploads\/2025\/08\/Voix-Nomades-2025-768x432.jpg 768w, https:\/\/odyssart.org\/wp-content\/uploads\/2025\/08\/Voix-Nomades-2025.jpg 1500w\" sizes=\"auto, (max-width: 1024px) 100vw, 1024px\" \/><\/figure>\n<\/div>\n<\/div><\/div>\n\n\n\n<div class=\"wp-block-uagb-container uagb-block-1ed168c6 alignfull uagb-is-root-container\"><div class=\"uagb-container-inner-blocks-wrap\">\n<div class=\"wp-block-uagb-container uagb-block-9bc90a2d\">\n<figure class=\"wp-block-image size-large\"><img loading=\"lazy\" decoding=\"async\" width=\"1024\" height=\"576\" src=\"http:\/\/odyssart.org\/wp-content\/uploads\/2025\/08\/534639007_10162342797484262_7501508205983563318_n-1024x576.jpg\" alt=\"\" class=\"wp-image-330\" srcset=\"https:\/\/odyssart.org\/wp-content\/uploads\/2025\/08\/534639007_10162342797484262_7501508205983563318_n-1024x576.jpg 1024w, https:\/\/odyssart.org\/wp-content\/uploads\/2025\/08\/534639007_10162342797484262_7501508205983563318_n-300x169.jpg 300w, https:\/\/odyssart.org\/wp-content\/uploads\/2025\/08\/534639007_10162342797484262_7501508205983563318_n-768x432.jpg 768w, https:\/\/odyssart.org\/wp-content\/uploads\/2025\/08\/534639007_10162342797484262_7501508205983563318_n-18x10.jpg 18w, https:\/\/odyssart.org\/wp-content\/uploads\/2025\/08\/534639007_10162342797484262_7501508205983563318_n.jpg 1080w\" sizes=\"auto, (max-width: 1024px) 100vw, 1024px\" \/><\/figure>\n<\/div>\n\n\n\n<div class=\"wp-block-uagb-container uagb-block-37b94f9a\">\n<div class=\"wp-block-uagb-advanced-heading uagb-block-b4022368\"><h3 class=\"uagb-heading-text\">Traverser le vent<\/h3><\/div>\n\n\n\n<p style=\"margin-top:0;margin-right:0;margin-bottom:0;margin-left:0;padding-top:0;padding-right:0;padding-bottom:0;padding-left:0\"><strong>Documentaire sonore immersif explorant la migration des oiseaux dans la Haute-C\u00f4te-Nord au Qu\u00e9bec.<\/strong><\/p>\n\n\n\n<p class=\"has-secondary-bg-background-color has-background\" style=\"border-radius:5px;margin-top:0;margin-bottom:0\"><a href=\"https:\/\/www.thibautquinchon.ca\/\" data-type=\"link\" data-id=\"https:\/\/www.thibautquinchon.ca\/\">Thibaut Quinchon<\/a> (Canada), en partenariat avec <a href=\"https:\/\/www.facebook.com\/RFILabo\/?locale=fr_FR\" data-type=\"link\" data-id=\"https:\/\/www.facebook.com\/RFILabo\/?locale=fr_FR\">RFI Labo \u2013 France M\u00e9dias Monde<\/a> (France)<\/p>\n\n\n\n<div class=\"wp-block-buttons is-content-justification-center is-layout-flex wp-container-core-buttons-is-layout-a89b3969 wp-block-buttons-is-layout-flex\">\n<div class=\"wp-block-button\"><a class=\"wp-block-button__link wp-element-button\" href=\"https:\/\/www.thibautquinchon.ca\" target=\"_blank\" rel=\"noreferrer noopener\">Learn more<\/a><\/div>\n<\/div>\n\n\n\n<div class=\"wp-block-essential-blocks-social  root-eb-social-links-y448l\"><div class=\"eb-parent-wrapper eb-parent-eb-social-links-y448l\"><div class=\"eb-social-links-y448l eb-social-links-wrapper\"><ul class=\"eb-socials\"><li><a class=\"linkedin-in-original\" href=\"https:\/\/www.linkedin.com\/in\/thibaut-quinchon\/\" target=\"_blank\" rel=\"noopener\" aria-label=\"social link\"><i class=\"hvr-icon eb-social-icon fab fa-linkedin-in\"><\/i><\/a><\/li><li><a class=\"facebook-f-original\" href=\"https:\/\/www.facebook.com\/thibaut.quinchon\/\" target=\"_blank\" rel=\"noopener\" aria-label=\"social link\"><i class=\"hvr-icon eb-social-icon fab fa-facebook-f\"><\/i><\/a><\/li><li><a class=\"soundcloud-original\" href=\"https:\/\/soundcloud.com\/dissociationqc\" target=\"_blank\" rel=\"noopener\" aria-label=\"social link\"><i class=\"hvr-icon eb-social-icon fab fa-soundcloud\"><\/i><\/a><\/li><\/ul><\/div><\/div><\/div>\n<\/div>\n<\/div><\/div>\n\n\n\n<div class=\"wp-block-uagb-container uagb-block-eaf71268 alignfull uagb-is-root-container\"><div class=\"uagb-container-inner-blocks-wrap\">\n<div class=\"wp-block-uagb-container uagb-block-002f0020\">\n<div class=\"wp-block-uagb-advanced-heading uagb-block-12eebfaf\"><h3 class=\"uagb-heading-text\">Cr\u00e9ation Num\u00e9rique, Corps, R\u00e9alit\u00e9 Augment\u00e9e<\/h3><\/div>\n\n\n\n<p style=\"margin-top:0;margin-right:0;margin-bottom:0;margin-left:0;padding-top:0;padding-right:0;padding-bottom:0;padding-left:0\"><strong>Production de deux \u0153uvres originales mixant danse, arts visuels et R\u00e9alit\u00e9 Augment\u00e9e.&nbsp;<\/strong><\/p>\n\n\n\n<p class=\"has-secondary-bg-background-color has-background\" style=\"border-radius:5px;margin-top:0;margin-bottom:0\"><a href=\"https:\/\/reveality.io\/fr\/#hero\" data-type=\"link\" data-id=\"https:\/\/reveality.io\/fr\/#hero\">REVEALITY SAS<\/a> (France), en partenariat avec <a href=\"https:\/\/www.ocadu.ca\/\">Ontario College of Art and Design<\/a>&nbsp;(Canada)<\/p>\n\n\n\n<div class=\"wp-block-buttons is-content-justification-center is-layout-flex wp-container-core-buttons-is-layout-a89b3969 wp-block-buttons-is-layout-flex\">\n<div class=\"wp-block-button\"><a class=\"wp-block-button__link wp-element-button\" href=\"https:\/\/reveality.io\/fr\/#hero\" target=\"_blank\" rel=\"noreferrer noopener\">Learn more<\/a><\/div>\n<\/div>\n\n\n\n<div class=\"wp-block-essential-blocks-social  root-eb-social-links-aj6ad\"><div class=\"eb-parent-wrapper eb-parent-eb-social-links-aj6ad\"><div class=\"eb-social-links-aj6ad eb-social-links-wrapper\"><ul class=\"eb-socials\"><li><a class=\"instagram-original\" href=\"https:\/\/www.instagram.com\/revy_app\/\" target=\"_blank\" rel=\"noopener\" aria-label=\"social link\"><i class=\"hvr-icon eb-social-icon fab fa-instagram\"><\/i><\/a><\/li><li><a class=\"facebook-f-original\" href=\"https:\/\/www.facebook.com\/nomadesdesterres\" target=\"_blank\" rel=\"noopener\" aria-label=\"social link\"><i class=\"hvr-icon eb-social-icon fab fa-facebook-f\"><\/i><\/a><\/li><li><a class=\"linkedin-in-original\" href=\"https:\/\/www.linkedin.com\/company\/nomades-des-terres\/\" target=\"_blank\" rel=\"noopener\" aria-label=\"social link\"><i class=\"hvr-icon eb-social-icon fab fa-linkedin-in\"><\/i><\/a><\/li><\/ul><\/div><\/div><\/div>\n<\/div>\n\n\n\n<div class=\"wp-block-uagb-container uagb-block-4b66f960\">\n<figure class=\"wp-block-image size-large has-custom-border\"><img loading=\"lazy\" decoding=\"async\" width=\"1024\" height=\"576\" src=\"https:\/\/odyssart.org\/wp-content\/uploads\/2025\/08\/reveality-2025-1024x576.png\" alt=\"Cr\u00e9ation Num\u00e9rique, Corps, R\u00e9alit\u00e9 Augment\u00e9e\" class=\"wp-image-335\" style=\"border-radius:10px\" srcset=\"https:\/\/odyssart.org\/wp-content\/uploads\/2025\/08\/reveality-2025-1024x576.png 1024w, https:\/\/odyssart.org\/wp-content\/uploads\/2025\/08\/reveality-2025-300x169.png 300w, https:\/\/odyssart.org\/wp-content\/uploads\/2025\/08\/reveality-2025-768x432.png 768w, https:\/\/odyssart.org\/wp-content\/uploads\/2025\/08\/reveality-2025-18x10.png 18w, https:\/\/odyssart.org\/wp-content\/uploads\/2025\/08\/reveality-2025.png 1215w\" sizes=\"auto, (max-width: 1024px) 100vw, 1024px\" \/><figcaption class=\"wp-element-caption\">REVEALITY SAS (France), en partenariat avec Ontario College of Art and Design (Canada)<\/figcaption><\/figure>\n<\/div>\n<\/div><\/div>\n\n\n\n<div class=\"wp-block-uagb-container uagb-block-0b92183e alignfull uagb-is-root-container\"><div class=\"uagb-container-inner-blocks-wrap\">\n<div class=\"wp-block-uagb-container uagb-block-8dd8df3f\">\n<figure class=\"wp-block-image size-full has-custom-border\"><img loading=\"lazy\" decoding=\"async\" width=\"843\" height=\"472\" src=\"https:\/\/odyssart.org\/wp-content\/uploads\/2025\/08\/concours-orgue-2025.png\" alt=\"Explorer et cultiver l\u2019h\u00e9ritage de l\u2019orgue\" class=\"wp-image-332\" style=\"border-radius:10px\" srcset=\"https:\/\/odyssart.org\/wp-content\/uploads\/2025\/08\/concours-orgue-2025.png 843w, https:\/\/odyssart.org\/wp-content\/uploads\/2025\/08\/concours-orgue-2025-300x168.png 300w, https:\/\/odyssart.org\/wp-content\/uploads\/2025\/08\/concours-orgue-2025-768x430.png 768w, https:\/\/odyssart.org\/wp-content\/uploads\/2025\/08\/concours-orgue-2025-18x10.png 18w\" sizes=\"auto, (max-width: 843px) 100vw, 843px\" \/><figcaption class=\"wp-element-caption\">Concours international d\u2019orgue du Canada (Canada), en partenariat avec Toulouse les Orgues (France)<\/figcaption><\/figure>\n<\/div>\n\n\n\n<div class=\"wp-block-uagb-container uagb-block-49afe54e\">\n<div class=\"wp-block-uagb-advanced-heading uagb-block-712ddecf\"><h3 class=\"uagb-heading-text\">Explorer et cultiver l\u2019h\u00e9ritage de l\u2019orgue<\/h3><\/div>\n\n\n\n<p style=\"margin-top:0;margin-right:0;margin-bottom:0;margin-left:0;padding-top:0;padding-right:0;padding-bottom:0;padding-left:0\">R<strong>\u00e9sidence de cr\u00e9ation musicale exp\u00e9rimentale \u00e0 l\u2019orgue, int\u00e9grant des techniques novatrices.<\/strong><\/p>\n\n\n\n<p class=\"has-secondary-bg-background-color has-background\" style=\"border-radius:5px;margin-top:0;margin-bottom:0\"><a href=\"https:\/\/ciocm.org\/fr\/\" data-type=\"link\" data-id=\"https:\/\/ciocm.org\/fr\/\">Concours international d&rsquo;orgue du Canada<\/a> (Canada), en partenariat avec <a href=\"https:\/\/toulouse-les-orgues.org\/\">Toulouse les Orgues<\/a> (France)<\/p>\n\n\n\n<div class=\"wp-block-buttons is-content-justification-center is-layout-flex wp-container-core-buttons-is-layout-a89b3969 wp-block-buttons-is-layout-flex\">\n<div class=\"wp-block-button\"><a class=\"wp-block-button__link wp-element-button\" href=\"https:\/\/ciocm.org\/fr\/\" target=\"_blank\" rel=\"noreferrer noopener\">Learn more<\/a><\/div>\n<\/div>\n\n\n\n<div class=\"wp-block-essential-blocks-social  root-eb-social-links-i6q4s\"><div class=\"eb-parent-wrapper eb-parent-eb-social-links-i6q4s\"><div class=\"eb-social-links-i6q4s eb-social-links-wrapper\"><ul class=\"eb-socials\"><li><a class=\"instagram-original\" href=\"https:\/\/www.instagram.com\/lisihubmann\/\" target=\"_blank\" rel=\"noopener\" aria-label=\"social link\"><i class=\"hvr-icon eb-social-icon fab fa-instagram\"><\/i><\/a><\/li><li><a class=\"facebook-f-original\" href=\"https:\/\/www.facebook.com\/lisi.hubmann\/\" target=\"_blank\" rel=\"noopener\" aria-label=\"social link\"><i class=\"hvr-icon eb-social-icon fab fa-facebook-f\"><\/i><\/a><\/li><li><a class=\"youtube-original\" href=\"http:\/\/%20www.youtube.com\/@elisabethhubmann2855\" target=\"_blank\" rel=\"noopener\" aria-label=\"social link\"><i class=\"hvr-icon eb-social-icon fab fa-youtube\"><\/i><\/a><\/li><li><a class=\"soundcloud-original\" href=\"https:\/\/soundcloud.com\/elisabethhubmann\" target=\"_blank\" rel=\"noopener\" aria-label=\"social link\"><i class=\"hvr-icon eb-social-icon fab fa-soundcloud\"><\/i><\/a><\/li><\/ul><\/div><\/div><\/div>\n<\/div>\n<\/div><\/div>\n\n\n\n<div class=\"wp-block-uagb-container uagb-block-59245f0c alignfull uagb-is-root-container\"><div class=\"uagb-container-inner-blocks-wrap\">\n<div class=\"wp-block-uagb-container uagb-block-a737f148\">\n<div class=\"wp-block-uagb-advanced-heading uagb-block-733c234d\"><h3 class=\"uagb-heading-text\">Rencontres Fragiles<\/h3><\/div>\n\n\n\n<p style=\"margin-top:0;margin-right:0;margin-bottom:0;margin-left:0;padding-top:0;padding-right:0;padding-bottom:0;padding-left:0\"><strong>Podcast a\u0300 la crois\u00e9e de la recherche et de la cr\u00e9ation sur les effets de la guerre en Palestine\/Isra\u00ebl sur les relations entre les communaut\u00e9s juives et musulmanes \u00e0 Marseille et Montr\u00e9al.<\/strong><\/p>\n\n\n\n<p class=\"has-secondary-bg-background-color has-background\" style=\"border-radius:5px;margin-top:0;margin-bottom:0\">Les <a href=\"https:\/\/www.film-documentaire.fr\/4DACTION\/w_liste_generique\/S_72544_G\" data-type=\"link\" data-id=\"https:\/\/reveality.io\/fr\/#hero\">Films de la Bosse<\/a> (France), en partenariat avec la <a href=\"https:\/\/libexpress.hypotheses.org\/\">Chaire de recherche Colibex<\/a> (Canada)<\/p>\n\n\n\n<div class=\"wp-block-buttons is-content-justification-center is-layout-flex wp-container-core-buttons-is-layout-a89b3969 wp-block-buttons-is-layout-flex\">\n<div class=\"wp-block-button\"><a class=\"wp-block-button__link wp-element-button\" href=\"https:\/\/www.film-documentaire.fr\/4DACTION\/w_liste_generique\/C_101439_F\" target=\"_blank\" rel=\"noreferrer noopener\">Learn more<\/a><\/div>\n<\/div>\n\n\n\n<div class=\"wp-block-essential-blocks-social  root-eb-social-links-51iax\"><div class=\"eb-parent-wrapper eb-parent-eb-social-links-51iax\"><div class=\"eb-social-links-51iax eb-social-links-wrapper\"><ul class=\"eb-socials\"><li><a class=\"instagram-original\" href=\"https:\/\/www.instagram.com\/kleops\/\" target=\"_blank\" rel=\"noopener\" aria-label=\"social link\"><i class=\"hvr-icon eb-social-icon fab fa-instagram\"><\/i><\/a><\/li><li><a class=\"linkedin-in-original\" href=\"https:\/\/www.linkedin.com\/in\/cl%C3%A9o-cohen-771554113\/\" target=\"_blank\" rel=\"noopener\" aria-label=\"social link\"><i class=\"hvr-icon eb-social-icon fab fa-linkedin-in\"><\/i><\/a><\/li><\/ul><\/div><\/div><\/div>\n<\/div>\n\n\n\n<div class=\"wp-block-uagb-container uagb-block-7d061386\">\n<figure class=\"wp-block-image size-full has-custom-border\"><img loading=\"lazy\" decoding=\"async\" width=\"999\" height=\"562\" src=\"https:\/\/odyssart.org\/wp-content\/uploads\/2025\/08\/rencontres-fragiles-2025.png\" alt=\"Rencontres Fragiles\" class=\"wp-image-336\" style=\"border-radius:10px\" srcset=\"https:\/\/odyssart.org\/wp-content\/uploads\/2025\/08\/rencontres-fragiles-2025.png 999w, https:\/\/odyssart.org\/wp-content\/uploads\/2025\/08\/rencontres-fragiles-2025-300x169.png 300w, https:\/\/odyssart.org\/wp-content\/uploads\/2025\/08\/rencontres-fragiles-2025-768x432.png 768w, https:\/\/odyssart.org\/wp-content\/uploads\/2025\/08\/rencontres-fragiles-2025-18x10.png 18w\" sizes=\"auto, (max-width: 999px) 100vw, 999px\" \/><figcaption class=\"wp-element-caption\">Les Films de la Bosse (France), en partenariat avec la Chaire de recherche Colibex (Canada)<\/figcaption><\/figure>\n<\/div>\n<\/div><\/div>\n\n\n\n<div class=\"wp-block-uagb-container uagb-block-395f5bb6 alignfull uagb-is-root-container\"><div class=\"uagb-container-inner-blocks-wrap\">\n<div class=\"wp-block-uagb-container uagb-block-90208b9a\">\n<figure class=\"wp-block-image size-full has-custom-border\"><img loading=\"lazy\" decoding=\"async\" width=\"1000\" height=\"570\" src=\"https:\/\/odyssart.org\/wp-content\/uploads\/2025\/08\/pan-2025.jpg\" alt=\"Pan\" class=\"wp-image-333\" style=\"border-radius:10px\" srcset=\"https:\/\/odyssart.org\/wp-content\/uploads\/2025\/08\/pan-2025.jpg 1000w, https:\/\/odyssart.org\/wp-content\/uploads\/2025\/08\/pan-2025-300x171.jpg 300w, https:\/\/odyssart.org\/wp-content\/uploads\/2025\/08\/pan-2025-768x438.jpg 768w, https:\/\/odyssart.org\/wp-content\/uploads\/2025\/08\/pan-2025-18x10.jpg 18w\" sizes=\"auto, (max-width: 1000px) 100vw, 1000px\" \/><figcaption class=\"wp-element-caption\">Compagnie Ga\u00efus (France), en partenariat avec La Tohu (Canada) <\/figcaption><\/figure>\n<\/div>\n\n\n\n<div class=\"wp-block-uagb-container uagb-block-98c9a308\">\n<div class=\"wp-block-uagb-advanced-heading uagb-block-1b854ae0\"><h3 class=\"uagb-heading-text\">PAN !<\/h3><\/div>\n\n\n\n<p style=\"margin-top:0;margin-right:0;margin-bottom:0;margin-left:0;padding-top:0;padding-right:0;padding-bottom:0;padding-left:0\"><strong>Cr\u00e9ation d\u2019un spectacle de main-\u00e0-main associant disciplines de cirque contemporain et musique exp\u00e9rimentale.<\/strong><\/p>\n\n\n\n<p class=\"has-secondary-bg-background-color has-background\" style=\"border-radius:5px;margin-top:0;margin-bottom:0\"><a href=\"https:\/\/latitude50.be\/23-24\/creation\/agenda-residences\/gaius\/\" data-type=\"link\" data-id=\"https:\/\/latitude50.be\/23-24\/creation\/agenda-residences\/gaius\/\">Compagnie Ga\u00efus<\/a> (France), en partenariat avec <a href=\"https:\/\/tohu.ca\/fr\">La Tohu<\/a> (Canada) <\/p>\n\n\n\n<div class=\"wp-block-buttons is-content-justification-center is-layout-flex wp-container-core-buttons-is-layout-a89b3969 wp-block-buttons-is-layout-flex\">\n<div class=\"wp-block-button\"><a class=\"wp-block-button__link wp-element-button\" href=\"https:\/\/latitude50.be\/23-24\/creation\/agenda-residences\/gaius\/\">Learn more<\/a><\/div>\n<\/div>\n\n\n\n<div class=\"wp-block-essential-blocks-social  root-eb-social-links-3tnu6\"><div class=\"eb-parent-wrapper eb-parent-eb-social-links-3tnu6\"><div class=\"eb-social-links-3tnu6 eb-social-links-wrapper\"><ul class=\"eb-socials\"><li><a class=\"instagram-original\" href=\"https:\/\/www.instagram.com\/cie.gaius\/\" target=\"_blank\" rel=\"noopener\" aria-label=\"social link\"><i class=\"hvr-icon eb-social-icon fab fa-instagram\"><\/i><\/a><\/li><li><a class=\"facebook-f-original\" href=\"https:\/\/www.facebook.com\/ciegaius\/\" target=\"_blank\" rel=\"noopener\" aria-label=\"social link\"><i class=\"hvr-icon eb-social-icon fab fa-facebook-f\"><\/i><\/a><\/li><\/ul><\/div><\/div><\/div>\n<\/div>\n<\/div><\/div>\n\n\n\n<div class=\"wp-block-uagb-container uagb-block-24001160 alignfull uagb-is-root-container\"><div class=\"uagb-container-inner-blocks-wrap\">\n<div class=\"wp-block-uagb-container uagb-block-822c88bd\">\n<div class=\"wp-block-uagb-advanced-heading uagb-block-a41778b9\"><h3 class=\"uagb-heading-text\">Broken Spaces<\/h3><\/div>\n\n\n\n<p style=\"margin-top:0;margin-right:0;margin-bottom:0;margin-left:0;padding-top:0;padding-right:0;padding-bottom:0;padding-left:0\"><strong>Projet de recherche\/cr\u00e9ation de deux nouvelles \u0153uvres de musique mixte int\u00e9grant nouvelles technologies et aspects visuels.<\/strong><\/p>\n\n\n\n<p class=\"has-secondary-bg-background-color has-background\" style=\"border-radius:5px;margin-top:0;margin-bottom:0\"><a href=\"https:\/\/www.ensembleeclat.com\/\" data-type=\"link\" data-id=\"https:\/\/www.ensembleeclat.com\/\">Ensemble \u00c9clat<\/a> (Canada), en partenariat avec l&rsquo;<a href=\"https:\/\/www.ircam.fr\/\">IRCAM<\/a> (France)<\/p>\n\n\n\n<div class=\"wp-block-buttons is-content-justification-center is-layout-flex wp-container-core-buttons-is-layout-a89b3969 wp-block-buttons-is-layout-flex\">\n<div class=\"wp-block-button\"><a class=\"wp-block-button__link wp-element-button\" href=\"https:\/\/www.ensembleeclat.com\/\" target=\"_blank\" rel=\"noreferrer noopener\">Learn more<\/a><\/div>\n<\/div>\n\n\n\n<div class=\"wp-block-essential-blocks-social  root-eb-social-links-34agj\"><div class=\"eb-parent-wrapper eb-parent-eb-social-links-34agj\"><div class=\"eb-social-links-34agj eb-social-links-wrapper\"><ul class=\"eb-socials\"><li><a class=\"instagram-original\" href=\"https:\/\/www.instagram.com\/ensemble.eclat\/\" target=\"_blank\" rel=\"noopener\" aria-label=\"social link\"><i class=\"hvr-icon eb-social-icon fab fa-instagram\"><\/i><\/a><\/li><li><a class=\"facebook-f-original\" href=\"https:\/\/www.facebook.com\/ensemble.eclat.montreal\" target=\"_blank\" rel=\"noopener\" aria-label=\"social link\"><i class=\"hvr-icon eb-social-icon fab fa-facebook-f\"><\/i><\/a><\/li><li><a class=\"linkedin-in-original\" href=\"https:\/\/www.linkedin.com\/company\/ensemble-%C3%A9clat\/\" target=\"_blank\" rel=\"noopener\" aria-label=\"social link\"><i class=\"hvr-icon eb-social-icon fab fa-linkedin-in\"><\/i><\/a><\/li><li><a class=\"youtube-original\" href=\"https:\/\/www.youtube.com\/@EnsembleEclatm\/@EnsembleEclat.com\/company\/ensemble-%C3%A9clat\/\" target=\"_blank\" rel=\"noopener\" aria-label=\"social link\"><i class=\"hvr-icon eb-social-icon fab fa-youtube\"><\/i><\/a><\/li><\/ul><\/div><\/div><\/div>\n<\/div>\n\n\n\n<div class=\"wp-block-uagb-container uagb-block-898b250f\">\n<figure class=\"wp-block-image size-large has-custom-border\"><img loading=\"lazy\" decoding=\"async\" width=\"1024\" height=\"579\" src=\"https:\/\/odyssart.org\/wp-content\/uploads\/2025\/08\/ensemble-eclat-2025-1024x579.png\" alt=\"Broken Spaces\" class=\"wp-image-337\" style=\"border-radius:10px\" srcset=\"https:\/\/odyssart.org\/wp-content\/uploads\/2025\/08\/ensemble-eclat-2025-1024x579.png 1024w, https:\/\/odyssart.org\/wp-content\/uploads\/2025\/08\/ensemble-eclat-2025-300x170.png 300w, https:\/\/odyssart.org\/wp-content\/uploads\/2025\/08\/ensemble-eclat-2025-768x434.png 768w, https:\/\/odyssart.org\/wp-content\/uploads\/2025\/08\/ensemble-eclat-2025-18x10.png 18w, https:\/\/odyssart.org\/wp-content\/uploads\/2025\/08\/ensemble-eclat-2025.png 1192w\" sizes=\"auto, (max-width: 1024px) 100vw, 1024px\" \/><figcaption class=\"wp-element-caption\">Ensemble \u00c9clat (Canada), en partenariat avec l\u2019IRCAM (France)<\/figcaption><\/figure>\n<\/div>\n<\/div><\/div>\n\n\n\n<div class=\"wp-block-uagb-container uagb-block-ec1a2362 alignfull uagb-is-root-container\"><div class=\"uagb-container-inner-blocks-wrap\">\n<div class=\"wp-block-uagb-container uagb-block-b6ee51fe\">\n<figure class=\"wp-block-image size-full has-custom-border\"><img loading=\"lazy\" decoding=\"async\" width=\"960\" height=\"540\" src=\"https:\/\/odyssart.org\/wp-content\/uploads\/2025\/08\/karukera-ballet-2025.jpg\" alt=\"Sillages en \u00e9mergence\" class=\"wp-image-331\" style=\"border-radius:10px\" srcset=\"https:\/\/odyssart.org\/wp-content\/uploads\/2025\/08\/karukera-ballet-2025.jpg 960w, https:\/\/odyssart.org\/wp-content\/uploads\/2025\/08\/karukera-ballet-2025-300x169.jpg 300w, https:\/\/odyssart.org\/wp-content\/uploads\/2025\/08\/karukera-ballet-2025-768x432.jpg 768w, https:\/\/odyssart.org\/wp-content\/uploads\/2025\/08\/karukera-ballet-2025-18x10.jpg 18w\" sizes=\"auto, (max-width: 960px) 100vw, 960px\" \/><figcaption class=\"wp-element-caption\">Dispositif R\u00e9cif \u2013 Karukera Ballet (France), en partenariat avec la Maison pour la Danse (Canada)<\/figcaption><\/figure>\n<\/div>\n\n\n\n<div class=\"wp-block-uagb-container uagb-block-00cc0694\">\n<div class=\"wp-block-uagb-advanced-heading uagb-block-67b1b3a5\"><h3 class=\"uagb-heading-text\">Sillages en \u00e9mergence<\/h3><\/div>\n\n\n\n<p style=\"margin-top:0;margin-right:0;margin-bottom:0;margin-left:0;padding-top:0;padding-right:0;padding-bottom:0;padding-left:0\"><strong>R\u00e9sidences crois\u00e9es de cr\u00e9ation en danse contemporaine entre le collectif HEDO de Guadeloupe et des artistes du Qu\u00e9bec.<\/strong><\/p>\n\n\n\n<p class=\"has-secondary-bg-background-color has-background\" style=\"border-radius:5px;margin-top:0;margin-bottom:0\"><a href=\"https:\/\/karukera-ballet.com\/dispositif-recif-2\/\" data-type=\"link\" data-id=\"https:\/\/karukera-ballet.com\/dispositif-recif-2\/\">Dispositif R\u00e9cif &#8211; Karukera Ballet<\/a> (France), en partenariat avec la <a href=\"https:\/\/www.maisonpourladanse.ca\/\">Maison pour la Danse<\/a> (Canada)<\/p>\n\n\n\n<div class=\"wp-block-buttons is-content-justification-center is-layout-flex wp-container-core-buttons-is-layout-a89b3969 wp-block-buttons-is-layout-flex\">\n<div class=\"wp-block-button\"><a class=\"wp-block-button__link wp-element-button\" href=\"https:\/\/www.instagram.com\/collectif.hedo\/\">Learn more<\/a><\/div>\n<\/div>\n\n\n\n<div class=\"wp-block-essential-blocks-social  root-eb-social-links-dhiyq\"><div class=\"eb-parent-wrapper eb-parent-eb-social-links-dhiyq\"><div class=\"eb-social-links-dhiyq eb-social-links-wrapper\"><ul class=\"eb-socials\"><li><a class=\"instagram-original\" href=\"https:\/\/www.instagram.com\/collectif.hedo\/\" target=\"_blank\" rel=\"noopener\" aria-label=\"social link\"><i class=\"hvr-icon eb-social-icon fab fa-instagram\"><\/i><\/a><\/li><li><a class=\"facebook-f-original\" href=\"https:\/\/www.facebook.com\/collectif.hedo\/\" target=\"_blank\" rel=\"noopener\" aria-label=\"social link\"><i class=\"hvr-icon eb-social-icon fab fa-facebook-f\"><\/i><\/a><\/li><li><a class=\"youtube-original\" href=\"https:\/\/www.youtube.com\/channel\/UCez9TGKWIWgvwC4C59AHfpA\/videos?app=desktop\" target=\"_blank\" rel=\"noopener\" aria-label=\"social link\"><i class=\"hvr-icon eb-social-icon fab fa-youtube\"><\/i><\/a><\/li><\/ul><\/div><\/div><\/div>\n<\/div>\n<\/div><\/div>\n\n\n\n<div class=\"wp-block-uagb-container uagb-block-1b4668ed alignfull uagb-is-root-container\"><div class=\"uagb-container-inner-blocks-wrap\">\n<div class=\"wp-block-uagb-container uagb-block-c0f248d9\">\n<div class=\"wp-block-uagb-advanced-heading uagb-block-24922153\"><h3 class=\"uagb-heading-text\">Robots Fabuleux<\/h3><\/div>\n\n\n\n<p style=\"margin-top:0;margin-right:0;margin-bottom:0;margin-left:0;padding-top:0;padding-right:0;padding-bottom:0;padding-left:0\"><strong>Projet artistique et scientifique de cr\u00e9ation de sculptures explorant l\u2019hybridation vivant\/machine.<\/strong><\/p>\n\n\n\n<p class=\"has-secondary-bg-background-color has-background\" style=\"border-radius:5px;margin-top:0;margin-bottom:0\"><a href=\"http:\/\/pepinieres.eu\/julie-everaert\/\" data-type=\"link\" data-id=\"http:\/\/pepinieres.eu\/julie-everaert\/\">Everaert Julie<\/a> (France), en partenariat avec <a href=\"https:\/\/www.nxigestatio.org\/\">NXI Gestatio Design Lab<\/a> (Canada)<\/p>\n\n\n\n<div class=\"wp-block-buttons is-content-justification-center is-layout-flex wp-container-core-buttons-is-layout-a89b3969 wp-block-buttons-is-layout-flex\">\n<div class=\"wp-block-button\"><a class=\"wp-block-button__link wp-element-button\" href=\"http:\/\/pepinieres.eu\/julie-everaert\/\" target=\"_blank\" rel=\"noreferrer noopener\">Learn more<\/a><\/div>\n<\/div>\n\n\n\n<div class=\"wp-block-essential-blocks-social  root-eb-social-links-u5vpw\"><div class=\"eb-parent-wrapper eb-parent-eb-social-links-u5vpw\"><div class=\"eb-social-links-u5vpw eb-social-links-wrapper\"><ul class=\"eb-socials\"><li><a class=\"instagram-original\" href=\"https:\/\/www.instagram.com\/julie.everaert\/\" target=\"_blank\" rel=\"noopener\" aria-label=\"social link\"><i class=\"hvr-icon eb-social-icon fab fa-instagram\"><\/i><\/a><\/li><\/ul><\/div><\/div><\/div>\n<\/div>\n\n\n\n<div class=\"wp-block-uagb-container uagb-block-2f8d3d19\">\n<figure class=\"wp-block-image size-large has-custom-border\"><img loading=\"lazy\" decoding=\"async\" width=\"1024\" height=\"576\" src=\"https:\/\/odyssart.org\/wp-content\/uploads\/2025\/08\/robots-fabuleux-2025-1024x576.jpg\" alt=\"Julie Everaert - Robots Fabuleux\" class=\"wp-image-329\" style=\"border-radius:10px\" srcset=\"https:\/\/odyssart.org\/wp-content\/uploads\/2025\/08\/robots-fabuleux-2025-1024x576.jpg 1024w, https:\/\/odyssart.org\/wp-content\/uploads\/2025\/08\/robots-fabuleux-2025-300x169.jpg 300w, https:\/\/odyssart.org\/wp-content\/uploads\/2025\/08\/robots-fabuleux-2025-768x432.jpg 768w\" sizes=\"auto, (max-width: 1024px) 100vw, 1024px\" \/><\/figure>\n<\/div>\n<\/div><\/div>\n\n\n\n<div class=\"wp-block-uagb-container uagb-block-fcc32458 alignfull uagb-is-root-container\"><div class=\"uagb-container-inner-blocks-wrap\">\n<div class=\"wp-block-uagb-container uagb-block-985c6039\">\n<figure class=\"wp-block-image size-large has-custom-border\"><img loading=\"lazy\" decoding=\"async\" width=\"1024\" height=\"576\" src=\"https:\/\/odyssart.org\/wp-content\/uploads\/2025\/08\/cueillette-2025-1024x576.png\" alt=\"Cueillette\" class=\"wp-image-334\" style=\"border-radius:10px\" srcset=\"https:\/\/odyssart.org\/wp-content\/uploads\/2025\/08\/cueillette-2025-1024x576.png 1024w, https:\/\/odyssart.org\/wp-content\/uploads\/2025\/08\/cueillette-2025-300x169.png 300w, https:\/\/odyssart.org\/wp-content\/uploads\/2025\/08\/cueillette-2025-768x432.png 768w, https:\/\/odyssart.org\/wp-content\/uploads\/2025\/08\/cueillette-2025-18x10.png 18w, https:\/\/odyssart.org\/wp-content\/uploads\/2025\/08\/cueillette-2025.png 1109w\" sizes=\"auto, (max-width: 1024px) 100vw, 1024px\" \/><figcaption class=\"wp-element-caption\">TAAC \u2013 Terrain d\u2019Action Artistique et Citoyen (France), en partenariat avec La Lumi\u00e8re Collective (Canada)<\/figcaption><\/figure>\n<\/div>\n\n\n\n<div class=\"wp-block-uagb-container uagb-block-5304b7c1\">\n<div class=\"wp-block-uagb-advanced-heading uagb-block-342c06cd\"><h3 class=\"uagb-heading-text\">Cueillette<\/h3><\/div>\n\n\n\n<p style=\"margin-top:0;margin-right:0;margin-bottom:0;margin-left:0;padding-top:0;padding-right:0;padding-bottom:0;padding-left:0\"><strong>Court-m\u00e9trage documentaire de quatre cin\u00e9astes de France et du Qu\u00e9bec explorant le territoire gasp\u00e9sien et son \u00e9cosyst\u00e8me fragile.<\/strong><\/p>\n\n\n\n<p class=\"has-secondary-bg-background-color has-background\" style=\"border-radius:5px;margin-top:0;margin-bottom:0\"><a href=\"https:\/\/www.instagram.com\/taac_terrain_action_artistique\/\" data-type=\"link\" data-id=\"https:\/\/www.facebook.com\/collectifencours\">TAAC &#8211; Terrain d\u2019Action Artistique et Citoyen<\/a> (France), en partenariat avec <a href=\"https:\/\/lalumierecollective.org\/\">La Lumi\u00e8re Collective<\/a> (Canada)<\/p>\n\n\n\n<div class=\"wp-block-buttons is-content-justification-center is-layout-flex wp-container-core-buttons-is-layout-a89b3969 wp-block-buttons-is-layout-flex\">\n<div class=\"wp-block-button\"><a class=\"wp-block-button__link wp-element-button\" href=\"https:\/\/www.instagram.com\/taac_terrain_action_artistique\/\">Learn more<\/a><\/div>\n<\/div>\n\n\n\n<div class=\"wp-block-essential-blocks-social  root-eb-social-links-om8bf\"><div class=\"eb-parent-wrapper eb-parent-eb-social-links-om8bf\"><div class=\"eb-social-links-om8bf eb-social-links-wrapper\"><ul class=\"eb-socials\"><li><a class=\"instagram-original\" href=\"https:\/\/www.instagram.com\/taac_terrain_action_artistique\/\" target=\"_blank\" rel=\"noopener\" aria-label=\"social link\"><i class=\"hvr-icon eb-social-icon fab fa-instagram\"><\/i><\/a><\/li><li><a class=\"facebook-f-original\" href=\"https:\/\/www.facebook.com\/collectifencours\" target=\"_blank\" rel=\"noopener\" aria-label=\"social link\"><i class=\"hvr-icon eb-social-icon fab fa-facebook-f\"><\/i><\/a><\/li><\/ul><\/div><\/div><\/div>\n<\/div>\n<\/div><\/div>\n\n\n\n<div class=\"wp-block-uagb-container uagb-block-1a1142b2 alignfull uagb-is-root-container\"><div class=\"uagb-container-inner-blocks-wrap\">\n<div class=\"wp-block-uagb-container uagb-block-998650d3\">\n<div class=\"wp-block-uagb-advanced-heading uagb-block-f97501d9\"><h3 class=\"uagb-heading-text\">rivi\u00e8re-\u00e9toiles<\/h3><\/div>\n\n\n\n<p style=\"margin-top:0;margin-right:0;margin-bottom:0;margin-left:0;padding-top:0;padding-right:0;padding-bottom:0;padding-left:0\"><strong>Installation immersive et interactive low-tech sensibilisant \u00e0 la pr\u00e9servation de l\u2019eau douce \u00e0 travers un voyage po\u00e9tique.<\/strong><\/p>\n\n\n\n<p class=\"has-secondary-bg-background-color has-background\" style=\"border-radius:5px;margin-top:0;margin-bottom:0\"><a href=\"https:\/\/onyo.fr\/\" data-type=\"link\" data-id=\"https:\/\/onyo.fr\/\">Onyo<\/a> (France), en partenariat avec le <a href=\"https:\/\/mirari.art\/\">Studio Mirari<\/a> (Canada)<\/p>\n\n\n\n<div class=\"wp-block-buttons is-content-justification-center is-layout-flex wp-container-core-buttons-is-layout-a89b3969 wp-block-buttons-is-layout-flex\">\n<div class=\"wp-block-button\"><a class=\"wp-block-button__link wp-element-button\" href=\"https:\/\/onyo.fr\/creations\/riviere-etoiles\/\">Learn more<\/a><\/div>\n<\/div>\n\n\n\n<div class=\"wp-block-essential-blocks-social  root-eb-social-links-rln3d\"><div class=\"eb-parent-wrapper eb-parent-eb-social-links-rln3d\"><div class=\"eb-social-links-rln3d eb-social-links-wrapper\"><ul class=\"eb-socials\"><li><a class=\"instagram-original\" href=\"https:\/\/www.instagram.com\/lemondeonyo\/\" target=\"_blank\" rel=\"noopener\" aria-label=\"social link\"><i class=\"hvr-icon eb-social-icon fab fa-instagram\"><\/i><\/a><\/li><li><a class=\"facebook-f-original\" href=\"https:\/\/www.facebook.com\/people\/Onyo\/100091518091023\/\" target=\"_blank\" rel=\"noopener\" aria-label=\"social link\"><i class=\"hvr-icon eb-social-icon fab fa-facebook-f\"><\/i><\/a><\/li><li><a class=\"linkedin-in-original\" href=\"https:\/\/www.linkedin.com\/company\/onyo-immersif\/\" target=\"_blank\" rel=\"noopener\" aria-label=\"social link\"><i class=\"hvr-icon eb-social-icon fab fa-linkedin-in\"><\/i><\/a><\/li><\/ul><\/div><\/div><\/div>\n<\/div>\n\n\n\n<div class=\"wp-block-uagb-container uagb-block-0774164c\">\n<figure class=\"wp-block-image size-large has-custom-border\"><img loading=\"lazy\" decoding=\"async\" width=\"1024\" height=\"576\" src=\"https:\/\/odyssart.org\/wp-content\/uploads\/2025\/08\/riviere-etoile-2025-1024x576.jpg\" alt=\"Rivi\u00e8re-\u00e9toile\" class=\"wp-image-328\" style=\"border-radius:10px\" srcset=\"https:\/\/odyssart.org\/wp-content\/uploads\/2025\/08\/riviere-etoile-2025-1024x576.jpg 1024w, https:\/\/odyssart.org\/wp-content\/uploads\/2025\/08\/riviere-etoile-2025-300x169.jpg 300w, https:\/\/odyssart.org\/wp-content\/uploads\/2025\/08\/riviere-etoile-2025-768x432.jpg 768w, https:\/\/odyssart.org\/wp-content\/uploads\/2025\/08\/riviere-etoile-2025-1536x864.jpg 1536w, https:\/\/odyssart.org\/wp-content\/uploads\/2025\/08\/riviere-etoile-2025-2048x1152.jpg 2048w, https:\/\/odyssart.org\/wp-content\/uploads\/2025\/08\/riviere-etoile-2025-18x10.jpg 18w\" sizes=\"auto, (max-width: 1024px) 100vw, 1024px\" \/><figcaption class=\"wp-element-caption\">Onyo (France), en partenariat avec le Studio Mirari (Canada)<\/figcaption><\/figure>\n<\/div>\n<\/div><\/div>\n\n\n\n<p><\/p>","protected":false},"excerpt":{"rendered":"<p>12 projets laur\u00e9ats La troisi\u00e8me \u00e9dition de l\u2019appel \u00e0 projets Odyssart a rendu son verdict pour l\u2019ann\u00e9e 2025. Douze projets ont \u00e9t\u00e9 s\u00e9lectionn\u00e9s pour leur qualit\u00e9 artistique, leur originalit\u00e9 et [&hellip;]<\/p>\n","protected":false},"author":1,"featured_media":685,"parent":0,"menu_order":0,"comment_status":"closed","ping_status":"closed","template":"","meta":{"_eb_attr":"","_uag_custom_page_level_css":"","advanced_seo_description":"","jetpack_seo_html_title":"","jetpack_seo_noindex":false,"_EventAllDay":false,"_EventTimezone":"","_EventStartDate":"","_EventEndDate":"","_EventStartDateUTC":"","_EventEndDateUTC":"","_EventShowMap":false,"_EventShowMapLink":false,"_EventURL":"","_EventCost":"","_EventCostDescription":"","_EventCurrencySymbol":"","_EventCurrencyCode":"","_EventCurrencyPosition":"","_EventDateTimeSeparator":"","_EventTimeRangeSeparator":"","_EventOrganizerID":[],"_EventVenueID":[],"_OrganizerEmail":"","_OrganizerPhone":"","_OrganizerWebsite":"","_VenueAddress":"","_VenueCity":"","_VenueCountry":"","_VenueProvince":"","_VenueState":"","_VenueZip":"","_VenuePhone":"","_VenueURL":"","_VenueStateProvince":"","_VenueLat":"","_VenueLng":"","_VenueShowMap":false,"_VenueShowMapLink":false,"footnotes":""},"class_list":["post-30","page","type-page","status-publish","has-post-thumbnail","hentry"],"uagb_featured_image_src":{"full":["https:\/\/odyssart.org\/wp-content\/uploads\/2025\/09\/Logo-Odyssart-2025.png",1000,694,false],"thumbnail":["https:\/\/odyssart.org\/wp-content\/uploads\/2025\/09\/Logo-Odyssart-2025-150x150.png",150,150,true],"medium":["https:\/\/odyssart.org\/wp-content\/uploads\/2025\/09\/Logo-Odyssart-2025-300x208.png",300,208,true],"medium_large":["https:\/\/odyssart.org\/wp-content\/uploads\/2025\/09\/Logo-Odyssart-2025-768x533.png",768,533,true],"large":["https:\/\/odyssart.org\/wp-content\/uploads\/2025\/09\/Logo-Odyssart-2025.png",1000,694,false],"1536x1536":["https:\/\/odyssart.org\/wp-content\/uploads\/2025\/09\/Logo-Odyssart-2025.png",1000,694,false],"2048x2048":["https:\/\/odyssart.org\/wp-content\/uploads\/2025\/09\/Logo-Odyssart-2025.png",1000,694,false],"trp-custom-language-flag":["https:\/\/odyssart.org\/wp-content\/uploads\/2025\/09\/Logo-Odyssart-2025-18x12.png",18,12,true]},"uagb_author_info":{"display_name":"admin3046","author_link":"https:\/\/odyssart.org\/en\/author\/admin3046\/"},"uagb_comment_info":0,"uagb_excerpt":"12 projets laur\u00e9ats La troisi\u00e8me \u00e9dition de l\u2019appel \u00e0 projets Odyssart a rendu son verdict pour l\u2019ann\u00e9e 2025. Douze projets ont \u00e9t\u00e9 s\u00e9lectionn\u00e9s pour leur qualit\u00e9 artistique, leur originalit\u00e9 et [&hellip;]","jetpack_sharing_enabled":true,"jetpack-related-posts":[{"id":21,"url":"https:\/\/odyssart.org\/en\/soumettre-un-projet\/","url_meta":{"origin":30,"position":0},"title":"Submit a project","author":"admin3046","date":"11\/08\/2025","format":false,"excerpt":"Acting for Climate Change Montr\u00e9al (Canada), en partenariat avec La Maison des Jonglages (France)Atelier Ohisse (Canada), en partenariat avec Hermitage Lab (France)Ensemble \u00c9clat (Canada), en partenariat avec l\u2019IRCAM (France)TAAC \u2013 Terrain d\u2019Action Artistique et Citoyen (France), en partenariat avec La Lumi\u00e8re Collective (Canada)Compagnie Ga\u00efus (France), en partenariat avec La Tohu\u2026","rel":"","context":"Similar post","block_context":{"text":"Similar post","link":""},"img":{"alt_text":"Logo Odyssart 2026","src":"https:\/\/i0.wp.com\/odyssart.org\/wp-content\/uploads\/2025\/09\/Logo-Odyssart-2026.ai_.png?resize=350%2C200&ssl=1","width":350,"height":200,"srcset":"https:\/\/i0.wp.com\/odyssart.org\/wp-content\/uploads\/2025\/09\/Logo-Odyssart-2026.ai_.png?resize=350%2C200&ssl=1 1x, https:\/\/i0.wp.com\/odyssart.org\/wp-content\/uploads\/2025\/09\/Logo-Odyssart-2026.ai_.png?resize=525%2C300&ssl=1 1.5x, https:\/\/i0.wp.com\/odyssart.org\/wp-content\/uploads\/2025\/09\/Logo-Odyssart-2026.ai_.png?resize=700%2C400&ssl=1 2x, https:\/\/i0.wp.com\/odyssart.org\/wp-content\/uploads\/2025\/09\/Logo-Odyssart-2026.ai_.png?resize=1050%2C600&ssl=1 3x, https:\/\/i0.wp.com\/odyssart.org\/wp-content\/uploads\/2025\/09\/Logo-Odyssart-2026.ai_.png?resize=1400%2C800&ssl=1 4x"},"classes":[]},{"id":737,"url":"https:\/\/odyssart.org\/en\/laureats-2026\/","url_meta":{"origin":30,"position":1},"title":"Laur\u00e9ats 2026","author":"admin3046","date":"16\/12\/2025","format":false,"excerpt":"12 projets laur\u00e9ats La quatri\u00e8me \u00e9dition de l\u2019appel \u00e0 projets Odyssart a rendu son verdict ! Douze projets ont \u00e9t\u00e9 s\u00e9lectionn\u00e9s pour leur qualit\u00e9 artistique, leur originalit\u00e9 et leur diversit\u00e9. La liste des laur\u00e9ats a \u00e9t\u00e9 d\u00e9voil\u00e9e le 16 d\u00e9cembre 2025. Atelier \u00c9cluse (Canada), en partenariat avec l'\u00c9cole Estienne (France)\u2026","rel":"","context":"Similar post","block_context":{"text":"Similar post","link":""},"img":{"alt_text":"Logo Odyssart 2026","src":"https:\/\/i0.wp.com\/odyssart.org\/wp-content\/uploads\/2025\/12\/Logo-Odyssart-2026.png?resize=350%2C200&ssl=1","width":350,"height":200,"srcset":"https:\/\/i0.wp.com\/odyssart.org\/wp-content\/uploads\/2025\/12\/Logo-Odyssart-2026.png?resize=350%2C200&ssl=1 1x, https:\/\/i0.wp.com\/odyssart.org\/wp-content\/uploads\/2025\/12\/Logo-Odyssart-2026.png?resize=525%2C300&ssl=1 1.5x, https:\/\/i0.wp.com\/odyssart.org\/wp-content\/uploads\/2025\/12\/Logo-Odyssart-2026.png?resize=700%2C400&ssl=1 2x"},"classes":[]},{"id":397,"url":"https:\/\/odyssart.org\/en\/laureats-odyssart-2023\/","url_meta":{"origin":30,"position":2},"title":"2023 Grant recipients","author":"C\u00e9line Lespagnol","date":"27\/08\/2025","format":false,"excerpt":"8 projets laur\u00e9ats La premi\u00e8re \u00e9dition d'Odyssart a r\u00e9compens\u00e9 8 projets. La liste des laur\u00e9ats a \u00e9t\u00e9 d\u00e9voil\u00e9e le jeudi 21 f\u00e9vrier 2023. MANITOU Adaptation d'un spectacle jeune public m\u00ealant vid\u00e9o-projection, musique \u00e9lectronique et arts du r\u00e9cit, au format full D\u00f4me 360\u00b0. Association Banana Cr\u00e9ations\u00a0(France), en partenariat avec Hubblo (Canada)\u2026","rel":"","context":"Similar post","block_context":{"text":"Similar post","link":""},"img":{"alt_text":"Odyssart 2023","src":"https:\/\/i0.wp.com\/odyssart.org\/wp-content\/uploads\/2025\/09\/ODYSSART_ROUGE_BLEU_-scaled.jpg?resize=350%2C200&ssl=1","width":350,"height":200,"srcset":"https:\/\/i0.wp.com\/odyssart.org\/wp-content\/uploads\/2025\/09\/ODYSSART_ROUGE_BLEU_-scaled.jpg?resize=350%2C200&ssl=1 1x, https:\/\/i0.wp.com\/odyssart.org\/wp-content\/uploads\/2025\/09\/ODYSSART_ROUGE_BLEU_-scaled.jpg?resize=525%2C300&ssl=1 1.5x, https:\/\/i0.wp.com\/odyssart.org\/wp-content\/uploads\/2025\/09\/ODYSSART_ROUGE_BLEU_-scaled.jpg?resize=700%2C400&ssl=1 2x, https:\/\/i0.wp.com\/odyssart.org\/wp-content\/uploads\/2025\/09\/ODYSSART_ROUGE_BLEU_-scaled.jpg?resize=1050%2C600&ssl=1 3x, https:\/\/i0.wp.com\/odyssart.org\/wp-content\/uploads\/2025\/09\/ODYSSART_ROUGE_BLEU_-scaled.jpg?resize=1400%2C800&ssl=1 4x"},"classes":[]},{"id":137,"url":"https:\/\/odyssart.org\/en\/faq\/","url_meta":{"origin":30,"position":3},"title":"Frequently Asked Questions","author":"admin3046","date":"21\/08\/2025","format":false,"excerpt":"G\u00e9n\u00e9ral Qu'est-ce que le programme Odyssart ? L\u2019objectif du programme Odyssart est de soutenir les \u00e9changes culturels entre la France et le Canada\/Qu\u00e9bec pour les jeunes de 18 \u00e0 35 ans.\u00a0 Cet appel \u00e0 projets s\u2019adresse aux artistes affili\u00e9s \u00e0 une structure souhaitant r\u00e9aliser un projet professionnel incluant de la\u2026","rel":"","context":"Similar post","block_context":{"text":"Similar post","link":""},"img":{"alt_text":"","src":"https:\/\/i0.wp.com\/img.youtube.com\/vi\/Z-3Mvxh0qBI\/0.jpg?resize=350%2C200","width":350,"height":200},"classes":[]},{"id":510,"url":"https:\/\/odyssart.org\/en\/reglement-odyssart-2026\/","url_meta":{"origin":30,"position":4},"title":"Odyssart 2026 Guidelines","author":"C\u00e9line Lespagnol","date":"27\/08\/2025","format":false,"excerpt":"L\u2019Office franco-qu\u00e9b\u00e9cois pour la jeunesse (OFQJ) renouvelle son appel \u00e0 projets Odyssart avec le soutien de la Fondation DRG, programme d\u2019\u00e9changes culturels entre la France et le Canada\/Qu\u00e9bec pour les jeunes artistes et professionnels des arts et de la culture de 18 \u00e0 35 ans. Cet appel \u00e0 projets s\u2019adresse\u2026","rel":"","context":"Similar post","block_context":{"text":"Similar post","link":""},"img":{"alt_text":"","src":"","width":0,"height":0},"classes":[]},{"id":277,"url":"https:\/\/odyssart.org\/en\/odyssart-ofqj\/","url_meta":{"origin":30,"position":5},"title":"Odyssart &#8211; OFQJ","author":"admin3046","date":"22\/08\/2025","format":false,"excerpt":"L\u2019Office franco-qu\u00e9b\u00e9cois pour la jeunesse (OFQJ) organise l\u2019appel \u00e0 projets Odyssart avec le soutien de la Fondation DRG, un programme d\u2019\u00e9changes culturels annuel entre la France et le Canada\/Qu\u00e9bec pour les jeunes artistes de 18 \u00e0 35 ans. Cet appel \u00e0 projets s\u2019adresse aux artistes affili\u00e9s \u00e0 une structure souhaitant\u2026","rel":"","context":"Similar post","block_context":{"text":"Similar post","link":""},"img":{"alt_text":"Logo Odyssart 2026","src":"https:\/\/i0.wp.com\/odyssart.org\/wp-content\/uploads\/2025\/09\/Logo-Odyssart-2026.ai_.png?resize=350%2C200&ssl=1","width":350,"height":200,"srcset":"https:\/\/i0.wp.com\/odyssart.org\/wp-content\/uploads\/2025\/09\/Logo-Odyssart-2026.ai_.png?resize=350%2C200&ssl=1 1x, https:\/\/i0.wp.com\/odyssart.org\/wp-content\/uploads\/2025\/09\/Logo-Odyssart-2026.ai_.png?resize=525%2C300&ssl=1 1.5x, https:\/\/i0.wp.com\/odyssart.org\/wp-content\/uploads\/2025\/09\/Logo-Odyssart-2026.ai_.png?resize=700%2C400&ssl=1 2x, https:\/\/i0.wp.com\/odyssart.org\/wp-content\/uploads\/2025\/09\/Logo-Odyssart-2026.ai_.png?resize=1050%2C600&ssl=1 3x, https:\/\/i0.wp.com\/odyssart.org\/wp-content\/uploads\/2025\/09\/Logo-Odyssart-2026.ai_.png?resize=1400%2C800&ssl=1 4x"},"classes":[]}],"_links":{"self":[{"href":"https:\/\/odyssart.org\/en\/wp-json\/wp\/v2\/pages\/30","targetHints":{"allow":["GET"]}}],"collection":[{"href":"https:\/\/odyssart.org\/en\/wp-json\/wp\/v2\/pages"}],"about":[{"href":"https:\/\/odyssart.org\/en\/wp-json\/wp\/v2\/types\/page"}],"author":[{"embeddable":true,"href":"https:\/\/odyssart.org\/en\/wp-json\/wp\/v2\/users\/1"}],"replies":[{"embeddable":true,"href":"https:\/\/odyssart.org\/en\/wp-json\/wp\/v2\/comments?post=30"}],"version-history":[{"count":28,"href":"https:\/\/odyssart.org\/en\/wp-json\/wp\/v2\/pages\/30\/revisions"}],"predecessor-version":[{"id":671,"href":"https:\/\/odyssart.org\/en\/wp-json\/wp\/v2\/pages\/30\/revisions\/671"}],"wp:featuredmedia":[{"embeddable":true,"href":"https:\/\/odyssart.org\/en\/wp-json\/wp\/v2\/media\/685"}],"wp:attachment":[{"href":"https:\/\/odyssart.org\/en\/wp-json\/wp\/v2\/media?parent=30"}],"curies":[{"name":"wp","href":"https:\/\/api.w.org\/{rel}","templated":true}]}}