{"id":339,"date":"2025-08-26T16:08:22","date_gmt":"2025-08-26T14:08:22","guid":{"rendered":"http:\/\/odyssart.org\/?page_id=339"},"modified":"2025-09-22T10:58:03","modified_gmt":"2025-09-22T08:58:03","slug":"laureats-odyssart-2024","status":"publish","type":"page","link":"https:\/\/odyssart.org\/en\/laureats-odyssart-2024\/","title":{"rendered":"2024 Grant recipients"},"content":{"rendered":"\n<p><\/p>\n\n\n\n<div class=\"wp-block-uagb-container uagb-block-9e1cf1c1 alignwide uagb-is-root-container\">\n<div class=\"wp-block-uagb-container uagb-block-5d95591b\">\n<div class=\"wp-block-uagb-advanced-heading uagb-block-152a8fd5\"><h2 class=\"uagb-heading-text\">11 projets laur\u00e9ats<\/h2><\/div>\n\n\n\n<p>Pour sa deuxi\u00e8me \u00e9dition, Odyssart a r\u00e9compens\u00e9 <strong>11 projets<\/strong> d\u2019une grande diversit\u00e9, choisis pour leur qualit\u00e9 artistique et leur originalit\u00e9. La liste des 11 laur\u00e9ats a \u00e9t\u00e9 d\u00e9voil\u00e9e le jeudi 18 janvier 2024.<\/p>\n<\/div>\n\n\n\n<div class=\"wp-block-uagb-container uagb-block-1c29ea86\">\n<figure class=\"wp-block-image size-large\"><img loading=\"lazy\" decoding=\"async\" width=\"1024\" height=\"682\" src=\"http:\/\/odyssart.org\/wp-content\/uploads\/2025\/08\/2024-04-24-OFQJ-Odyssart-034-1024x682.jpg\" alt=\"\" class=\"wp-image-446\" srcset=\"https:\/\/odyssart.org\/wp-content\/uploads\/2025\/08\/2024-04-24-OFQJ-Odyssart-034-1024x682.jpg 1024w, https:\/\/odyssart.org\/wp-content\/uploads\/2025\/08\/2024-04-24-OFQJ-Odyssart-034-300x200.jpg 300w, https:\/\/odyssart.org\/wp-content\/uploads\/2025\/08\/2024-04-24-OFQJ-Odyssart-034-768x512.jpg 768w, https:\/\/odyssart.org\/wp-content\/uploads\/2025\/08\/2024-04-24-OFQJ-Odyssart-034-1536x1024.jpg 1536w, https:\/\/odyssart.org\/wp-content\/uploads\/2025\/08\/2024-04-24-OFQJ-Odyssart-034-18x12.jpg 18w, https:\/\/odyssart.org\/wp-content\/uploads\/2025\/08\/2024-04-24-OFQJ-Odyssart-034.jpg 2000w\" sizes=\"auto, (max-width: 1024px) 100vw, 1024px\" \/><\/figure>\n<\/div>\n<\/div>\n\n\n\n<div class=\"wp-block-uagb-container uagb-block-f166248d alignfull uagb-is-root-container\"><div class=\"uagb-container-inner-blocks-wrap\">\n<div class=\"wp-block-uagb-container uagb-block-ced64000\">\n<figure class=\"wp-block-image size-large has-custom-border\"><img loading=\"lazy\" decoding=\"async\" width=\"1024\" height=\"576\" src=\"http:\/\/odyssart.org\/wp-content\/uploads\/2025\/08\/installation-Paul-Vivien-3-Quai-des-savoirs_Emmanuel-Grimault_3000-1024x576.jpg\" alt=\"\" class=\"wp-image-394\" style=\"border-radius:10px\" srcset=\"https:\/\/odyssart.org\/wp-content\/uploads\/2025\/08\/installation-Paul-Vivien-3-Quai-des-savoirs_Emmanuel-Grimault_3000-1024x576.jpg 1024w, https:\/\/odyssart.org\/wp-content\/uploads\/2025\/08\/installation-Paul-Vivien-3-Quai-des-savoirs_Emmanuel-Grimault_3000-300x169.jpg 300w, https:\/\/odyssart.org\/wp-content\/uploads\/2025\/08\/installation-Paul-Vivien-3-Quai-des-savoirs_Emmanuel-Grimault_3000-768x432.jpg 768w, https:\/\/odyssart.org\/wp-content\/uploads\/2025\/08\/installation-Paul-Vivien-3-Quai-des-savoirs_Emmanuel-Grimault_3000-1536x864.jpg 1536w, https:\/\/odyssart.org\/wp-content\/uploads\/2025\/08\/installation-Paul-Vivien-3-Quai-des-savoirs_Emmanuel-Grimault_3000-2048x1152.jpg 2048w, https:\/\/odyssart.org\/wp-content\/uploads\/2025\/08\/installation-Paul-Vivien-3-Quai-des-savoirs_Emmanuel-Grimault_3000-18x10.jpg 18w\" sizes=\"auto, (max-width: 1024px) 100vw, 1024px\" \/><\/figure>\n<\/div>\n\n\n\n<div class=\"wp-block-uagb-container uagb-block-db8c5f42\">\n<div class=\"wp-block-uagb-advanced-heading uagb-block-64285dc9\"><h3 class=\"uagb-heading-text\">L\u2019harmonie de notre absence<\/h3><\/div>\n\n\n\n<p style=\"margin-top:0;margin-right:0;margin-bottom:0;margin-left:0;padding-top:0;padding-right:0;padding-bottom:0;padding-left:0\"><strong>Cr\u00e9ation originale de l&rsquo;artiste Paul Vivien alliant dioramas, d\u00e9croissance technologique et tourne-disque modifi\u00e9 qui repr\u00e9sente des paysages terrestres une fois l\u2019humanit\u00e9 disparue.<\/strong><\/p>\n\n\n\n<p class=\"has-secondary-bg-background-color has-background\" style=\"border-radius:5px;margin-top:0;margin-bottom:0\"><a href=\"https:\/\/www.oye-label.fr\/\">OY\u00c9 visual art label<\/a> (France), en partenariat avec <a href=\"https:\/\/www.easternbloc.ca\/\">Eastern Bloc<\/a> (Canada).<\/p>\n\n\n\n<div class=\"wp-block-buttons is-content-justification-center is-layout-flex wp-container-core-buttons-is-layout-a89b3969 wp-block-buttons-is-layout-flex\">\n<div class=\"wp-block-button\"><a class=\"wp-block-button__link wp-element-button\" href=\"https:\/\/paulvivien.fr\/L-Harmonie-De-Notre-Absence\" target=\"_blank\" rel=\"noreferrer noopener\">En savoir plus<\/a><\/div>\n<\/div>\n\n\n\n<div class=\"wp-block-essential-blocks-social  root-eb-social-links-uxnb7\"><div class=\"eb-parent-wrapper eb-parent-eb-social-links-uxnb7 \"><div class=\"eb-social-links-uxnb7 eb-social-links-wrapper\"><ul class=\"eb-socials\"><li><a class=\"instagram-original  \" href=\"https:\/\/www.instagram.com\/paul.vivien\/\" target=\"_blank\" rel=\"noopener\" aria-label=\"social link\"><i class=\"hvr-icon eb-social-icon fab fa-instagram\"><\/i><\/a><\/li><li><a class=\"linkedin-in-original  \" href=\"https:\/\/www.linkedin.com\/in\/paul-vivien-bb06a966\/\" target=\"_blank\" rel=\"noopener\" aria-label=\"social link\"><i class=\"hvr-icon eb-social-icon fab fa-linkedin-in\"><\/i><\/a><\/li><\/ul><\/div><\/div><\/div>\n<\/div>\n<\/div><\/div>\n\n\n\n<div class=\"wp-block-uagb-container uagb-block-a7fc6aaa alignfull uagb-is-root-container\"><div class=\"uagb-container-inner-blocks-wrap\">\n<div class=\"wp-block-uagb-container uagb-block-82685570\">\n<div class=\"wp-block-uagb-advanced-heading uagb-block-00f00bc6\"><h3 class=\"uagb-heading-text\">Sur le terrain, des for\u00eats froides<\/h3><\/div>\n\n\n\n<p style=\"margin-top:0;margin-right:0;margin-bottom:0;margin-left:0;padding-top:0;padding-right:0;padding-bottom:0;padding-left:0\"><strong>Cr\u00e9ation d\u2019un livre d\u2019images sur le sujet des for\u00eats froides du Qu\u00e9bec, <strong>\u00e0 l\u2019occasion de deux r\u00e9sidences d\u2019hiver et d\u2019\u00e9t\u00e9 avec <strong>un groupe de chercheur<\/strong>.<\/strong><\/strong><\/p>\n\n\n\n<p class=\"has-secondary-bg-background-color has-background\" style=\"border-radius:5px;margin-top:0;margin-bottom:0\"><a href=\"https:\/\/www.mariannetricot.fr\/didactique\">Marianne Tricot<\/a> (France), en partenariat avec le <a href=\"https:\/\/forets-froides.org\/\">Laboratoire International de Recherche sur les For\u00eats Froides de l\u2019Universit\u00e9 du Qu\u00e9bec en Abitibi-T\u00e9miscamingue<\/a> (UQAT) (Canada)<\/p>\n\n\n\n<div class=\"wp-block-buttons is-content-justification-center is-layout-flex wp-container-core-buttons-is-layout-a89b3969 wp-block-buttons-is-layout-flex\">\n<div class=\"wp-block-button\"><a class=\"wp-block-button__link wp-element-button\" href=\"https:\/\/www.mariannetricot.fr\/didactique\" target=\"_blank\" rel=\"noreferrer noopener\">En savoir plus<\/a><\/div>\n<\/div>\n\n\n\n<div class=\"wp-block-essential-blocks-social  root-eb-social-links-rpnlf\"><div class=\"eb-parent-wrapper eb-parent-eb-social-links-rpnlf \"><div class=\"eb-social-links-rpnlf eb-social-links-wrapper\"><ul class=\"eb-socials\"><li><a class=\"instagram-original  \" href=\"https:\/\/www.instagram.com\/radio_campus_orleans\/\" target=\"_blank\" rel=\"noopener\" aria-label=\"social link\"><i class=\"hvr-icon eb-social-icon fab fa-instagram\"><\/i><\/a><\/li><li><a class=\"linkedin-in-original  \" href=\"https:\/\/www.linkedin.com\/company\/radio-campus-orl%C3%A9ans\/\" target=\"_blank\" rel=\"noopener\" aria-label=\"social link\"><i class=\"hvr-icon eb-social-icon fab fa-linkedin-in\"><\/i><\/a><\/li><\/ul><\/div><\/div><\/div>\n<\/div>\n\n\n\n<div class=\"wp-block-uagb-container uagb-block-3ecfd1db\">\n<figure class=\"wp-block-image size-full has-custom-border\"><img loading=\"lazy\" decoding=\"async\" width=\"735\" height=\"413\" src=\"http:\/\/odyssart.org\/wp-content\/uploads\/2025\/08\/dessin-chercheur-m-tricot.jpg\" alt=\"\" class=\"wp-image-392\" style=\"border-radius:10px\" srcset=\"https:\/\/odyssart.org\/wp-content\/uploads\/2025\/08\/dessin-chercheur-m-tricot.jpg 735w, https:\/\/odyssart.org\/wp-content\/uploads\/2025\/08\/dessin-chercheur-m-tricot-300x169.jpg 300w, https:\/\/odyssart.org\/wp-content\/uploads\/2025\/08\/dessin-chercheur-m-tricot-18x10.jpg 18w\" sizes=\"auto, (max-width: 735px) 100vw, 735px\" \/><\/figure>\n<\/div>\n<\/div><\/div>\n\n\n\n<div class=\"wp-block-uagb-container uagb-block-0b92183e alignfull uagb-is-root-container\"><div class=\"uagb-container-inner-blocks-wrap\">\n<div class=\"wp-block-uagb-container uagb-block-8dd8df3f\">\n<figure class=\"wp-block-image size-full has-custom-border\"><img loading=\"lazy\" decoding=\"async\" width=\"1723\" height=\"969\" src=\"http:\/\/odyssart.org\/wp-content\/uploads\/2025\/08\/jeunes-marins-urbains-2024.jpeg\" alt=\"\" class=\"wp-image-359\" style=\"border-radius:10px\" srcset=\"https:\/\/odyssart.org\/wp-content\/uploads\/2025\/08\/jeunes-marins-urbains-2024.jpeg 1723w, https:\/\/odyssart.org\/wp-content\/uploads\/2025\/08\/jeunes-marins-urbains-2024-300x169.jpeg 300w, https:\/\/odyssart.org\/wp-content\/uploads\/2025\/08\/jeunes-marins-urbains-2024-1024x576.jpeg 1024w, https:\/\/odyssart.org\/wp-content\/uploads\/2025\/08\/jeunes-marins-urbains-2024-768x432.jpeg 768w, https:\/\/odyssart.org\/wp-content\/uploads\/2025\/08\/jeunes-marins-urbains-2024-1536x864.jpeg 1536w, https:\/\/odyssart.org\/wp-content\/uploads\/2025\/08\/jeunes-marins-urbains-2024-18x10.jpeg 18w\" sizes=\"auto, (max-width: 1723px) 100vw, 1723px\" \/><\/figure>\n<\/div>\n\n\n\n<div class=\"wp-block-uagb-container uagb-block-49afe54e\">\n<div class=\"wp-block-uagb-advanced-heading uagb-block-712ddecf\"><h3 class=\"uagb-heading-text\">D\u00e9rives d\u2019un livre de bord<\/h3><\/div>\n\n\n\n<p style=\"margin-top:0;margin-right:0;margin-bottom:0;margin-left:0;padding-top:0;padding-right:0;padding-bottom:0;padding-left:0\">R\u00e9sidence de cr\u00e9ation de 7 semaines \u00e0 bord d&rsquo;un voilier lors d\u2019un voyage transatlantique ralliant Halifax \u00e0 la Bretagne, puis r\u00e9alisation d&rsquo;un journal de bord et d\u2019un documentaire retra\u00e7ant les \u00e9tapes du voyage.<\/p>\n\n\n\n<p class=\"has-secondary-bg-background-color has-background\" style=\"border-radius:5px;margin-top:0;margin-bottom:0\"><a href=\"https:\/\/www.jeunesmarinsurbains.org\/\">Jeunes Marins Urbains (JMU)<\/a> (Canada), en partenariat avec <a href=\"https:\/\/www.belespoir.com\/\">Les Amis de Jeudi Dimanche (AJD)<\/a> (France)<\/p>\n\n\n\n<div class=\"wp-block-buttons is-content-justification-center is-layout-flex wp-container-core-buttons-is-layout-a89b3969 wp-block-buttons-is-layout-flex\">\n<div class=\"wp-block-button\"><a class=\"wp-block-button__link wp-element-button\" href=\"https:\/\/www.jeunesmarinsurbains.org\/derives-d-un-livre-de-bord\" target=\"_blank\" rel=\"noreferrer noopener\">En savoir plus<\/a><\/div>\n<\/div>\n\n\n\n<div class=\"wp-block-essential-blocks-social  root-eb-social-links-wb2wo\"><div class=\"eb-parent-wrapper eb-parent-eb-social-links-wb2wo \"><div class=\"eb-social-links-wb2wo eb-social-links-wrapper\"><ul class=\"eb-socials\"><li><a class=\"linkedin-in-original  \" href=\"https:\/\/www.linkedin.com\/in\/clement-le-roux\/?originalSubdomain=ca\" target=\"_blank\" rel=\"noopener\" aria-label=\"social link\"><i class=\"hvr-icon eb-social-icon fab fa-linkedin-in\"><\/i><\/a><\/li><\/ul><\/div><\/div><\/div>\n<\/div>\n<\/div><\/div>\n\n\n\n<div class=\"wp-block-uagb-container uagb-block-1b4668ed alignfull uagb-is-root-container\"><div class=\"uagb-container-inner-blocks-wrap\">\n<div class=\"wp-block-uagb-container uagb-block-c0f248d9\">\n<div class=\"wp-block-uagb-advanced-heading uagb-block-24922153\"><h3 class=\"uagb-heading-text\">Qu\u2019est-ce que j\u2019en ferais ?<\/h3><\/div>\n\n\n\n<p style=\"margin-top:0;margin-right:0;margin-bottom:0;margin-left:0;padding-top:0;padding-right:0;padding-bottom:0;padding-left:0\"><strong>Conception d&rsquo;un<\/strong> <strong>spectacle de cirque contemporain, explorant de fa\u00e7on originale les domaines de la danse, de l\u2019acrobatie et surtout de la manipulation d\u2019objets.<\/strong><\/p>\n\n\n\n<p class=\"has-secondary-bg-background-color has-background\" style=\"border-radius:5px;margin-top:0;margin-bottom:0\"><a href=\"https:\/\/www.actingforclimate.com\/\">Acting for Climate Change Montr\u00e9al<\/a> (Canada), en partenariat avec <a href=\"https:\/\/maisondesjonglages.fr\/\">La Maison des Jonglages<\/a> (France)<\/p>\n\n\n\n<div class=\"wp-block-buttons is-content-justification-center is-layout-flex wp-container-core-buttons-is-layout-a89b3969 wp-block-buttons-is-layout-flex\">\n<div class=\"wp-block-button\"><a class=\"wp-block-button__link wp-element-button\" href=\"https:\/\/maisondesjonglages.fr\/diffusions\/quest-ce-que-jen-ferais\/\" target=\"_blank\" rel=\"noreferrer noopener\">En savoir plus<\/a><\/div>\n<\/div>\n\n\n\n<div class=\"wp-block-essential-blocks-social  root-eb-social-links-mvln7\"><div class=\"eb-parent-wrapper eb-parent-eb-social-links-mvln7 \"><div class=\"eb-social-links-mvln7 eb-social-links-wrapper\"><ul class=\"eb-socials\"><li><a class=\"facebook-f-original  \" href=\"https:\/\/www.facebook.com\/actingforclimate\/\" target=\"_blank\" rel=\"noopener\" aria-label=\"social link\"><i class=\"hvr-icon eb-social-icon fab fa-facebook-f\"><\/i><\/a><\/li><li><a class=\"instagram-original  \" href=\"https:\/\/www.instagram.com\/actingforclimate\/\" target=\"_blank\" rel=\"noopener\" aria-label=\"social link\"><i class=\"hvr-icon eb-social-icon fab fa-instagram\"><\/i><\/a><\/li><li><a class=\"youtube-original  \" href=\"https:\/\/www.youtube.com\/@actingforclimate\" target=\"_blank\" rel=\"noopener\" aria-label=\"social link\"><i class=\"hvr-icon eb-social-icon fab fa-youtube\"><\/i><\/a><\/li><\/ul><\/div><\/div><\/div>\n<\/div>\n\n\n\n<div class=\"wp-block-uagb-container uagb-block-2f8d3d19\">\n<figure class=\"wp-block-image size-full has-custom-border\"><img loading=\"lazy\" decoding=\"async\" width=\"768\" height=\"432\" src=\"http:\/\/odyssart.org\/wp-content\/uploads\/2025\/08\/acting-for-climate-change-mtl-2025.jpg\" alt=\"\" class=\"wp-image-379\" style=\"border-radius:10px\" srcset=\"https:\/\/odyssart.org\/wp-content\/uploads\/2025\/08\/acting-for-climate-change-mtl-2025.jpg 768w, https:\/\/odyssart.org\/wp-content\/uploads\/2025\/08\/acting-for-climate-change-mtl-2025-300x169.jpg 300w, https:\/\/odyssart.org\/wp-content\/uploads\/2025\/08\/acting-for-climate-change-mtl-2025-18x10.jpg 18w\" sizes=\"auto, (max-width: 768px) 100vw, 768px\" \/><\/figure>\n<\/div>\n<\/div><\/div>\n\n\n\n<div class=\"wp-block-uagb-container uagb-block-395f5bb6 alignfull uagb-is-root-container\"><div class=\"uagb-container-inner-blocks-wrap\">\n<div class=\"wp-block-uagb-container uagb-block-90208b9a\">\n<figure class=\"wp-block-image size-full has-custom-border\"><img loading=\"lazy\" decoding=\"async\" width=\"995\" height=\"560\" src=\"http:\/\/odyssart.org\/wp-content\/uploads\/2025\/08\/cie-khor_2024.jpg\" alt=\"\" class=\"wp-image-388\" style=\"border-radius:10px\" srcset=\"https:\/\/odyssart.org\/wp-content\/uploads\/2025\/08\/cie-khor_2024.jpg 995w, https:\/\/odyssart.org\/wp-content\/uploads\/2025\/08\/cie-khor_2024-300x169.jpg 300w, https:\/\/odyssart.org\/wp-content\/uploads\/2025\/08\/cie-khor_2024-768x432.jpg 768w, https:\/\/odyssart.org\/wp-content\/uploads\/2025\/08\/cie-khor_2024-18x10.jpg 18w\" sizes=\"auto, (max-width: 995px) 100vw, 995px\" \/><\/figure>\n<\/div>\n\n\n\n<div class=\"wp-block-uagb-container uagb-block-98c9a308\">\n<div class=\"wp-block-uagb-advanced-heading uagb-block-1b854ae0\"><h3 class=\"uagb-heading-text\">Construire ensemble<\/h3><\/div>\n\n\n\n<p style=\"margin-top:0;margin-right:0;margin-bottom:0;margin-left:0;padding-top:0;padding-right:0;padding-bottom:0;padding-left:0\"><strong>R\u00e9sidences de cr\u00e9ation avec des danseurs \u00e9mergents de Vancouver et de la r\u00e9gion parisienne, pour la finalisation du spectacle \u00d3r\u00f3<\/strong> <strong>de la chor\u00e9graphe Khoudia Tour\u00e9<\/strong>.<\/p>\n\n\n\n<p class=\"has-secondary-bg-background-color has-background\" style=\"border-radius:5px;margin-top:0;margin-bottom:0\"><a href=\"https:\/\/www.khoudiacreates.com\/khor\">Compagnie KHOR<\/a> (France), en partenariat avec <a href=\"https:\/\/www.newworks.ca\/\">New Works<\/a> (Canada)<\/p>\n\n\n\n<div class=\"wp-block-buttons is-content-justification-center is-layout-flex wp-container-core-buttons-is-layout-a89b3969 wp-block-buttons-is-layout-flex\">\n<div class=\"wp-block-button\"><a class=\"wp-block-button__link wp-element-button\" href=\"https:\/\/www.khoudiacreates.com\/oro\">En savoir plus<\/a><\/div>\n<\/div>\n\n\n\n<div class=\"wp-block-essential-blocks-social  root-eb-social-links-6i1oo\"><div class=\"eb-parent-wrapper eb-parent-eb-social-links-6i1oo \"><div class=\"eb-social-links-6i1oo eb-social-links-wrapper\"><ul class=\"eb-socials\"><li><a class=\"facebook-f-original  \" href=\"https:\/\/www.facebook.com\/p\/Compagnie-KHOR-61560005712189\/\" target=\"_blank\" rel=\"noopener\" aria-label=\"social link\"><i class=\"hvr-icon eb-social-icon fab fa-facebook-f\"><\/i><\/a><\/li><li><a class=\"instagram-original  \" href=\"https:\/\/www.instagram.com\/cie.khor\/?hl=fr\" target=\"_blank\" rel=\"noopener\" aria-label=\"social link\"><i class=\"hvr-icon eb-social-icon fab fa-instagram\"><\/i><\/a><\/li><\/ul><\/div><\/div><\/div>\n<\/div>\n<\/div><\/div>\n\n\n\n<div class=\"wp-block-uagb-container uagb-block-59245f0c alignfull uagb-is-root-container\"><div class=\"uagb-container-inner-blocks-wrap\">\n<div class=\"wp-block-uagb-container uagb-block-a737f148\">\n<div class=\"wp-block-uagb-advanced-heading uagb-block-733c234d\"><h3 class=\"uagb-heading-text\">Sur la m\u00eame longueur d\u2019onde<\/h3><\/div>\n\n\n\n<p style=\"margin-top:0;margin-right:0;margin-bottom:0;margin-left:0;padding-top:0;padding-right:0;padding-bottom:0;padding-left:0\"><strong>\u00c9change entre deux radios universitaires francophones qui partagent la m\u00eame longueur d\u2019onde, de part et d\u2019autre de l\u2019Oc\u00e9an Atlantique, dans une volont\u00e9 de mise en lumi\u00e8re de la sc\u00e8ne musicale alternative.<\/strong><\/p>\n\n\n\n<p class=\"has-secondary-bg-background-color has-background\" style=\"border-radius:5px;margin-top:0;margin-bottom:0\"><a href=\"https:\/\/orleans.radiocampus.org\/\">Radio Campus Orl\u00e9ans 88.3FM<\/a> (France), en partenariat avec <a href=\"https:\/\/www.cfak.ca\/\">CFAK 88.3FM<\/a> (Canada)<\/p>\n\n\n\n<div class=\"wp-block-buttons is-content-justification-center is-layout-flex wp-container-core-buttons-is-layout-a89b3969 wp-block-buttons-is-layout-flex\">\n<div class=\"wp-block-button\"><a class=\"wp-block-button__link wp-element-button\" href=\"https:\/\/orleans.radiocampus.org\/france-quebec-sur-la-meme-longueur-donde-lexposition-radio-campus-orleans\/\" target=\"_blank\" rel=\"noreferrer noopener\">En savoir plus<\/a><\/div>\n<\/div>\n\n\n\n<div class=\"wp-block-essential-blocks-social  root-eb-social-links-3js6z\"><div class=\"eb-parent-wrapper eb-parent-eb-social-links-3js6z \"><div class=\"eb-social-links-3js6z eb-social-links-wrapper\"><ul class=\"eb-socials\"><li><a class=\"facebook-f-original  \" href=\"https:\/\/www.facebook.com\/radiocampusorleans\/\" target=\"_blank\" rel=\"noopener\" aria-label=\"social link\"><i class=\"hvr-icon eb-social-icon fab fa-facebook-f\"><\/i><\/a><\/li><li><a class=\"instagram-original  \" href=\"https:\/\/www.instagram.com\/kleops\/\" target=\"_blank\" rel=\"noopener\" aria-label=\"social link\"><i class=\"hvr-icon eb-social-icon fab fa-instagram\"><\/i><\/a><\/li><li><a class=\"linkedin-in-original  \" href=\"https:\/\/www.linkedin.com\/in\/cl%C3%A9o-cohen-771554113\/\" target=\"_blank\" rel=\"noopener\" aria-label=\"social link\"><i class=\"hvr-icon eb-social-icon fab fa-linkedin-in\"><\/i><\/a><\/li><li><a class=\"youtube-original  \" href=\"https:\/\/www.youtube.com\/user\/rcorleans\" target=\"_blank\" rel=\"noopener\" aria-label=\"social link\"><i class=\"hvr-icon eb-social-icon fab fa-youtube\"><\/i><\/a><\/li><\/ul><\/div><\/div><\/div>\n<\/div>\n\n\n\n<div class=\"wp-block-uagb-container uagb-block-7d061386\">\n<figure class=\"wp-block-image size-full has-custom-border\"><img loading=\"lazy\" decoding=\"async\" width=\"1440\" height=\"810\" src=\"http:\/\/odyssart.org\/wp-content\/uploads\/2025\/08\/radio-campus-orleans-2025.jpeg\" alt=\"\" class=\"wp-image-353\" style=\"border-radius:10px\" srcset=\"https:\/\/odyssart.org\/wp-content\/uploads\/2025\/08\/radio-campus-orleans-2025.jpeg 1440w, https:\/\/odyssart.org\/wp-content\/uploads\/2025\/08\/radio-campus-orleans-2025-300x169.jpeg 300w, https:\/\/odyssart.org\/wp-content\/uploads\/2025\/08\/radio-campus-orleans-2025-1024x576.jpeg 1024w, https:\/\/odyssart.org\/wp-content\/uploads\/2025\/08\/radio-campus-orleans-2025-768x432.jpeg 768w, https:\/\/odyssart.org\/wp-content\/uploads\/2025\/08\/radio-campus-orleans-2025-18x10.jpeg 18w\" sizes=\"auto, (max-width: 1440px) 100vw, 1440px\" \/><\/figure>\n<\/div>\n<\/div><\/div>\n\n\n\n<div class=\"wp-block-uagb-container uagb-block-1ed168c6 alignfull uagb-is-root-container\"><div class=\"uagb-container-inner-blocks-wrap\">\n<div class=\"wp-block-uagb-container uagb-block-9bc90a2d\">\n<figure class=\"wp-block-image size-large\"><img loading=\"lazy\" decoding=\"async\" width=\"1024\" height=\"576\" src=\"http:\/\/odyssart.org\/wp-content\/uploads\/2025\/08\/web-1024x576.jpg\" alt=\"\" class=\"wp-image-351\" srcset=\"https:\/\/odyssart.org\/wp-content\/uploads\/2025\/08\/web-1024x576.jpg 1024w, https:\/\/odyssart.org\/wp-content\/uploads\/2025\/08\/web-300x169.jpg 300w, https:\/\/odyssart.org\/wp-content\/uploads\/2025\/08\/web-768x432.jpg 768w, https:\/\/odyssart.org\/wp-content\/uploads\/2025\/08\/web-1536x864.jpg 1536w, https:\/\/odyssart.org\/wp-content\/uploads\/2025\/08\/web-2048x1152.jpg 2048w, https:\/\/odyssart.org\/wp-content\/uploads\/2025\/08\/web-18x10.jpg 18w\" sizes=\"auto, (max-width: 1024px) 100vw, 1024px\" \/><\/figure>\n<\/div>\n\n\n\n<div class=\"wp-block-uagb-container uagb-block-37b94f9a\">\n<div class=\"wp-block-uagb-advanced-heading uagb-block-b4022368\"><h3 class=\"uagb-heading-text\">VIB.E-MOTION<\/h3><\/div>\n\n\n\n<p style=\"margin-top:0;margin-right:0;margin-bottom:0;margin-left:0;padding-top:0;padding-right:0;padding-bottom:0;padding-left:0\"><strong>\u00c9laboration d&rsquo;un outil technologique permettant de capter les \u00e9motions du public \u00e0 partir de donn\u00e9es biom\u00e9triques recueillies \u00e0 l\u2019aide de capteurs et de bracelets.<\/strong><\/p>\n\n\n\n<p class=\"has-secondary-bg-background-color has-background\" style=\"border-radius:5px;margin-top:0;margin-bottom:0\"><a href=\"https:\/\/www.fheelconcepts.com\/\">Fheel Concepts<\/a> (France), en partenariat avec la <a href=\"https:\/\/sat.qc.ca\/\">Soci\u00e9t\u00e9 des arts technologiques [SAT]<\/a> (Canada)<\/p>\n\n\n\n<div class=\"wp-block-buttons is-content-justification-center is-layout-flex wp-container-core-buttons-is-layout-a89b3969 wp-block-buttons-is-layout-flex\">\n<div class=\"wp-block-button\"><a class=\"wp-block-button__link wp-element-button\" href=\"https:\/\/www.fheelconcepts.com\/\" target=\"_blank\" rel=\"noreferrer noopener\">En savoir plus<\/a><\/div>\n<\/div>\n\n\n\n<div class=\"wp-block-essential-blocks-social  root-eb-social-links-rlt4z\"><div class=\"eb-parent-wrapper eb-parent-eb-social-links-rlt4z \"><div class=\"eb-social-links-rlt4z eb-social-links-wrapper\"><ul class=\"eb-socials\"><li><a class=\"facebook-f-original  \" href=\"https:\/\/www.facebook.com\/fheelconcepts\/\" target=\"_blank\" rel=\"noopener\" aria-label=\"social link\"><i class=\"hvr-icon eb-social-icon fab fa-facebook-f\"><\/i><\/a><\/li><li><a class=\"instagram-original  \" href=\"https:\/\/www.instagram.com\/fheelconcepts\/\" target=\"_blank\" rel=\"noopener\" aria-label=\"social link\"><i class=\"hvr-icon eb-social-icon fab fa-instagram\"><\/i><\/a><\/li><\/ul><\/div><\/div><\/div>\n<\/div>\n<\/div><\/div>\n\n\n\n<div class=\"wp-block-uagb-container uagb-block-eaf71268 alignfull uagb-is-root-container\"><div class=\"uagb-container-inner-blocks-wrap\">\n<div class=\"wp-block-uagb-container uagb-block-002f0020\">\n<div class=\"wp-block-uagb-advanced-heading uagb-block-12eebfaf\"><h3 class=\"uagb-heading-text\">En voiture Simone\u202f!<\/h3><\/div>\n\n\n\n<p style=\"margin-top:0;margin-right:0;margin-bottom:0;margin-left:0;padding-top:0;padding-right:0;padding-bottom:0;padding-left:0\">R\u00e9alisation d&rsquo;un documentaire cam\u00e9ra au poing, \u00e0 la faveur un voyage en auto-stop entre Montr\u00e9al et Paris, traversant l\u2019Atlantique sur un cargo, et questionnant les fondements transnationaux du rejet moderne du f\u00e9minisme.<\/p>\n\n\n\n<p class=\"has-secondary-bg-background-color has-background\" style=\"border-radius:5px;margin-top:0;margin-bottom:0\"><a href=\"https:\/\/www.spira.quebec\/\">COOP Spira<\/a> (Canada), en partenariat avec <a href=\"https:\/\/www.peripherie.asso.fr\/\">P\u00e9riph\u00e9rie Cin\u00e9ma Documentaire<\/a> (France)<\/p>\n\n\n\n<div class=\"wp-block-buttons is-content-justification-center is-layout-flex wp-container-core-buttons-is-layout-a89b3969 wp-block-buttons-is-layout-flex\">\n<div class=\"wp-block-button\"><a class=\"wp-block-button__link wp-element-button\">En savoir plus<\/a><\/div>\n<\/div>\n<\/div>\n\n\n\n<div class=\"wp-block-uagb-container uagb-block-4b66f960\">\n<figure class=\"wp-block-image size-full has-custom-border\"><img loading=\"lazy\" decoding=\"async\" width=\"949\" height=\"534\" src=\"http:\/\/odyssart.org\/wp-content\/uploads\/2025\/08\/simone_2024.png\" alt=\"\" class=\"wp-image-390\" style=\"border-radius:10px\" srcset=\"https:\/\/odyssart.org\/wp-content\/uploads\/2025\/08\/simone_2024.png 949w, https:\/\/odyssart.org\/wp-content\/uploads\/2025\/08\/simone_2024-300x169.png 300w, https:\/\/odyssart.org\/wp-content\/uploads\/2025\/08\/simone_2024-768x432.png 768w, https:\/\/odyssart.org\/wp-content\/uploads\/2025\/08\/simone_2024-18x10.png 18w\" sizes=\"auto, (max-width: 949px) 100vw, 949px\" \/><\/figure>\n<\/div>\n<\/div><\/div>\n\n\n\n<div class=\"wp-block-uagb-container uagb-block-ec1a2362 alignfull uagb-is-root-container\"><div class=\"uagb-container-inner-blocks-wrap\">\n<div class=\"wp-block-uagb-container uagb-block-b6ee51fe\">\n<figure class=\"wp-block-image size-full has-custom-border\"><img loading=\"lazy\" decoding=\"async\" width=\"1245\" height=\"700\" src=\"http:\/\/odyssart.org\/wp-content\/uploads\/2025\/08\/forward-movements-2024.jpeg\" alt=\"\" class=\"wp-image-356\" style=\"border-radius:10px\" srcset=\"https:\/\/odyssart.org\/wp-content\/uploads\/2025\/08\/forward-movements-2024.jpeg 1245w, https:\/\/odyssart.org\/wp-content\/uploads\/2025\/08\/forward-movements-2024-300x169.jpeg 300w, https:\/\/odyssart.org\/wp-content\/uploads\/2025\/08\/forward-movements-2024-1024x576.jpeg 1024w, https:\/\/odyssart.org\/wp-content\/uploads\/2025\/08\/forward-movements-2024-768x432.jpeg 768w, https:\/\/odyssart.org\/wp-content\/uploads\/2025\/08\/forward-movements-2024-18x10.jpeg 18w\" sizes=\"auto, (max-width: 1245px) 100vw, 1245px\" \/><\/figure>\n<\/div>\n\n\n\n<div class=\"wp-block-uagb-container uagb-block-00cc0694\">\n<div class=\"wp-block-uagb-advanced-heading uagb-block-67b1b3a5\"><h3 class=\"uagb-heading-text\">Rencontres chor\u00e9graphiques du Hip Hop<\/h3><\/div>\n\n\n\n<p style=\"margin-top:0;margin-right:0;margin-bottom:0;margin-left:0;padding-top:0;padding-right:0;padding-bottom:0;padding-left:0\"><strong>\u00c9change entre le Festival Kairos (Montr\u00e9al) et les Hip Hop Games (Lille), impliquant des danseurs canadiens et fran\u00e7ais.<\/strong><\/p>\n\n\n\n<p class=\"has-secondary-bg-background-color has-background\" style=\"border-radius:5px;margin-top:0;margin-bottom:0\">Compagnie artistique <a href=\"https:\/\/www.fwdmovements.com\/\">Forward Movements<\/a> (Canada), en partenariat avec <a href=\"https:\/\/ciearttrack.com\/\">Compagnie Art Track<\/a> (France)<\/p>\n\n\n\n<div class=\"wp-block-buttons is-content-justification-center is-layout-flex wp-container-core-buttons-is-layout-a89b3969 wp-block-buttons-is-layout-flex\">\n<div class=\"wp-block-button\"><a class=\"wp-block-button__link wp-element-button\" href=\"https:\/\/www.fwdmovements.com\/fr\">En savoir plus<\/a><\/div>\n<\/div>\n\n\n\n<div class=\"wp-block-essential-blocks-social  root-eb-social-links-r413z\"><div class=\"eb-parent-wrapper eb-parent-eb-social-links-r413z \"><div class=\"eb-social-links-r413z eb-social-links-wrapper\"><ul class=\"eb-socials\"><li><a class=\"facebook-f-original  \" href=\"https:\/\/www.facebook.com\/ForwardMovements\" target=\"_blank\" rel=\"noopener\" aria-label=\"social link\"><i class=\"hvr-icon eb-social-icon fab fa-facebook-f\"><\/i><\/a><\/li><li><a class=\"instagram-original  \" href=\"https:\/\/www.instagram.com\/fwdmovements\/\" target=\"_blank\" rel=\"noopener\" aria-label=\"social link\"><i class=\"hvr-icon eb-social-icon fab fa-instagram\"><\/i><\/a><\/li><li><a class=\"youtube-original  \" href=\"https:\/\/www.youtube.com\/@CompagnieForwardMovements\" target=\"_blank\" rel=\"noopener\" aria-label=\"social link\"><i class=\"hvr-icon eb-social-icon fab fa-youtube\"><\/i><\/a><\/li><li><a class=\"linkedin-in-original  \" href=\"https:\/\/www.linkedin.com\/company\/compagnie-artistique-forward-movements-\/\" target=\"_blank\" rel=\"noopener\" aria-label=\"social link\"><i class=\"hvr-icon eb-social-icon fab fa-linkedin-in\"><\/i><\/a><\/li><\/ul><\/div><\/div><\/div>\n<\/div>\n<\/div><\/div>\n\n\n\n<div class=\"wp-block-uagb-container uagb-block-24001160 alignfull uagb-is-root-container\"><div class=\"uagb-container-inner-blocks-wrap\">\n<div class=\"wp-block-uagb-container uagb-block-822c88bd\">\n<div class=\"wp-block-uagb-advanced-heading uagb-block-a41778b9\"><h3 class=\"uagb-heading-text\">Relation Sylvestre<\/h3><\/div>\n\n\n\n<p style=\"margin-top:0;margin-right:0;margin-bottom:0;margin-left:0;padding-top:0;padding-right:0;padding-bottom:0;padding-left:0\"><strong>Spectacle participatif qui met en sc\u00e8ne la plantation d\u2019un arbre, dans une perspective de sensibilisation \u00e0 l\u2019urgence climatique et \u00e9cologique.<\/strong><\/p>\n\n\n\n<p class=\"has-secondary-bg-background-color has-background\" style=\"border-radius:5px;margin-top:0;margin-bottom:0\"><a href=\"https:\/\/theatrelaruee.wixsite.com\/laruee\">La ru\u00e9e outre-mer<\/a> (France), en partenariat avec <a href=\"https:\/\/montreal.ca\/ville-marie\">Arrondissement Ville-Marie<\/a> (Montr\u00e9al) \u2013 Direction de la culture, des sports et loisirs et du d\u00e9veloppement social (Canada).<\/p>\n\n\n\n<div class=\"wp-block-buttons is-content-justification-center is-layout-flex wp-container-core-buttons-is-layout-a89b3969 wp-block-buttons-is-layout-flex\">\n<div class=\"wp-block-button\"><a class=\"wp-block-button__link wp-element-button\" href=\"https:\/\/theatrelaruee.wixsite.com\/laruee\/relation-sylvestre\" target=\"_blank\" rel=\"noreferrer noopener\">En savoir plus<\/a><\/div>\n<\/div>\n\n\n\n<div class=\"wp-block-essential-blocks-social  root-eb-social-links-twl0o\"><div class=\"eb-parent-wrapper eb-parent-eb-social-links-twl0o \"><div class=\"eb-social-links-twl0o eb-social-links-wrapper\"><ul class=\"eb-socials\"><li><a class=\"instagram-original  \" href=\"https:\/\/www.instagram.com\/lauryhuard.larueeoutremer\/\" target=\"_blank\" rel=\"noopener\" aria-label=\"social link\"><i class=\"hvr-icon eb-social-icon fab fa-instagram\"><\/i><\/a><\/li><\/ul><\/div><\/div><\/div>\n<\/div>\n\n\n\n<div class=\"wp-block-uagb-container uagb-block-898b250f\">\n<figure class=\"wp-block-image size-large has-custom-border\"><img loading=\"lazy\" decoding=\"async\" width=\"1024\" height=\"576\" src=\"http:\/\/odyssart.org\/wp-content\/uploads\/2025\/08\/relation-sylvestre-2024-1024x576.png\" alt=\"\" class=\"wp-image-355\" style=\"border-radius:10px\" srcset=\"https:\/\/odyssart.org\/wp-content\/uploads\/2025\/08\/relation-sylvestre-2024-1024x576.png 1024w, https:\/\/odyssart.org\/wp-content\/uploads\/2025\/08\/relation-sylvestre-2024-300x169.png 300w, https:\/\/odyssart.org\/wp-content\/uploads\/2025\/08\/relation-sylvestre-2024-768x432.png 768w, https:\/\/odyssart.org\/wp-content\/uploads\/2025\/08\/relation-sylvestre-2024-1536x864.png 1536w, https:\/\/odyssart.org\/wp-content\/uploads\/2025\/08\/relation-sylvestre-2024-18x10.png 18w, https:\/\/odyssart.org\/wp-content\/uploads\/2025\/08\/relation-sylvestre-2024.png 1728w\" sizes=\"auto, (max-width: 1024px) 100vw, 1024px\" \/><\/figure>\n<\/div>\n<\/div><\/div>\n\n\n\n<div class=\"wp-block-uagb-container uagb-block-fcc32458 alignfull uagb-is-root-container\"><div class=\"uagb-container-inner-blocks-wrap\">\n<div class=\"wp-block-uagb-container uagb-block-985c6039\">\n<figure class=\"wp-block-image size-full has-custom-border\"><img loading=\"lazy\" decoding=\"async\" width=\"994\" height=\"559\" src=\"http:\/\/odyssart.org\/wp-content\/uploads\/2025\/08\/approsh-2025.jpeg\" alt=\"\" class=\"wp-image-349\" style=\"border-radius:10px\" srcset=\"https:\/\/odyssart.org\/wp-content\/uploads\/2025\/08\/approsh-2025.jpeg 994w, https:\/\/odyssart.org\/wp-content\/uploads\/2025\/08\/approsh-2025-300x169.jpeg 300w, https:\/\/odyssart.org\/wp-content\/uploads\/2025\/08\/approsh-2025-768x432.jpeg 768w, https:\/\/odyssart.org\/wp-content\/uploads\/2025\/08\/approsh-2025-18x10.jpeg 18w\" sizes=\"auto, (max-width: 994px) 100vw, 994px\" \/><\/figure>\n<\/div>\n\n\n\n<div class=\"wp-block-uagb-container uagb-block-5304b7c1\">\n<div class=\"wp-block-uagb-advanced-heading uagb-block-342c06cd\"><h3 class=\"uagb-heading-text\">Le Qu\u00e9bec s\u2019en vient<\/h3><\/div>\n\n\n\n<p style=\"margin-top:0;margin-right:0;margin-bottom:0;margin-left:0;padding-top:0;padding-right:0;padding-bottom:0;padding-left:0\"><strong>Implantation en France d&rsquo;un programme novateur d\u2019intervention musicale et rythmique con\u00e7u pour les personnes confront\u00e9es \u00e0 des difficult\u00e9s relationnelles et d\u2019apprentissage.<\/strong><\/p>\n\n\n\n<p class=\"has-secondary-bg-background-color has-background\" style=\"border-radius:5px;margin-top:0;margin-bottom:0\"><a href=\"https:\/\/appro.sh\/\">APPROSH<\/a> (Canada), en partenariat avec APPROSH (France)<\/p>\n\n\n\n<div class=\"wp-block-buttons is-content-justification-center is-layout-flex wp-container-core-buttons-is-layout-a89b3969 wp-block-buttons-is-layout-flex\">\n<div class=\"wp-block-button\"><a class=\"wp-block-button__link wp-element-button\" href=\"https:\/\/appro.sh\/\">En savoir plus<\/a><\/div>\n<\/div>\n\n\n\n<div class=\"wp-block-essential-blocks-social  root-eb-social-links-k8a13\"><div class=\"eb-parent-wrapper eb-parent-eb-social-links-k8a13 \"><div class=\"eb-social-links-k8a13 eb-social-links-wrapper\"><ul class=\"eb-socials\"><li><a class=\"facebook-f-original  \" href=\"https:\/\/www.facebook.com\/approsh.sdia\/?locale=fr_FR\" target=\"_blank\" rel=\"noopener\" aria-label=\"social link\"><i class=\"hvr-icon eb-social-icon fab fa-facebook-f\"><\/i><\/a><\/li><\/ul><\/div><\/div><\/div>\n<\/div>\n<\/div><\/div>\n\n\n\n<p><\/p>\n","protected":false},"excerpt":{"rendered":"<p>11 projets laur\u00e9ats Pour sa deuxi\u00e8me \u00e9dition, Odyssart a r\u00e9compens\u00e9 11 projets d\u2019une grande diversit\u00e9, choisis pour leur qualit\u00e9 artistique et leur originalit\u00e9. La liste des 11 laur\u00e9ats a \u00e9t\u00e9 [&hellip;]<\/p>\n","protected":false},"author":3,"featured_media":684,"parent":0,"menu_order":0,"comment_status":"closed","ping_status":"closed","template":"","meta":{"_eb_attr":"","_uag_custom_page_level_css":"","advanced_seo_description":"","jetpack_seo_html_title":"","jetpack_seo_noindex":false,"_EventAllDay":false,"_EventTimezone":"","_EventStartDate":"","_EventEndDate":"","_EventStartDateUTC":"","_EventEndDateUTC":"","_EventShowMap":false,"_EventShowMapLink":false,"_EventURL":"","_EventCost":"","_EventCostDescription":"","_EventCurrencySymbol":"","_EventCurrencyCode":"","_EventCurrencyPosition":"","_EventDateTimeSeparator":"","_EventTimeRangeSeparator":"","_EventOrganizerID":[],"_EventVenueID":[],"_OrganizerEmail":"","_OrganizerPhone":"","_OrganizerWebsite":"","_VenueAddress":"","_VenueCity":"","_VenueCountry":"","_VenueProvince":"","_VenueState":"","_VenueZip":"","_VenuePhone":"","_VenueURL":"","_VenueStateProvince":"","_VenueLat":"","_VenueLng":"","_VenueShowMap":false,"_VenueShowMapLink":false,"footnotes":""},"class_list":["post-339","page","type-page","status-publish","has-post-thumbnail","hentry"],"uagb_featured_image_src":{"full":["https:\/\/odyssart.org\/wp-content\/uploads\/2025\/09\/Partage-Odyssart.png",1200,627,false],"thumbnail":["https:\/\/odyssart.org\/wp-content\/uploads\/2025\/09\/Partage-Odyssart-150x150.png",150,150,true],"medium":["https:\/\/odyssart.org\/wp-content\/uploads\/2025\/09\/Partage-Odyssart-300x157.png",300,157,true],"medium_large":["https:\/\/odyssart.org\/wp-content\/uploads\/2025\/09\/Partage-Odyssart-768x401.png",768,401,true],"large":["https:\/\/odyssart.org\/wp-content\/uploads\/2025\/09\/Partage-Odyssart-1024x535.png",1024,535,true],"1536x1536":["https:\/\/odyssart.org\/wp-content\/uploads\/2025\/09\/Partage-Odyssart.png",1200,627,false],"2048x2048":["https:\/\/odyssart.org\/wp-content\/uploads\/2025\/09\/Partage-Odyssart.png",1200,627,false],"trp-custom-language-flag":["https:\/\/odyssart.org\/wp-content\/uploads\/2025\/09\/Partage-Odyssart-18x9.png",18,9,true]},"uagb_author_info":{"display_name":"C\u00e9line Lespagnol","author_link":"https:\/\/odyssart.org\/en\/author\/celine\/"},"uagb_comment_info":0,"uagb_excerpt":"11 projets laur\u00e9ats Pour sa deuxi\u00e8me \u00e9dition, Odyssart a r\u00e9compens\u00e9 11 projets d\u2019une grande diversit\u00e9, choisis pour leur qualit\u00e9 artistique et leur originalit\u00e9. La liste des 11 laur\u00e9ats a \u00e9t\u00e9 [&hellip;]","jetpack_sharing_enabled":true,"jetpack-related-posts":[{"id":397,"url":"https:\/\/odyssart.org\/en\/laureats-odyssart-2023\/","url_meta":{"origin":339,"position":0},"title":"2023 Grant recipients","author":"C\u00e9line Lespagnol","date":"27\/08\/2025","format":false,"excerpt":"8 projets laur\u00e9ats La premi\u00e8re \u00e9dition d'Odyssart a r\u00e9compens\u00e9 8 projets. La liste des laur\u00e9ats a \u00e9t\u00e9 d\u00e9voil\u00e9e le jeudi 21 f\u00e9vrier 2023. MANITOU Adaptation d'un spectacle jeune public m\u00ealant vid\u00e9o-projection, musique \u00e9lectronique et arts du r\u00e9cit, au format full D\u00f4me 360\u00b0. Association Banana Cr\u00e9ations\u00a0(France), en partenariat avec Hubblo (Canada)\u2026","rel":"","context":"Similar post","block_context":{"text":"Similar post","link":""},"img":{"alt_text":"Odyssart 2023","src":"https:\/\/i0.wp.com\/odyssart.org\/wp-content\/uploads\/2025\/09\/ODYSSART_ROUGE_BLEU_-scaled.jpg?resize=350%2C200&ssl=1","width":350,"height":200,"srcset":"https:\/\/i0.wp.com\/odyssart.org\/wp-content\/uploads\/2025\/09\/ODYSSART_ROUGE_BLEU_-scaled.jpg?resize=350%2C200&ssl=1 1x, https:\/\/i0.wp.com\/odyssart.org\/wp-content\/uploads\/2025\/09\/ODYSSART_ROUGE_BLEU_-scaled.jpg?resize=525%2C300&ssl=1 1.5x, https:\/\/i0.wp.com\/odyssart.org\/wp-content\/uploads\/2025\/09\/ODYSSART_ROUGE_BLEU_-scaled.jpg?resize=700%2C400&ssl=1 2x, https:\/\/i0.wp.com\/odyssart.org\/wp-content\/uploads\/2025\/09\/ODYSSART_ROUGE_BLEU_-scaled.jpg?resize=1050%2C600&ssl=1 3x, https:\/\/i0.wp.com\/odyssart.org\/wp-content\/uploads\/2025\/09\/ODYSSART_ROUGE_BLEU_-scaled.jpg?resize=1400%2C800&ssl=1 4x"},"classes":[]},{"id":30,"url":"https:\/\/odyssart.org\/en\/laureats-odyssart-2025\/","url_meta":{"origin":339,"position":1},"title":"2025 Grant recipients","author":"admin3046","date":"18\/08\/2025","format":false,"excerpt":"12 projets laur\u00e9ats La troisi\u00e8me \u00e9dition de l\u2019appel \u00e0 projets Odyssart a rendu son verdict pour l\u2019ann\u00e9e 2025. Douze projets ont \u00e9t\u00e9 s\u00e9lectionn\u00e9s pour leur qualit\u00e9 artistique, leur originalit\u00e9 et leur diversit\u00e9. La liste des laur\u00e9ats a \u00e9t\u00e9 d\u00e9voil\u00e9e le 9 janvier 2025. Ce que je sais de toi R\u00e9sidences\u2026","rel":"","context":"Similar post","block_context":{"text":"Similar post","link":""},"img":{"alt_text":"Odyssart 2025","src":"https:\/\/i0.wp.com\/odyssart.org\/wp-content\/uploads\/2025\/09\/Logo-Odyssart-2025.png?resize=350%2C200&ssl=1","width":350,"height":200,"srcset":"https:\/\/i0.wp.com\/odyssart.org\/wp-content\/uploads\/2025\/09\/Logo-Odyssart-2025.png?resize=350%2C200&ssl=1 1x, https:\/\/i0.wp.com\/odyssart.org\/wp-content\/uploads\/2025\/09\/Logo-Odyssart-2025.png?resize=525%2C300&ssl=1 1.5x, https:\/\/i0.wp.com\/odyssart.org\/wp-content\/uploads\/2025\/09\/Logo-Odyssart-2025.png?resize=700%2C400&ssl=1 2x"},"classes":[]},{"id":737,"url":"https:\/\/odyssart.org\/en\/laureats-2026\/","url_meta":{"origin":339,"position":2},"title":"Laur\u00e9ats 2026","author":"admin3046","date":"16\/12\/2025","format":false,"excerpt":"12 projets laur\u00e9ats La quatri\u00e8me \u00e9dition de l\u2019appel \u00e0 projets Odyssart a rendu son verdict ! Douze projets ont \u00e9t\u00e9 s\u00e9lectionn\u00e9s pour leur qualit\u00e9 artistique, leur originalit\u00e9 et leur diversit\u00e9. La liste des laur\u00e9ats a \u00e9t\u00e9 d\u00e9voil\u00e9e le 16 d\u00e9cembre 2025. Atelier \u00c9cluse (Canada), en partenariat avec l'\u00c9cole Estienne (France)\u2026","rel":"","context":"Similar post","block_context":{"text":"Similar post","link":""},"img":{"alt_text":"Logo Odyssart 2026","src":"https:\/\/i0.wp.com\/odyssart.org\/wp-content\/uploads\/2025\/12\/Logo-Odyssart-2026.png?resize=350%2C200&ssl=1","width":350,"height":200,"srcset":"https:\/\/i0.wp.com\/odyssart.org\/wp-content\/uploads\/2025\/12\/Logo-Odyssart-2026.png?resize=350%2C200&ssl=1 1x, https:\/\/i0.wp.com\/odyssart.org\/wp-content\/uploads\/2025\/12\/Logo-Odyssart-2026.png?resize=525%2C300&ssl=1 1.5x, https:\/\/i0.wp.com\/odyssart.org\/wp-content\/uploads\/2025\/12\/Logo-Odyssart-2026.png?resize=700%2C400&ssl=1 2x"},"classes":[]},{"id":21,"url":"https:\/\/odyssart.org\/en\/soumettre-un-projet\/","url_meta":{"origin":339,"position":3},"title":"Submit a project","author":"admin3046","date":"11\/08\/2025","format":false,"excerpt":"Acting for Climate Change Montr\u00e9al (Canada), en partenariat avec La Maison des Jonglages (France)Atelier Ohisse (Canada), en partenariat avec Hermitage Lab (France)Ensemble \u00c9clat (Canada), en partenariat avec l\u2019IRCAM (France)TAAC \u2013 Terrain d\u2019Action Artistique et Citoyen (France), en partenariat avec La Lumi\u00e8re Collective (Canada)Compagnie Ga\u00efus (France), en partenariat avec La Tohu\u2026","rel":"","context":"Similar post","block_context":{"text":"Similar post","link":""},"img":{"alt_text":"Logo Odyssart 2026","src":"https:\/\/i0.wp.com\/odyssart.org\/wp-content\/uploads\/2025\/09\/Logo-Odyssart-2026.ai_.png?resize=350%2C200&ssl=1","width":350,"height":200,"srcset":"https:\/\/i0.wp.com\/odyssart.org\/wp-content\/uploads\/2025\/09\/Logo-Odyssart-2026.ai_.png?resize=350%2C200&ssl=1 1x, https:\/\/i0.wp.com\/odyssart.org\/wp-content\/uploads\/2025\/09\/Logo-Odyssart-2026.ai_.png?resize=525%2C300&ssl=1 1.5x, https:\/\/i0.wp.com\/odyssart.org\/wp-content\/uploads\/2025\/09\/Logo-Odyssart-2026.ai_.png?resize=700%2C400&ssl=1 2x, https:\/\/i0.wp.com\/odyssart.org\/wp-content\/uploads\/2025\/09\/Logo-Odyssart-2026.ai_.png?resize=1050%2C600&ssl=1 3x, https:\/\/i0.wp.com\/odyssart.org\/wp-content\/uploads\/2025\/09\/Logo-Odyssart-2026.ai_.png?resize=1400%2C800&ssl=1 4x"},"classes":[]},{"id":510,"url":"https:\/\/odyssart.org\/en\/reglement-odyssart-2026\/","url_meta":{"origin":339,"position":4},"title":"Odyssart 2026 Guidelines","author":"C\u00e9line Lespagnol","date":"27\/08\/2025","format":false,"excerpt":"L\u2019Office franco-qu\u00e9b\u00e9cois pour la jeunesse (OFQJ) renouvelle son appel \u00e0 projets Odyssart avec le soutien de la Fondation DRG, programme d\u2019\u00e9changes culturels entre la France et le Canada\/Qu\u00e9bec pour les jeunes artistes et professionnels des arts et de la culture de 18 \u00e0 35 ans. Cet appel \u00e0 projets s\u2019adresse\u2026","rel":"","context":"Similar post","block_context":{"text":"Similar post","link":""},"img":{"alt_text":"","src":"","width":0,"height":0},"classes":[]},{"id":137,"url":"https:\/\/odyssart.org\/en\/faq\/","url_meta":{"origin":339,"position":5},"title":"Frequently Asked Questions","author":"admin3046","date":"21\/08\/2025","format":false,"excerpt":"G\u00e9n\u00e9ral Qu'est-ce que le programme Odyssart ? L\u2019objectif du programme Odyssart est de soutenir les \u00e9changes culturels entre la France et le Canada\/Qu\u00e9bec pour les jeunes de 18 \u00e0 35 ans.\u00a0 Cet appel \u00e0 projets s\u2019adresse aux artistes affili\u00e9s \u00e0 une structure souhaitant r\u00e9aliser un projet professionnel incluant de la\u2026","rel":"","context":"Similar post","block_context":{"text":"Similar post","link":""},"img":{"alt_text":"","src":"https:\/\/i0.wp.com\/img.youtube.com\/vi\/Z-3Mvxh0qBI\/0.jpg?resize=350%2C200","width":350,"height":200},"classes":[]}],"_links":{"self":[{"href":"https:\/\/odyssart.org\/en\/wp-json\/wp\/v2\/pages\/339","targetHints":{"allow":["GET"]}}],"collection":[{"href":"https:\/\/odyssart.org\/en\/wp-json\/wp\/v2\/pages"}],"about":[{"href":"https:\/\/odyssart.org\/en\/wp-json\/wp\/v2\/types\/page"}],"author":[{"embeddable":true,"href":"https:\/\/odyssart.org\/en\/wp-json\/wp\/v2\/users\/3"}],"replies":[{"embeddable":true,"href":"https:\/\/odyssart.org\/en\/wp-json\/wp\/v2\/comments?post=339"}],"version-history":[{"count":14,"href":"https:\/\/odyssart.org\/en\/wp-json\/wp\/v2\/pages\/339\/revisions"}],"predecessor-version":[{"id":581,"href":"https:\/\/odyssart.org\/en\/wp-json\/wp\/v2\/pages\/339\/revisions\/581"}],"wp:featuredmedia":[{"embeddable":true,"href":"https:\/\/odyssart.org\/en\/wp-json\/wp\/v2\/media\/684"}],"wp:attachment":[{"href":"https:\/\/odyssart.org\/en\/wp-json\/wp\/v2\/media?parent=339"}],"curies":[{"name":"wp","href":"https:\/\/api.w.org\/{rel}","templated":true}]}}