{"id":559,"date":"2025-09-02T11:44:58","date_gmt":"2025-09-02T09:44:58","guid":{"rendered":"http:\/\/odyssart.org\/?post_type=tribe_events&#038;p=559"},"modified":"2025-09-02T11:44:58","modified_gmt":"2025-09-02T09:44:58","slug":"spectacle-ce-que-je-sais-de-toi","status":"publish","type":"tribe_events","link":"https:\/\/odyssart.org\/en\/event\/spectacle-ce-que-je-sais-de-toi\/","title":{"rendered":"Spectacle : Ce que je sais de toi"},"content":{"rendered":"<p><strong>Rendez-vous le 29 septembre 2025 \u00e0 19h (heure du Qu\u00e9bec) \u00e0 la Cinqui\u00e8me Salle de Montr\u00e9al, pour une repr\u00e9sentation du spectacle <em>Ce que je sais de toi, <\/em>interpr\u00e9t\u00e9 par Miryam Amrouche, Ga\u00efa Cherrat Naghshi, Ziad Ek, V\u00e9ronika Makdissi-Warren, Adil Mekki, A\u00efda Sabra, Yacine Sif El Islam, Ines Sirine Azaiez, Antoine Yared.<\/strong><\/p>\n<p>Ce spectacle est le fruit d&rsquo;une collaboration entre Th\u00e9\u00e2tre Le Trident (Canada), en partenariat avec Th\u00e9\u00e2tre Duceppe (Canada) et La Colline \u2013 Th\u00e9\u00e2tre national (France) dans le cadre de l&rsquo;appel \u00e0 projets Odyssart 2025.<\/p>\n<blockquote><p>Fable amoureuse bouleversante, Ce que je sais de toi prend vie au Festival international de la Litt\u00e9rature sous la direction d\u2019Olivier Arteau, avec neuf interpr\u00e8tes et la musique visc\u00e9rale de Dalida.<\/p><\/blockquote>\n<p>&nbsp;<\/p>","protected":false},"excerpt":{"rendered":"<p>Rendez-vous le 29 septembre 2025 \u00e0 19h (heure du Qu\u00e9bec) \u00e0 la Cinqui\u00e8me Salle de Montr\u00e9al, pour une repr\u00e9sentation du spectacle Ce que je sais de toi.<\/p>","protected":false},"author":1,"featured_media":560,"template":"","meta":{"_eb_attr":"","_uag_custom_page_level_css":"","advanced_seo_description":"","jetpack_seo_html_title":"","jetpack_seo_noindex":false,"_EventAllDay":false,"_EventTimezone":"Europe\/Paris","_EventStartDate":"2025-09-29 07:00:00","_EventEndDate":"2025-09-29 20:30:00","_EventStartDateUTC":"2025-09-29 05:00:00","_EventEndDateUTC":"2025-09-29 18:30:00","_EventShowMap":true,"_EventShowMapLink":true,"_EventURL":"https:\/\/placedesarts.com\/fr\/salle\/cinquime-salle","_EventCost":"","_EventCostDescription":"","_EventCurrencySymbol":"\u20ac","_EventCurrencyCode":"EUR","_EventCurrencyPosition":"prefix","_EventDateTimeSeparator":"","_EventTimeRangeSeparator":"","_EventOrganizerID":[],"_EventVenueID":[561],"_OrganizerEmail":"","_OrganizerPhone":"","_OrganizerWebsite":"","_VenueAddress":"","_VenueCity":"","_VenueCountry":"","_VenueProvince":"","_VenueState":"","_VenueZip":"","_VenuePhone":"","_VenueURL":"","_VenueStateProvince":"","_VenueLat":"","_VenueLng":"","_VenueShowMap":false,"_VenueShowMapLink":false,"_tribe_events_status":"","_tribe_events_status_reason":"","footnotes":""},"tags":[47,48,49,50],"tribe_events_cat":[38],"class_list":["post-559","tribe_events","type-tribe_events","status-publish","has-post-thumbnail","hentry","tag-ce-que-je-sais-de-toi","tag-eric-chacour","tag-laureat-2025","tag-theatre","tribe_events_cat-evenement-laureat","cat_evenement-laureat"],"uagb_featured_image_src":{"full":["https:\/\/odyssart.org\/wp-content\/uploads\/2025\/09\/FIL_pdaCeQueJeSaisDetoi2400x1035.webp",1920,828,false],"thumbnail":["https:\/\/odyssart.org\/wp-content\/uploads\/2025\/09\/FIL_pdaCeQueJeSaisDetoi2400x1035-150x150.webp",150,150,true],"medium":["https:\/\/odyssart.org\/wp-content\/uploads\/2025\/09\/FIL_pdaCeQueJeSaisDetoi2400x1035-300x129.webp",300,129,true],"medium_large":["https:\/\/odyssart.org\/wp-content\/uploads\/2025\/09\/FIL_pdaCeQueJeSaisDetoi2400x1035-768x331.webp",768,331,true],"large":["https:\/\/odyssart.org\/wp-content\/uploads\/2025\/09\/FIL_pdaCeQueJeSaisDetoi2400x1035-1024x442.webp",1024,442,true],"1536x1536":["https:\/\/odyssart.org\/wp-content\/uploads\/2025\/09\/FIL_pdaCeQueJeSaisDetoi2400x1035-1536x662.webp",1536,662,true],"2048x2048":["https:\/\/odyssart.org\/wp-content\/uploads\/2025\/09\/FIL_pdaCeQueJeSaisDetoi2400x1035.webp",1920,828,false],"trp-custom-language-flag":["https:\/\/odyssart.org\/wp-content\/uploads\/2025\/09\/FIL_pdaCeQueJeSaisDetoi2400x1035-18x8.webp",18,8,true]},"uagb_author_info":{"display_name":"admin3046","author_link":"https:\/\/odyssart.org\/en\/author\/admin3046\/"},"uagb_comment_info":0,"uagb_excerpt":"Rendez-vous le 29 septembre 2025 \u00e0 19h (heure du Qu\u00e9bec) \u00e0 la Cinqui\u00e8me Salle de Montr\u00e9al, pour une repr\u00e9sentation du spectacle Ce que je sais de toi.","jetpack_sharing_enabled":true,"_links":{"self":[{"href":"https:\/\/odyssart.org\/en\/wp-json\/wp\/v2\/tribe_events\/559","targetHints":{"allow":["GET"]}}],"collection":[{"href":"https:\/\/odyssart.org\/en\/wp-json\/wp\/v2\/tribe_events"}],"about":[{"href":"https:\/\/odyssart.org\/en\/wp-json\/wp\/v2\/types\/tribe_events"}],"author":[{"embeddable":true,"href":"https:\/\/odyssart.org\/en\/wp-json\/wp\/v2\/users\/1"}],"version-history":[{"count":1,"href":"https:\/\/odyssart.org\/en\/wp-json\/wp\/v2\/tribe_events\/559\/revisions"}],"predecessor-version":[{"id":562,"href":"https:\/\/odyssart.org\/en\/wp-json\/wp\/v2\/tribe_events\/559\/revisions\/562"}],"wp:featuredmedia":[{"embeddable":true,"href":"https:\/\/odyssart.org\/en\/wp-json\/wp\/v2\/media\/560"}],"wp:attachment":[{"href":"https:\/\/odyssart.org\/en\/wp-json\/wp\/v2\/media?parent=559"}],"wp:term":[{"taxonomy":"post_tag","embeddable":true,"href":"https:\/\/odyssart.org\/en\/wp-json\/wp\/v2\/tags?post=559"},{"taxonomy":"tribe_events_cat","embeddable":true,"href":"https:\/\/odyssart.org\/en\/wp-json\/wp\/v2\/tribe_events_cat?post=559"}],"curies":[{"name":"wp","href":"https:\/\/api.w.org\/{rel}","templated":true}]}}