{"id":832,"date":"2026-01-15T19:57:53","date_gmt":"2026-01-15T18:57:53","guid":{"rendered":"https:\/\/odyssart.org\/?post_type=tribe_events&#038;p=832"},"modified":"2026-01-15T19:57:53","modified_gmt":"2026-01-15T18:57:53","slug":"ensemble-eclat-broken-spaces-semaine-du-neuf","status":"publish","type":"tribe_events","link":"https:\/\/odyssart.org\/en\/event\/ensemble-eclat-broken-spaces-semaine-du-neuf\/","title":{"rendered":"Ensemble \u00c9clat &#8211; Broken Spaces \/ Semaine du neuf"},"content":{"rendered":"<blockquote><p>Broken Spaces est un concert immersif et ininterrompu qui explore l\u2019espace sonore et visuel sous toutes ses formes, en alliant musique \u00e9lectronique et musique mixte, avec des visuels num\u00e9riques cr\u00e9\u00e9s par Myriam Bleau. Une exp\u00e9rience sensorielle intense o\u00f9 se croisent de multiples esth\u00e9tiques dans un dispositif sc\u00e9nique novateur.<\/p><\/blockquote>\n<p>Partenaires: IRCAM, Centre d\u2019exp\u00e9rimentation musicale (CEM), Conseil des Arts du Canada, Conseil des Arts et des Lettres du Qu\u00e9bec, Conseil des Arts de Montr\u00e9al, SACEM, Office Franco-Qu\u00e9b\u00e9cois pour la Jeunesse<\/p>","protected":false},"excerpt":{"rendered":"<p>Assister \u00e0 Broken Spaces, le concert de l&rsquo;Ensemble Eclat, laur\u00e9at du programme Odyssart en partenariat avec l&rsquo;IRCAM.<\/p>","protected":false},"author":1,"featured_media":835,"template":"","meta":{"_eb_attr":"","_uag_custom_page_level_css":"","advanced_seo_description":"","jetpack_seo_html_title":"","jetpack_seo_noindex":false,"_EventAllDay":false,"_EventTimezone":"Europe\/Paris","_EventStartDate":"2026-03-04 19:30:00","_EventEndDate":"2026-03-04 21:30:00","_EventStartDateUTC":"2026-03-04 18:30:00","_EventEndDateUTC":"2026-03-04 20:30:00","_EventShowMap":true,"_EventShowMapLink":true,"_EventURL":"https:\/\/levivier.ca\/fr\/concert\/saison-2025-26\/ensemble-eclat-broken-spaces-semaine-du-neuf","_EventCost":"35","_EventCostDescription":"","_EventCurrencySymbol":"$","_EventCurrencyCode":"DOL","_EventCurrencyPosition":"prefix","_EventDateTimeSeparator":"","_EventTimeRangeSeparator":"","_EventOrganizerID":[],"_EventVenueID":[833],"_OrganizerEmail":"","_OrganizerPhone":"","_OrganizerWebsite":"","_VenueAddress":"","_VenueCity":"","_VenueCountry":"","_VenueProvince":"","_VenueState":"","_VenueZip":"","_VenuePhone":"","_VenueURL":"","_VenueStateProvince":"","_VenueLat":"","_VenueLng":"","_VenueShowMap":false,"_VenueShowMapLink":false,"_tribe_events_status":"","_tribe_events_status_reason":"","footnotes":""},"tags":[71,72,73],"tribe_events_cat":[38],"class_list":["post-832","tribe_events","type-tribe_events","status-publish","has-post-thumbnail","hentry","tag-ensemble-eclat","tag-ircam","tag-laureats-2025","tribe_events_cat-evenement-laureat","cat_evenement-laureat"],"uagb_featured_image_src":{"full":["https:\/\/odyssart.org\/wp-content\/uploads\/2026\/01\/Ensemble-Eclat.jpg",744,484,false],"thumbnail":["https:\/\/odyssart.org\/wp-content\/uploads\/2026\/01\/Ensemble-Eclat-150x150.jpg",150,150,true],"medium":["https:\/\/odyssart.org\/wp-content\/uploads\/2026\/01\/Ensemble-Eclat-300x195.jpg",300,195,true],"medium_large":["https:\/\/odyssart.org\/wp-content\/uploads\/2026\/01\/Ensemble-Eclat.jpg",744,484,false],"large":["https:\/\/odyssart.org\/wp-content\/uploads\/2026\/01\/Ensemble-Eclat.jpg",744,484,false],"1536x1536":["https:\/\/odyssart.org\/wp-content\/uploads\/2026\/01\/Ensemble-Eclat.jpg",744,484,false],"2048x2048":["https:\/\/odyssart.org\/wp-content\/uploads\/2026\/01\/Ensemble-Eclat.jpg",744,484,false],"trp-custom-language-flag":["https:\/\/odyssart.org\/wp-content\/uploads\/2026\/01\/Ensemble-Eclat-18x12.jpg",18,12,true]},"uagb_author_info":{"display_name":"admin3046","author_link":"https:\/\/odyssart.org\/en\/author\/admin3046\/"},"uagb_comment_info":0,"uagb_excerpt":"Assister \u00e0 Broken Spaces, le concert de l'Ensemble Eclat, laur\u00e9at du programme Odyssart en partenariat avec l'IRCAM.","jetpack_sharing_enabled":true,"_links":{"self":[{"href":"https:\/\/odyssart.org\/en\/wp-json\/wp\/v2\/tribe_events\/832","targetHints":{"allow":["GET"]}}],"collection":[{"href":"https:\/\/odyssart.org\/en\/wp-json\/wp\/v2\/tribe_events"}],"about":[{"href":"https:\/\/odyssart.org\/en\/wp-json\/wp\/v2\/types\/tribe_events"}],"author":[{"embeddable":true,"href":"https:\/\/odyssart.org\/en\/wp-json\/wp\/v2\/users\/1"}],"version-history":[{"count":2,"href":"https:\/\/odyssart.org\/en\/wp-json\/wp\/v2\/tribe_events\/832\/revisions"}],"predecessor-version":[{"id":837,"href":"https:\/\/odyssart.org\/en\/wp-json\/wp\/v2\/tribe_events\/832\/revisions\/837"}],"wp:featuredmedia":[{"embeddable":true,"href":"https:\/\/odyssart.org\/en\/wp-json\/wp\/v2\/media\/835"}],"wp:attachment":[{"href":"https:\/\/odyssart.org\/en\/wp-json\/wp\/v2\/media?parent=832"}],"wp:term":[{"taxonomy":"post_tag","embeddable":true,"href":"https:\/\/odyssart.org\/en\/wp-json\/wp\/v2\/tags?post=832"},{"taxonomy":"tribe_events_cat","embeddable":true,"href":"https:\/\/odyssart.org\/en\/wp-json\/wp\/v2\/tribe_events_cat?post=832"}],"curies":[{"name":"wp","href":"https:\/\/api.w.org\/{rel}","templated":true}]}}